{"version":"1.0","provider_name":"Av. Deniz Can K\u0131z\u0131l","provider_url":"https:\/\/denizcankizil.tr\/uk","author_name":"admin","author_url":"https:\/\/denizcankizil.tr\/uk\/author\/admin\/","title":"\u0130skenderun\u2019da Bayram arifesinde \u015eehitlik ziyareti","type":"rich","width":600,"height":338,"html":"<blockquote class=\"wp-embedded-content\" data-secret=\"CAytmMLcid\"><a href=\"https:\/\/denizcankizil.tr\/uk\/haberler\/gundem\/iskenderunda-bayram-arifesinde-sehitlik-ziyareti\/\">\u0130skenderun\u2019da Bayram arifesinde \u015eehitlik ziyareti<\/a><\/blockquote><iframe sandbox=\"allow-scripts\" security=\"restricted\" src=\"https:\/\/denizcankizil.tr\/uk\/haberler\/gundem\/iskenderunda-bayram-arifesinde-sehitlik-ziyareti\/embed\/#?secret=CAytmMLcid\" width=\"600\" height=\"338\" title=\"&#8220;\u0130skenderun\u2019da Bayram arifesinde \u015eehitlik ziyareti&#8221; &#8212; Av. Deniz Can K\u0131z\u0131l\" data-secret=\"CAytmMLcid\" frameborder=\"0\" marginwidth=\"0\" marginheight=\"0\" scrolling=\"no\" class=\"wp-embedded-content\"><\/iframe><script>\n\/*! This file is auto-generated *\/\n!function(d,l){\"use strict\";l.querySelector&&d.addEventListener&&\"undefined\"!=typeof URL&&(d.wp=d.wp||{},d.wp.receiveEmbedMessage||(d.wp.receiveEmbedMessage=function(e){var t=e.data;if((t||t.secret||t.message||t.value)&&!\/[^a-zA-Z0-9]\/.test(t.secret)){for(var s,r,n,a=l.querySelectorAll('iframe[data-secret=\"'+t.secret+'\"]'),o=l.querySelectorAll('blockquote[data-secret=\"'+t.secret+'\"]'),c=new RegExp(\"^https?:$\",\"i\"),i=0;i<o.length;i++)o[i].style.display=\"none\";for(i=0;i<a.length;i++)s=a[i],e.source===s.contentWindow&&(s.removeAttribute(\"style\"),\"height\"===t.message?(1e3<(r=parseInt(t.value,10))?r=1e3:~~r<200&&(r=200),s.height=r):\"link\"===t.message&&(r=new URL(s.getAttribute(\"src\")),n=new URL(t.value),c.test(n.protocol))&&n.host===r.host&&l.activeElement===s&&(d.top.location.href=t.value))}},d.addEventListener(\"message\",d.wp.receiveEmbedMessage,!1),l.addEventListener(\"DOMContentLoaded\",function(){for(var e,t,s=l.querySelectorAll(\"iframe.wp-embedded-content\"),r=0;r<s.length;r++)(t=(e=s[r]).getAttribute(\"data-secret\"))||(t=Math.random().toString(36).substring(2,12),e.src+=\"#?secret=\"+t,e.setAttribute(\"data-secret\",t)),e.contentWindow.postMessage({message:\"ready\",secret:t},\"*\")},!1)))}(window,document);\n\/\/# sourceURL=https:\/\/denizcankizil.tr\/wp-includes\/js\/wp-embed.min.js\n<\/script>","description":"\u0130skenderun&#8217;da, Ramazan Bayram\u0131 arifesinde d\u00fczenlenen Bayram kutlama program\u0131 \u00e7er\u00e7evesinde, protokol \u00fcyeleri, askeri ve sivil erkan, siyasi parti ve STK temsilcileri ile vatanda\u015flar, il\u00e7edeki \u015eehitlikte bir araya geldi. \u0130skenderun Kaymakam\u0131 Muhammet \u00d6nder ve il\u00e7e protokol\u00fc, \u015eehit Aileleri ve Gazi Dernekleri temsilcileri taraf\u0131ndan \u015eehitlikte kar\u015f\u0131land\u0131. T\u00f6rene, Hatay Milletvekilleri Nermin Y\u0131ld\u0131r\u0131m Kara ve Abdulkadir \u00d6zel, Garnizon Komutan\u0131 Tu\u011fgeneral B\u00fclent Tarhan, \u0130skenderun Belediye Ba\u015fkan\u0131 Mehmet D\u00f6nmez, Deniz \u00dcs Komutan\u0131 Deniz Albay Necati Koray Salar, \u0130l\u00e7e Emniyet M\u00fcd\u00fcr\u00fc Nevzat G\u00fcne\u015f, \u0130l\u00e7e M\u00fcft\u00fcs\u00fc Ramazan Avc\u0131, askeri ve sivil erkan ile siyasi parti ve STK temsilcileri kat\u0131ld\u0131. T\u00f6ren, sayg\u0131 duru\u015fu ile ba\u015flad\u0131. Ard\u0131ndan Kuran-\u0131 Kerim tilaveti yap\u0131ld\u0131 ve \u0130skenderun \u0130l\u00e7e M\u00fcft\u00fcs\u00fc Ramazan Avc\u0131, \u015fehitlerin ruhuna dualar okudu. Bayram arifesinde ger\u00e7ekle\u015ftirilen bu anlaml\u0131 ziyaret, \u015fehitlere olan minneti ve sayg\u0131y\u0131 bir kez daha vurgulad\u0131. Kabirleri ba\u015f\u0131nda \u015fehit yak\u0131nlar\u0131yla protokol \u00fcyeleri sohbet etti, \u015fehitlerin kabirlerine \u00e7i\u00e7ekler b\u0131rak\u0131larak, ruhlar\u0131na dualar okudu. \u00a0\u00a0\u00a0\u00a0 \u200bHatay\u2019\u0131n \u0130skenderun il\u00e7esinde Kaymakaml\u0131k Bayram kutlama program\u0131 \u00e7er\u00e7evesinde protokol, askeri ve sivil erkan, siyasi parti, STK temsilcileri ile vatanda\u015flar\u0131n ziyaret ger\u00e7ekle\u015ftirdikleri \u015eehitlikte \u015fehitlerin ruhuna dualar okudu, kabirlerine \u00e7i\u00e7ek b\u0131rak\u0131ld\u0131.\u00a0 \u200bHaberin Al\u0131nt\u0131land\u0131\u011f\u0131 Kaynak: www.iskenderun.org"}