{"version":"1.0","provider_name":"Av. Deniz Can K\u0131z\u0131l","provider_url":"https:\/\/denizcankizil.tr\/uk","author_name":"admin","author_url":"https:\/\/denizcankizil.tr\/uk\/author\/admin\/","title":"\u0130\u015fitme Engelliler Derne\u011fi\u2019nden G\u00fcne\u015f\u2019e plaket\u2026","type":"rich","width":600,"height":338,"html":"<blockquote class=\"wp-embedded-content\" data-secret=\"QykX7jG9J5\"><a href=\"https:\/\/denizcankizil.tr\/uk\/haberler\/gundem\/isitme-engelliler-derneginden-gunese-plaket\/\">\u0130\u015fitme Engelliler Derne\u011fi\u2019nden G\u00fcne\u015f\u2019e plaket\u2026<\/a><\/blockquote><iframe sandbox=\"allow-scripts\" security=\"restricted\" src=\"https:\/\/denizcankizil.tr\/uk\/haberler\/gundem\/isitme-engelliler-derneginden-gunese-plaket\/embed\/#?secret=QykX7jG9J5\" width=\"600\" height=\"338\" title=\"&#8220;\u0130\u015fitme Engelliler Derne\u011fi\u2019nden G\u00fcne\u015f\u2019e plaket\u2026&#8221; &#8212; Av. Deniz Can K\u0131z\u0131l\" data-secret=\"QykX7jG9J5\" frameborder=\"0\" marginwidth=\"0\" marginheight=\"0\" scrolling=\"no\" class=\"wp-embedded-content\"><\/iframe><script>\n\/*! This file is auto-generated *\/\n!function(d,l){\"use strict\";l.querySelector&&d.addEventListener&&\"undefined\"!=typeof URL&&(d.wp=d.wp||{},d.wp.receiveEmbedMessage||(d.wp.receiveEmbedMessage=function(e){var t=e.data;if((t||t.secret||t.message||t.value)&&!\/[^a-zA-Z0-9]\/.test(t.secret)){for(var s,r,n,a=l.querySelectorAll('iframe[data-secret=\"'+t.secret+'\"]'),o=l.querySelectorAll('blockquote[data-secret=\"'+t.secret+'\"]'),c=new RegExp(\"^https?:$\",\"i\"),i=0;i<o.length;i++)o[i].style.display=\"none\";for(i=0;i<a.length;i++)s=a[i],e.source===s.contentWindow&&(s.removeAttribute(\"style\"),\"height\"===t.message?(1e3<(r=parseInt(t.value,10))?r=1e3:~~r<200&&(r=200),s.height=r):\"link\"===t.message&&(r=new URL(s.getAttribute(\"src\")),n=new URL(t.value),c.test(n.protocol))&&n.host===r.host&&l.activeElement===s&&(d.top.location.href=t.value))}},d.addEventListener(\"message\",d.wp.receiveEmbedMessage,!1),l.addEventListener(\"DOMContentLoaded\",function(){for(var e,t,s=l.querySelectorAll(\"iframe.wp-embedded-content\"),r=0;r<s.length;r++)(t=(e=s[r]).getAttribute(\"data-secret\"))||(t=Math.random().toString(36).substring(2,12),e.src+=\"#?secret=\"+t,e.setAttribute(\"data-secret\",t)),e.contentWindow.postMessage({message:\"ready\",secret:t},\"*\")},!1)))}(window,document);\n\/\/# sourceURL=https:\/\/denizcankizil.tr\/wp-includes\/js\/wp-embed.min.js\n<\/script>","description":"Ziyaret s\u0131ras\u0131nda Dernek Ba\u015fkan\u0131 Mehmet \u00c7\u00f6rt\u00fck, Emniyet M\u00fcd\u00fcr\u00fc\u2019ne toplumsal duyarl\u0131l\u0131\u011f\u0131 ve engelli vatanda\u015flara y\u00f6nelik hassasiyetinden \u00f6t\u00fcr\u00fc bir plaket takdim etti. \u00c7\u00f6rt\u00fck, \u201cSay\u0131n Emniyet M\u00fcd\u00fcr\u00fcm\u00fcz, sadece g\u00fcvenli\u011fi sa\u011flamakla kalmay\u0131p, toplumun t\u00fcm kesimleriyle kurdu\u011fu s\u0131cak ve yap\u0131c\u0131 ili\u015fkilerle bizlere her zaman destek oldu. Kendisine derne\u011fimiz ve \u00fcyelerimiz ad\u0131na te\u015fekk\u00fcr ediyoruz.\u201d Emniyet M\u00fcd\u00fcr\u00fc de ziyaretten duydu\u011fu memnuniyeti dile getirerek, engelli bireylerin her zaman yanlar\u0131nda olduklar\u0131n\u0131 ve toplumsal dayan\u0131\u015fman\u0131n \u00f6nemine inand\u0131klar\u0131n\u0131 ifade etti. Ziyaret, kar\u015f\u0131l\u0131kl\u0131 iyi dileklerin iletilmesinin ard\u0131ndan hat\u0131ra foto\u011fraf\u0131 \u00e7ekilmesiyle sona erdi. \u200b\u0130skenderun \u0130\u015fitme Engelliler Derne\u011fi Ba\u015fkan\u0131 Mehmet \u00c7\u00f6rt\u00fck ve dernek y\u00f6netim kurulu \u00fcyelerinden olu\u015fan heyet, \u0130skenderun \u0130l\u00e7e Emniyet M\u00fcd\u00fcr\u00fc\u2019n\u00fc ziyaret ederek, il\u00e7eye sundu\u011fu hizmetler ve engelli bireylere verdi\u011fi desteklerden dolay\u0131 te\u015fekk\u00fcr etti.\u00a0 \u200bHaberin Al\u0131nt\u0131land\u0131\u011f\u0131 Kaynak: www.iskenderun.org"}