{"version":"1.0","provider_name":"Av. Deniz Can K\u0131z\u0131l","provider_url":"https:\/\/denizcankizil.tr\/uk","author_name":"Antalya K\u00f6rfez","author_url":"https:\/\/denizcankizil.tr\/uk\/author\/www-antalyakorfez-com\/","title":"\u0130lber Ortayl\u0131 78'inci ya\u015f\u0131na Mersin'de girdi!","type":"rich","width":600,"height":338,"html":"<blockquote class=\"wp-embedded-content\" data-secret=\"LuWvLDjpMY\"><a href=\"https:\/\/denizcankizil.tr\/uk\/haberler\/gundem\/ilber-ortayli-78inci-yasina-mersinde-girdi\/\">\u0130lber Ortayl\u0131 78&#8217;inci ya\u015f\u0131na Mersin&#8217;de girdi!<\/a><\/blockquote><iframe sandbox=\"allow-scripts\" security=\"restricted\" src=\"https:\/\/denizcankizil.tr\/uk\/haberler\/gundem\/ilber-ortayli-78inci-yasina-mersinde-girdi\/embed\/#?secret=LuWvLDjpMY\" width=\"600\" height=\"338\" title=\"&#8220;\u0130lber Ortayl\u0131 78&#8217;inci ya\u015f\u0131na Mersin&#8217;de girdi!&#8221; &#8212; Av. Deniz Can K\u0131z\u0131l\" data-secret=\"LuWvLDjpMY\" frameborder=\"0\" marginwidth=\"0\" marginheight=\"0\" scrolling=\"no\" class=\"wp-embedded-content\"><\/iframe><script>\n\/*! This file is auto-generated *\/\n!function(d,l){\"use strict\";l.querySelector&&d.addEventListener&&\"undefined\"!=typeof URL&&(d.wp=d.wp||{},d.wp.receiveEmbedMessage||(d.wp.receiveEmbedMessage=function(e){var t=e.data;if((t||t.secret||t.message||t.value)&&!\/[^a-zA-Z0-9]\/.test(t.secret)){for(var s,r,n,a=l.querySelectorAll('iframe[data-secret=\"'+t.secret+'\"]'),o=l.querySelectorAll('blockquote[data-secret=\"'+t.secret+'\"]'),c=new RegExp(\"^https?:$\",\"i\"),i=0;i<o.length;i++)o[i].style.display=\"none\";for(i=0;i<a.length;i++)s=a[i],e.source===s.contentWindow&&(s.removeAttribute(\"style\"),\"height\"===t.message?(1e3<(r=parseInt(t.value,10))?r=1e3:~~r<200&&(r=200),s.height=r):\"link\"===t.message&&(r=new URL(s.getAttribute(\"src\")),n=new URL(t.value),c.test(n.protocol))&&n.host===r.host&&l.activeElement===s&&(d.top.location.href=t.value))}},d.addEventListener(\"message\",d.wp.receiveEmbedMessage,!1),l.addEventListener(\"DOMContentLoaded\",function(){for(var e,t,s=l.querySelectorAll(\"iframe.wp-embedded-content\"),r=0;r<s.length;r++)(t=(e=s[r]).getAttribute(\"data-secret\"))||(t=Math.random().toString(36).substring(2,12),e.src+=\"#?secret=\"+t,e.setAttribute(\"data-secret\",t)),e.contentWindow.postMessage({message:\"ready\",secret:t},\"*\")},!1)))}(window,document);\n\/\/# sourceURL=https:\/\/denizcankizil.tr\/wp-includes\/js\/wp-embed.min.js\n<\/script>","description":"Mersin Giri\u015fimci \u0130\u015fadamlar\u0131 Derne\u011fi (MERS\u0130NG\u0130AD) taraf\u0131ndan bir otelde akademisyen ve yazar Prof. Dr. \u0130lber Ortayl\u0131&#8217;n\u0131n kat\u0131l\u0131m\u0131yla &#8216;Tarihten Gelece\u011fe Notlar&#8217; adl\u0131 seminer d\u00fczenlendi. Daha \u00f6nce duyurusu yap\u0131lan seminer yo\u011fun ilgi g\u00f6rd\u00fc. MERS\u0130NG\u0130AD Ba\u015fkan\u0131 Adem Y\u00fckselg\u00fcng\u00f6r, seminer \u00f6ncesi yapt\u0131\u011f\u0131 konu\u015fmada yeni d\u00f6nem ba\u015fkanl\u0131\u011f\u0131n\u0131 y\u00f6netim kurulu \u00fcyeleriyle devrald\u0131ktan sonra ekonomik, sosyal ve k\u00fclt\u00fcrel temaslar ve ger\u00e7ekle\u015ftirdikleri ziyaretlerle Mersin&#8217;e iz b\u0131rakacak ad\u0131mlar att\u0131klar\u0131n\u0131 s\u00f6yledi. &#8220;GER\u00c7EKLE\u015eT\u0130RD\u0130\u011e\u0130M\u0130Z PROJELERLE HER B\u0130REYE FAYDA SA\u011eLAMAYA GAYRET G\u00d6STERD\u0130K&#8221; MERS\u0130NG\u0130AD&#8217;\u0131n kurulu\u015fundan bu yana 22 y\u0131lda ger\u00e7ekle\u015ftirdi\u011fi projeler ve \u00e7al\u0131\u015fmalar ile Mersin&#8217;in kalk\u0131nmas\u0131na katk\u0131 sa\u011flad\u0131\u011f\u0131n\u0131 ifade eden Y\u00fckselg\u00fcng\u00f6r, &#8220;\u00d6rne\u011fin \u00c7ukurova Havaliman\u0131, Akdeniz Oyunlar\u0131, Mersin-Antalya sahil yolu gibi bir\u00e7ok projede etkin rol ald\u0131k. Mersingiad ailemizin hedefleri do\u011frultusunda daha b\u00fcy\u00fck projelere hep birlikte imza ataca\u011f\u0131m\u0131zdan eminim. Bug\u00fcne kadar birlikte ger\u00e7ekle\u015ftirmi\u015f oldu\u011fumuz projelerde her bireye faydal\u0131 olmaya gayret g\u00f6sterdik. Ve kamuoyundan gelen olumlu tepkiler do\u011fru yolda oldu\u011fumuzu bize g\u00f6sterdi. Birlik ve dayan\u0131\u015fmam\u0131z\u0131n daha nice b\u00fcy\u00fck projelere yans\u0131ca\u011f\u0131ndan \u015f\u00fcphem yoktur&#8221; dedi. 78&#8217;\u0130NC\u0130 YA\u015eINA G\u0130REN ORTAYLI MUM \u00dcFLED\u0130 Y\u00fckselg\u00fcng\u00f6r&#8217;\u00fcn konu\u015fmas\u0131n\u0131n ard\u0131ndan sahneye akademisyen ve yazar Prof. Dr. \u0130lber Ortayl\u0131 geldi. &#8216;Tarihten Gelece\u011fe Notlar&#8217; adl\u0131 seminer i\u00e7in sahnede yerini alan Ortayl\u0131&#8217;ya do\u011fum g\u00fcn\u00fc s\u00fcrprizi yap\u0131ld\u0131. D\u00fcn 78 ya\u015f\u0131na giren Ortayl\u0131&#8217;n\u0131n do\u011fum g\u00fcn\u00fc, bir g\u00fcn gecikmeyle de olsa ya\u015f pasta ile kutland\u0131. Kendisine ikram edilen pastadaki mumlar\u0131 \u00fcfleyen Ortayl\u0131, &hellip;"}