{"version":"1.0","provider_name":"Av. Deniz Can K\u0131z\u0131l","provider_url":"https:\/\/denizcankizil.tr\/uk","author_name":"admin","author_url":"https:\/\/denizcankizil.tr\/uk\/author\/admin\/","title":"\u0130GC Eczac\u0131 Teknisyenleri G\u00fcn\u00fcn\u00fc Kutlad\u0131","type":"rich","width":600,"height":338,"html":"<blockquote class=\"wp-embedded-content\" data-secret=\"8BOhIOrctt\"><a href=\"https:\/\/denizcankizil.tr\/uk\/haberler\/gundem\/igc-eczaci-teknisyenleri-gununu-kutladi\/\">\u0130GC Eczac\u0131 Teknisyenleri G\u00fcn\u00fcn\u00fc Kutlad\u0131<\/a><\/blockquote><iframe sandbox=\"allow-scripts\" security=\"restricted\" src=\"https:\/\/denizcankizil.tr\/uk\/haberler\/gundem\/igc-eczaci-teknisyenleri-gununu-kutladi\/embed\/#?secret=8BOhIOrctt\" width=\"600\" height=\"338\" title=\"&#8220;\u0130GC Eczac\u0131 Teknisyenleri G\u00fcn\u00fcn\u00fc Kutlad\u0131&#8221; &#8212; Av. Deniz Can K\u0131z\u0131l\" data-secret=\"8BOhIOrctt\" frameborder=\"0\" marginwidth=\"0\" marginheight=\"0\" scrolling=\"no\" class=\"wp-embedded-content\"><\/iframe><script>\n\/*! This file is auto-generated *\/\n!function(d,l){\"use strict\";l.querySelector&&d.addEventListener&&\"undefined\"!=typeof URL&&(d.wp=d.wp||{},d.wp.receiveEmbedMessage||(d.wp.receiveEmbedMessage=function(e){var t=e.data;if((t||t.secret||t.message||t.value)&&!\/[^a-zA-Z0-9]\/.test(t.secret)){for(var s,r,n,a=l.querySelectorAll('iframe[data-secret=\"'+t.secret+'\"]'),o=l.querySelectorAll('blockquote[data-secret=\"'+t.secret+'\"]'),c=new RegExp(\"^https?:$\",\"i\"),i=0;i<o.length;i++)o[i].style.display=\"none\";for(i=0;i<a.length;i++)s=a[i],e.source===s.contentWindow&&(s.removeAttribute(\"style\"),\"height\"===t.message?(1e3<(r=parseInt(t.value,10))?r=1e3:~~r<200&&(r=200),s.height=r):\"link\"===t.message&&(r=new URL(s.getAttribute(\"src\")),n=new URL(t.value),c.test(n.protocol))&&n.host===r.host&&l.activeElement===s&&(d.top.location.href=t.value))}},d.addEventListener(\"message\",d.wp.receiveEmbedMessage,!1),l.addEventListener(\"DOMContentLoaded\",function(){for(var e,t,s=l.querySelectorAll(\"iframe.wp-embedded-content\"),r=0;r<s.length;r++)(t=(e=s[r]).getAttribute(\"data-secret\"))||(t=Math.random().toString(36).substring(2,12),e.src+=\"#?secret=\"+t,e.setAttribute(\"data-secret\",t)),e.contentWindow.postMessage({message:\"ready\",secret:t},\"*\")},!1)))}(window,document);\n\/\/# sourceURL=https:\/\/denizcankizil.tr\/wp-includes\/js\/wp-embed.min.js\n<\/script>","description":"Eczac\u0131 teknisyenlerinin, sa\u011fl\u0131k sisteminin \u00e7ok \u00f6nemli bir par\u00e7as\u0131 oldu\u011funu s\u00f6yleyen \u0130GC Ba\u015fkan\u0131 Diyap Atar; \u201cEczac\u0131 teknisyenleri, sa\u011fl\u0131k hizmetlerinin etkin y\u00fcr\u00fct\u00fclmesi ile birlikte hasta memnuniyetinin sa\u011flanmas\u0131nda da kritik rol oynuyor. Bu nedenle yapt\u0131\u011f\u0131n\u0131z i\u015f b\u00fcy\u00fck \u00f6nem ta\u015f\u0131yor. Dernek olarak verdi\u011finiz hizmetlerin yan\u0131 s\u0131ra yapt\u0131\u011f\u0131n\u0131z sosyal sorumluluk projeleriniz ile de tabela derne\u011fi olmad\u0131\u011f\u0131n\u0131z\u0131 her f\u0131rsatta bir kez daha g\u00f6steriyorsunuz. Bu vesile ile ba\u015far\u0131l\u0131 \u00e7al\u0131\u015fmalar\u0131n\u0131z\u0131n devam\u0131n\u0131 diliyorum\u201d diye konu\u015ftu. Ger\u00e7ekle\u015ftirilen ziyaretten \u00f6t\u00fcr\u00fc duydu\u011fu memnuniyeti dile getiren \u0130skenderun Eczane Teknisyenler Derne\u011fi Ba\u015fkan\u0131 ve Akdeniz Federasyon Ba\u015fkan\u0131 Cemal \u00c7elik \u00a0\u201cBirbirinden de\u011ferli gazeteci dostlar\u0131m\u0131z\u0131 a\u011f\u0131rlamaktan mutluluk duyuyoruz. Bu dostluk bize g\u00fc\u00e7 veriyor iyi ki vars\u0131n\u0131z\u201d dedi. Yedi y\u0131ld\u0131r kutlanmakta olan Eczane Teknisyenleri ve Teknikerleri G\u00fcn\u00fc\u2019nde bu y\u0131l yo\u011fun kat\u0131l\u0131mla An\u0131tkabir\u2019de Ata\u2019n\u0131n huzuruna \u00e7\u0131kt\u0131klar\u0131n\u0131 da ifade eden Ba\u015fkan \u00c7elik; \u201cHer y\u0131l co\u015fkuyla kutlad\u0131\u011f\u0131m\u0131z Eczane Teknisyenleri G\u00fcn\u00fcn\u00fc bu y\u0131l konfederasyon, federasyon ve derneklerimizin ortak karar\u0131yla; An\u0131tkabir\u2019de, Atam\u0131z\u0131n huzurunda ger\u00e7ekle\u015ftirdik. Muhte\u015fem bir kat\u0131l\u0131m ve co\u015fkulu bir atmosferle bu anlaml\u0131 g\u00fcn\u00fc ta\u00e7land\u0131rd\u0131k. Harika bir kutlama oldu, Ankara&#8217;da gala gecesi de yap\u0131ld\u0131\u201d de\u011ferlendirmesinde bulundu. \u0130skenderun Eczane Teknisyenler Derne\u011fi Onursal Ba\u015fkan\u0131 Genel Cerrahi Uzman\u0131 Opr. Dr. Y\u0131lmaz \u015eahuto\u011flu\u2019da ziyarette bulunarak\u00a0 \u00c7elik ve y\u00f6netiminin g\u00fcnlerini kutlad\u0131. \u00a0\u015eahuto\u011flu, \u201cDernek olarak herkesi kucakl\u0131yorsunuz, her zaman sahada aktif rol al\u0131yorsunuz. Yapt\u0131\u011f\u0131n\u0131z \u00e7al\u0131\u015fmalar\u0131 ve hayata ge\u00e7irdi\u011finiz projeleri &hellip;"}