{"version":"1.0","provider_name":"Av. Deniz Can K\u0131z\u0131l","provider_url":"https:\/\/denizcankizil.tr\/uk","author_name":"admin","author_url":"https:\/\/denizcankizil.tr\/uk\/author\/admin\/","title":"Hatay'da Berberler yeni fiyat tarifesini bekliyor...","type":"rich","width":600,"height":338,"html":"<blockquote class=\"wp-embedded-content\" data-secret=\"66jNknF5f1\"><a href=\"https:\/\/denizcankizil.tr\/uk\/haberler\/gundem\/hatayda-berberler-yeni-fiyat-tarifesini-bekliyor\/\">Hatay&#8217;da Berberler yeni fiyat tarifesini bekliyor&#8230;<\/a><\/blockquote><iframe sandbox=\"allow-scripts\" security=\"restricted\" src=\"https:\/\/denizcankizil.tr\/uk\/haberler\/gundem\/hatayda-berberler-yeni-fiyat-tarifesini-bekliyor\/embed\/#?secret=66jNknF5f1\" width=\"600\" height=\"338\" title=\"&#8220;Hatay&#8217;da Berberler yeni fiyat tarifesini bekliyor&#8230;&#8221; &#8212; Av. Deniz Can K\u0131z\u0131l\" data-secret=\"66jNknF5f1\" frameborder=\"0\" marginwidth=\"0\" marginheight=\"0\" scrolling=\"no\" class=\"wp-embedded-content\"><\/iframe><script>\n\/*! This file is auto-generated *\/\n!function(d,l){\"use strict\";l.querySelector&&d.addEventListener&&\"undefined\"!=typeof URL&&(d.wp=d.wp||{},d.wp.receiveEmbedMessage||(d.wp.receiveEmbedMessage=function(e){var t=e.data;if((t||t.secret||t.message||t.value)&&!\/[^a-zA-Z0-9]\/.test(t.secret)){for(var s,r,n,a=l.querySelectorAll('iframe[data-secret=\"'+t.secret+'\"]'),o=l.querySelectorAll('blockquote[data-secret=\"'+t.secret+'\"]'),c=new RegExp(\"^https?:$\",\"i\"),i=0;i<o.length;i++)o[i].style.display=\"none\";for(i=0;i<a.length;i++)s=a[i],e.source===s.contentWindow&&(s.removeAttribute(\"style\"),\"height\"===t.message?(1e3<(r=parseInt(t.value,10))?r=1e3:~~r<200&&(r=200),s.height=r):\"link\"===t.message&&(r=new URL(s.getAttribute(\"src\")),n=new URL(t.value),c.test(n.protocol))&&n.host===r.host&&l.activeElement===s&&(d.top.location.href=t.value))}},d.addEventListener(\"message\",d.wp.receiveEmbedMessage,!1),l.addEventListener(\"DOMContentLoaded\",function(){for(var e,t,s=l.querySelectorAll(\"iframe.wp-embedded-content\"),r=0;r<s.length;r++)(t=(e=s[r]).getAttribute(\"data-secret\"))||(t=Math.random().toString(36).substring(2,12),e.src+=\"#?secret=\"+t,e.setAttribute(\"data-secret\",t)),e.contentWindow.postMessage({message:\"ready\",secret:t},\"*\")},!1)))}(window,document);\n\/\/# sourceURL=https:\/\/denizcankizil.tr\/wp-includes\/js\/wp-embed.min.js\n<\/script>","description":"Esnaf\u0131n y\u0131lda bir kez tarife g\u00fcncelleme hakk\u0131na sahip oldu\u011funu belirten Ba\u015fkan Nurettin Taba\u015f, 2024 y\u0131l\u0131 i\u00e7in g\u00fcncel tarife tekliflerini Hatay Esnaf ve Sanatk\u00e2rlar Odalar\u0131 Birli\u011fi\u2019ne sunduklar\u0131n\u0131 a\u00e7\u0131klad\u0131. Fiyat g\u00fcncellemesiyle ilgili s\u00fcre\u00e7 hakk\u0131nda bilgiler payla\u015fan Ba\u015fkan Taba\u015f \u201cY\u0131lda bir kez tarife alma hakk\u0131m\u0131z var. \u015eu an yeni tarife d\u00f6nemi i\u00e7in m\u00fcracaat\u0131m\u0131z\u0131 yapt\u0131k. Ancak zam oranlar\u0131 bizim taraf\u0131m\u0131zdan belirlenmiyor. Biz sadece \u00f6nerimizi sunuyoruz. Antakya, Samanda\u011f ve Defne il\u00e7elerinden gelen tekliflerin de\u011ferlendirilmesinin ard\u0131ndan, birlik y\u00f6netimi taraf\u0131ndan onaylan\u0131yor ve bize ula\u015ft\u0131r\u0131l\u0131yor. Daha sonra esnaf\u0131m\u0131za bilgi verip tarifeyi da\u011f\u0131t\u0131yoruz\u201d dedi. \u201cARTAN MAL\u0130YETLER ZORUNLU HALE GET\u0130R\u0130YOR\u201d Artan maliyetlerin tarifelere zam yap\u0131lmas\u0131n\u0131 ka\u00e7\u0131n\u0131lmaz hale getirdi\u011fini vurgulayan Taba\u015f \u201cHer g\u00fcn bir\u00e7ok \u00fcr\u00fcne zam geliyor. Ald\u0131\u011f\u0131m\u0131z malzemeler u\u00e7uk rakamlara ula\u015ft\u0131. \u00d6rne\u011fin, benzine gelen zam do\u011frudan kulland\u0131\u011f\u0131m\u0131z malzemelere de yans\u0131yor. Bug\u00fcn 1 liraya ald\u0131\u011f\u0131m\u0131z bir \u00fcr\u00fcn\u00fc ertesi g\u00fcn 2 liraya al\u0131yoruz. D\u00fckkan kiralar\u0131 ve Ba\u011f-Kur primleri gibi giderler de katlanarak art\u0131yor. En d\u00fc\u015f\u00fck d\u00fckkan kiras\u0131 10-15 bin lira seviyesine ula\u015ft\u0131, Ba\u011f-Kur primleri ise ayl\u0131k 8-9 bin liray\u0131 buldu. Bu ko\u015fullarda, esnaf\u0131m\u0131z\u0131n hayatta kalabilmesi i\u00e7in zam yapmak zorunlu hale geliyor\u201d diye konu\u015ftu. \u201cTEKL\u0130F ED\u0130LEN TAR\u0130FE MAKUL SEV\u0130YELERDE\u201d \u00d6nerilen yeni tarifelerin mevcut ekonomik ko\u015fullar\u0131 g\u00f6z \u00f6n\u00fcnde bulundurarak haz\u0131rland\u0131\u011f\u0131n\u0131 ifade eden Oda Ba\u015fkan\u0131 Nurettin Taba\u015f \u201c\u015eu anda \u0130skenderun\u2019da 1. s\u0131n\u0131f bir sa\u00e7 ve &hellip;"}