{"version":"1.0","provider_name":"Av. Deniz Can K\u0131z\u0131l","provider_url":"https:\/\/denizcankizil.tr\/uk","author_name":"admin","author_url":"https:\/\/denizcankizil.tr\/uk\/author\/admin\/","title":"Hamzadere'de 30 y\u0131ll\u0131k susuzluk bekleyi\u015fi s\u00fcr\u00fcyor!","type":"rich","width":600,"height":338,"html":"<blockquote class=\"wp-embedded-content\" data-secret=\"obKawjvPRi\"><a href=\"https:\/\/denizcankizil.tr\/uk\/haberler\/gundem\/hamzaderede-30-yillik-susuzluk-bekleyisi-suruyor\/\">Hamzadere&#8217;de 30 y\u0131ll\u0131k susuzluk bekleyi\u015fi s\u00fcr\u00fcyor!<\/a><\/blockquote><iframe sandbox=\"allow-scripts\" security=\"restricted\" src=\"https:\/\/denizcankizil.tr\/uk\/haberler\/gundem\/hamzaderede-30-yillik-susuzluk-bekleyisi-suruyor\/embed\/#?secret=obKawjvPRi\" width=\"600\" height=\"338\" title=\"&#8220;Hamzadere&#8217;de 30 y\u0131ll\u0131k susuzluk bekleyi\u015fi s\u00fcr\u00fcyor!&#8221; &#8212; Av. Deniz Can K\u0131z\u0131l\" data-secret=\"obKawjvPRi\" frameborder=\"0\" marginwidth=\"0\" marginheight=\"0\" scrolling=\"no\" class=\"wp-embedded-content\"><\/iframe><script>\n\/*! This file is auto-generated *\/\n!function(d,l){\"use strict\";l.querySelector&&d.addEventListener&&\"undefined\"!=typeof URL&&(d.wp=d.wp||{},d.wp.receiveEmbedMessage||(d.wp.receiveEmbedMessage=function(e){var t=e.data;if((t||t.secret||t.message||t.value)&&!\/[^a-zA-Z0-9]\/.test(t.secret)){for(var s,r,n,a=l.querySelectorAll('iframe[data-secret=\"'+t.secret+'\"]'),o=l.querySelectorAll('blockquote[data-secret=\"'+t.secret+'\"]'),c=new RegExp(\"^https?:$\",\"i\"),i=0;i<o.length;i++)o[i].style.display=\"none\";for(i=0;i<a.length;i++)s=a[i],e.source===s.contentWindow&&(s.removeAttribute(\"style\"),\"height\"===t.message?(1e3<(r=parseInt(t.value,10))?r=1e3:~~r<200&&(r=200),s.height=r):\"link\"===t.message&&(r=new URL(s.getAttribute(\"src\")),n=new URL(t.value),c.test(n.protocol))&&n.host===r.host&&l.activeElement===s&&(d.top.location.href=t.value))}},d.addEventListener(\"message\",d.wp.receiveEmbedMessage,!1),l.addEventListener(\"DOMContentLoaded\",function(){for(var e,t,s=l.querySelectorAll(\"iframe.wp-embedded-content\"),r=0;r<s.length;r++)(t=(e=s[r]).getAttribute(\"data-secret\"))||(t=Math.random().toString(36).substring(2,12),e.src+=\"#?secret=\"+t,e.setAttribute(\"data-secret\",t)),e.contentWindow.postMessage({message:\"ready\",secret:t},\"*\")},!1)))}(window,document);\n\/\/# sourceURL=https:\/\/denizcankizil.tr\/wp-includes\/js\/wp-embed.min.js\n<\/script>","description":"DS\u0130 Emekli B\u00f6lge M\u00fcd\u00fcr Yard\u0131mc\u0131s\u0131 H\u00fcseyin Erkin, Hamzadere Sulama Projesi\u2019nde yama\u00e7 arazilerin h\u00e2l\u00e2 sulanamad\u0131\u011f\u0131n\u0131 belirterek, enerji maliyetlerine \u00e7\u00f6z\u00fcm ve tar\u0131msal \u00fcretim planlamas\u0131 i\u00e7in acil ad\u0131m \u00e7a\u011fr\u0131s\u0131nda bulundu.Erdo\u011fan DEM\u0130R \/ ED\u0130RNE (\u0130GFA) &#8211; Ke\u015fan-Enez hatt\u0131ndaki Hamzadere Sulama Projesi, 1994\u2019te temeli at\u0131ld\u0131\u011f\u0131ndan beri yama\u00e7 arazileri suya kavu\u015fturamad\u0131. DS\u0130 Emekli B\u00f6lge M\u00fcd\u00fcr Yard\u0131mc\u0131s\u0131 H\u00fcseyin Erkin, projenin y\u00fczde 60\u2019\u0131n\u0131 olu\u015fturan 140 bin dekarl\u0131k yama\u00e7 arazilerinin susuzlu\u011funun devam etti\u011fini, bu durumun \u00e7ift\u00e7ileri ma\u011fdur etti\u011fini ifade etti. YAMA\u00c7 ARAZ\u0130LER SUYA ULA\u015eAMIYOR \u0130zzetiye, Si\u011filli, K\u0131l\u0131\u00e7k\u00f6y, Karahisar, Orhaniye, Bara\u011f\u0131, Akhoca ile Boztepe, Ak\u00e7e\u015fme, Yenice\u00e7iftlik, T\u00fcrkmen, Yap\u0131ldak, G\u00fcnd\u00fczler ve Kocah\u0131d\u0131r k\u00f6ylerinin yama\u00e7 arazileri, sulama sahas\u0131n\u0131n b\u00fcy\u00fck k\u0131sm\u0131n\u0131 olu\u015fturmas\u0131na ra\u011fmen h\u00e2l\u00e2 susuz oldu\u011funu belirten Erkin, &#8220;\u015eu an sadece 100 bin dekarl\u0131k taban arazi sulanabiliyor. 60 bin dekarl\u0131k yama\u00e7 arazisine bu y\u0131l su verilmesi planlan\u0131rken, kalan 80 bin dekar i\u00e7in bir-iki y\u0131l daha beklenmesi \u00f6ng\u00f6r\u00fcl\u00fcyor. Projenin ba\u015flang\u0131c\u0131nda \u00e7eltik d\u0131\u015f\u0131 \u00fcr\u00fcnlerin te\u015fviki hedeflenmi\u015f, ancak sadece taban arazilerde \u00e7eltik \u00fcretimi yap\u0131labiliyor. Ay\u00e7i\u00e7e\u011fi, fasulye, so\u011fan ve yem bitkileri gibi daha az su isteyen \u00fcr\u00fcnler, artan enerji maliyetleri nedeniyle sulanam\u0131yor&#8221; dedi. ENERJ\u0130 MAL\u0130YETLER\u0130 TARIMI TEHD\u0130T ED\u0130YOR M\u00fcd\u00fcr Yard\u0131mc\u0131s\u0131 Erkin, sulama i\u00e7in kullan\u0131lan elektri\u011fin en az y\u00fczde 50\u2019sinin devlet taraf\u0131ndan s\u00fcbvanse edilmesi gerekti\u011fini vurgulad\u0131. Ayr\u0131ca, pompa istasyonlar\u0131n\u0131n enerji ihtiyac\u0131n\u0131n g\u00fcne\u015f ve r\u00fczgar enerjisiyle kar\u015f\u0131lanmas\u0131 \u00f6nerisinde bulunan &hellip;"}