{"version":"1.0","provider_name":"Av. Deniz Can K\u0131z\u0131l","provider_url":"https:\/\/denizcankizil.tr\/uk","author_name":"Av. Deniz Can K\u0131z\u0131l","author_url":"https:\/\/denizcankizil.tr\/uk","title":"Gen\u00e7lerden yeni y\u0131la unutulmaz kar\u015f\u0131lama!","type":"rich","width":600,"height":338,"html":"<blockquote class=\"wp-embedded-content\" data-secret=\"PZ4meQEnDM\"><a href=\"https:\/\/denizcankizil.tr\/uk\/haberler\/gundem\/genclerden-yeni-yila-unutulmaz-karsilama\/\">Gen\u00e7lerden yeni y\u0131la unutulmaz kar\u015f\u0131lama!<\/a><\/blockquote><iframe sandbox=\"allow-scripts\" security=\"restricted\" src=\"https:\/\/denizcankizil.tr\/uk\/haberler\/gundem\/genclerden-yeni-yila-unutulmaz-karsilama\/embed\/#?secret=PZ4meQEnDM\" width=\"600\" height=\"338\" title=\"&#8220;Gen\u00e7lerden yeni y\u0131la unutulmaz kar\u015f\u0131lama!&#8221; &#8212; Av. Deniz Can K\u0131z\u0131l\" data-secret=\"PZ4meQEnDM\" frameborder=\"0\" marginwidth=\"0\" marginheight=\"0\" scrolling=\"no\" class=\"wp-embedded-content\"><\/iframe><script>\n\/*! This file is auto-generated *\/\n!function(d,l){\"use strict\";l.querySelector&&d.addEventListener&&\"undefined\"!=typeof URL&&(d.wp=d.wp||{},d.wp.receiveEmbedMessage||(d.wp.receiveEmbedMessage=function(e){var t=e.data;if((t||t.secret||t.message||t.value)&&!\/[^a-zA-Z0-9]\/.test(t.secret)){for(var s,r,n,a=l.querySelectorAll('iframe[data-secret=\"'+t.secret+'\"]'),o=l.querySelectorAll('blockquote[data-secret=\"'+t.secret+'\"]'),c=new RegExp(\"^https?:$\",\"i\"),i=0;i<o.length;i++)o[i].style.display=\"none\";for(i=0;i<a.length;i++)s=a[i],e.source===s.contentWindow&&(s.removeAttribute(\"style\"),\"height\"===t.message?(1e3<(r=parseInt(t.value,10))?r=1e3:~~r<200&&(r=200),s.height=r):\"link\"===t.message&&(r=new URL(s.getAttribute(\"src\")),n=new URL(t.value),c.test(n.protocol))&&n.host===r.host&&l.activeElement===s&&(d.top.location.href=t.value))}},d.addEventListener(\"message\",d.wp.receiveEmbedMessage,!1),l.addEventListener(\"DOMContentLoaded\",function(){for(var e,t,s=l.querySelectorAll(\"iframe.wp-embedded-content\"),r=0;r<s.length;r++)(t=(e=s[r]).getAttribute(\"data-secret\"))||(t=Math.random().toString(36).substring(2,12),e.src+=\"#?secret=\"+t,e.setAttribute(\"data-secret\",t)),e.contentWindow.postMessage({message:\"ready\",secret:t},\"*\")},!1)))}(window,document);\n\/\/# sourceURL=https:\/\/denizcankizil.tr\/wp-includes\/js\/wp-embed.min.js\n<\/script>","description":"Dernek Binas\u0131nda d\u00fczenlenen etkinlik, Demet \u00d6zal\u2019\u0131n etkileyici kukla g\u00f6sterisiyle ba\u015flad\u0131. Ard\u0131ndan, y\u00fcz boyamalar yap\u0131ld\u0131 ve \u00e7ocuklar\u0131n co\u015fkuyla dans etti\u011fi \u201cErik Dal\u0131\u201d performans\u0131 etkinli\u011fe damga vurdu. \u00c7\u0131lem, \u00c7\u0131nar ve Emre\u2019nin sergiledi\u011fi \u00f6zel performanslar ise izleyicilerden tam not ald\u0131. DERNEK BA\u015eKANI \u00c7AKMAKLI\u2019DAN MESAJ Etkinlikte bir konu\u015fma yapan Dernek Ba\u015fkan\u0131 Zeynep \u00c7akmakl\u0131, hem duygusal hem de umut dolu mesaj payla\u015farak \u201c\u00c7ocuklar\u0131m\u0131z\u0131n y\u00fczlerindeki mutluluk, b\u00fct\u00fcn yorgunlu\u011fumuzu unutturuyor. Yeni y\u0131lda daha b\u00fcy\u00fck projelerle daha fazla \u00e7ocu\u011fa ula\u015fmay\u0131 hedefliyoruz. Bug\u00fcn burada 50 \u00e7ocu\u011fa ve ailesine ayakkab\u0131, bot ve yeni y\u0131l sepetleri ula\u015ft\u0131rman\u0131n gururunu ya\u015f\u0131yoruz. T\u00fcm hay\u0131rseverlerimize sonsuz te\u015fekk\u00fcrler\u201d dedi. YEN\u0130 YILA UMUTLA G\u0130RD\u0130LER \u0130skenderun \u00c7ocuk ve Gen\u00e7leri Destekleme Derne\u011fi, yeni y\u0131la sosyal sorumluluk projeleriyle damga vurdu. B\u00f6lge \u00e7ocuklar\u0131na ne\u015fe, umut ve sevgi a\u015f\u0131layan bu etkinlik, toplumsal dayan\u0131\u015fman\u0131n \u00f6rnek bir modeli olarak alk\u0131\u015f toplad\u0131. 2025 y\u0131l\u0131n\u0131n bar\u0131\u015f, mutluluk ve bereket getirmesi dilekleriyle sona eren bu unutulmaz kutlama, \u00e7ocuklar\u0131n g\u00fcl\u00fcmsemeleriyle \u015fehri ayd\u0131nlatmay\u0131 ba\u015fard\u0131. \u200b\u0130skenderun \u00c7ocuk ve Gen\u00e7leri Destekleme Derne\u011fi, 2024 y\u0131l\u0131na veda etmeye saatler kala \u00e7ocuklar ve g\u00f6n\u00fcll\u00fcler i\u00e7in unutulmaz bir yeni y\u0131l\u0131 kar\u015f\u0131lama ve kutlama etkinli\u011fi ger\u00e7ekle\u015ftirdi.\u00a0 \u200bHaberin Al\u0131nt\u0131land\u0131\u011f\u0131 Kaynak: www.iskenderun.org"}