{"version":"1.0","provider_name":"Av. Deniz Can K\u0131z\u0131l","provider_url":"https:\/\/denizcankizil.tr\/uk","author_name":"admin","author_url":"https:\/\/denizcankizil.tr\/uk\/author\/admin\/","title":"Gen\u00e7ler, Sakarya\u2019y\u0131 B\u00fcy\u00fck\u015fehir'le ke\u015ffetti","type":"rich","width":600,"height":338,"html":"<blockquote class=\"wp-embedded-content\" data-secret=\"SqFyJtgLcg\"><a href=\"https:\/\/denizcankizil.tr\/uk\/haberler\/gundem\/gencler-sakaryayi-buyuksehirle-kesfetti\/\">Gen\u00e7ler, Sakarya\u2019y\u0131 B\u00fcy\u00fck\u015fehir&#8217;le ke\u015ffetti<\/a><\/blockquote><iframe sandbox=\"allow-scripts\" security=\"restricted\" src=\"https:\/\/denizcankizil.tr\/uk\/haberler\/gundem\/gencler-sakaryayi-buyuksehirle-kesfetti\/embed\/#?secret=SqFyJtgLcg\" width=\"600\" height=\"338\" title=\"&#8220;Gen\u00e7ler, Sakarya\u2019y\u0131 B\u00fcy\u00fck\u015fehir&#8217;le ke\u015ffetti&#8221; &#8212; Av. Deniz Can K\u0131z\u0131l\" data-secret=\"SqFyJtgLcg\" frameborder=\"0\" marginwidth=\"0\" marginheight=\"0\" scrolling=\"no\" class=\"wp-embedded-content\"><\/iframe><script>\n\/*! This file is auto-generated *\/\n!function(d,l){\"use strict\";l.querySelector&&d.addEventListener&&\"undefined\"!=typeof URL&&(d.wp=d.wp||{},d.wp.receiveEmbedMessage||(d.wp.receiveEmbedMessage=function(e){var t=e.data;if((t||t.secret||t.message||t.value)&&!\/[^a-zA-Z0-9]\/.test(t.secret)){for(var s,r,n,a=l.querySelectorAll('iframe[data-secret=\"'+t.secret+'\"]'),o=l.querySelectorAll('blockquote[data-secret=\"'+t.secret+'\"]'),c=new RegExp(\"^https?:$\",\"i\"),i=0;i<o.length;i++)o[i].style.display=\"none\";for(i=0;i<a.length;i++)s=a[i],e.source===s.contentWindow&&(s.removeAttribute(\"style\"),\"height\"===t.message?(1e3<(r=parseInt(t.value,10))?r=1e3:~~r<200&&(r=200),s.height=r):\"link\"===t.message&&(r=new URL(s.getAttribute(\"src\")),n=new URL(t.value),c.test(n.protocol))&&n.host===r.host&&l.activeElement===s&&(d.top.location.href=t.value))}},d.addEventListener(\"message\",d.wp.receiveEmbedMessage,!1),l.addEventListener(\"DOMContentLoaded\",function(){for(var e,t,s=l.querySelectorAll(\"iframe.wp-embedded-content\"),r=0;r<s.length;r++)(t=(e=s[r]).getAttribute(\"data-secret\"))||(t=Math.random().toString(36).substring(2,12),e.src+=\"#?secret=\"+t,e.setAttribute(\"data-secret\",t)),e.contentWindow.postMessage({message:\"ready\",secret:t},\"*\")},!1)))}(window,document);\n\/\/# sourceURL=https:\/\/denizcankizil.tr\/wp-includes\/js\/wp-embed.min.js\n<\/script>","description":"Sakarya B\u00fcy\u00fck\u015fehir Belediyesi, turizm gezileri kapsam\u0131nda a\u011f\u0131rlad\u0131\u011f\u0131 T\u00fcrkiye\u2019nin d\u00f6rt bir yan\u0131ndan \u015fehre gelen SA\u00dc T\u00d6MER (T\u00fcrk Dili \u00d6\u011fretimi Uygulama ve Ara\u015ft\u0131rma Merkezi) \u00f6\u011frencilerini Sakarya\u2019n\u0131n tarihi, turizmi ve do\u011fal cennetinde yolculu\u011fa \u00e7\u0131kard\u0131.SAKARYA (\u0130GFA) &#8211;\u00a0Sakarya B\u00fcy\u00fck\u015fehir Belediyesi taraf\u0131ndan \u00f6\u011frencilere y\u00f6nelik d\u00fczenlenen turizm gezileri yo\u011fun bir \u015fekilde devam ediyor. T\u00dcRK\u0130YE\u2019N\u0130N D\u00d6RT B\u0130R YANINDAN\u2026 Bir\u00e7ok tarihi ve turistik b\u00f6lgenin ziyaret edildi\u011fi programlar\u0131n konu\u011fu, SA\u00dc T\u00d6MER (T\u00fcrk Dili \u00d6\u011fretimi Uygulama ve Ara\u015ft\u0131rma Merkezi) \u00f6\u011frencileri oldu. T\u00fcrkiye\u2019nin d\u00f6rt bir yan\u0131ndan gelen tarihe, edebiyata ve sanata ilgili gen\u00e7ler Sakarya\u2019y\u0131 B\u00fcy\u00fck\u015fehirle ke\u015ffetti. TUR\u0130ZM\u0130N KALB\u0130NE YOLCULUK Yo\u011fun bir kat\u0131l\u0131mla ger\u00e7ekle\u015fen ve iki g\u00fcn boyunca iki farkl\u0131 gruba y\u00f6nelik d\u00fczenlenen gezilerde, \u015fehrin turistik b\u00f6lgeleri olan Sakarya \u0130l Orman\u0131 Tabiat Park\u0131, Acarlar Longozu ve Karasu Yeni Mahalle ziyaret edildi. Elveri\u015fli havalar\u0131 f\u0131rsat bilen \u00f6\u011frenciler, bol bol y\u00fcr\u00fcy\u00fc\u015f yaparak keyifli anlar ya\u015fad\u0131. \u015eEHR\u0130N TAR\u0130H\u0130N\u0130 KE\u015eFETT\u0130LER Uzman rehberler e\u015fli\u011finde ger\u00e7ekle\u015ftirilen ziyaretlerde tarihe yolculuk yapan \u00f6\u011frenciler, Geyve\u2019de bulunan Ali Fuad Cebesoy M\u00fczesi, 2. Bayezid K\u00f6pr\u00fcs\u00fc, Pamukova Esentepe Park ve Tarihi Tarakl\u0131 il\u00e7esini gezme f\u0131rsat\u0131 buldu. Osmanl\u0131 d\u00f6nemine ait bir\u00e7ok eseri yerinde g\u00f6rme f\u0131rsat\u0131 bulan \u00f6\u011frenciler ayn\u0131 zamanda Helenistik d\u00f6nemden eserleri inceledi. \u200bSakarya B\u00fcy\u00fck\u015fehir Belediyesi, turizm gezileri kapsam\u0131nda a\u011f\u0131rlad\u0131\u011f\u0131 T\u00fcrkiye\u2019nin d\u00f6rt bir yan\u0131ndan \u015fehre gelen SA\u00dc T\u00d6MER (T\u00fcrk Dili \u00d6\u011fretimi Uygulama ve Ara\u015ft\u0131rma Merkezi) \u00f6\u011frencilerini &hellip;"}