{"version":"1.0","provider_name":"Av. Deniz Can K\u0131z\u0131l","provider_url":"https:\/\/denizcankizil.tr\/uk","author_name":"Av. Deniz Can K\u0131z\u0131l","author_url":"https:\/\/denizcankizil.tr\/uk","title":"Erzin\u2019e 2 km\u2019lik \u00c7ay Islah\u0131 ve Yeni K\u00f6pr\u00fc\u2026","type":"rich","width":600,"height":338,"html":"<blockquote class=\"wp-embedded-content\" data-secret=\"CRqqxj1Jno\"><a href=\"https:\/\/denizcankizil.tr\/uk\/haberler\/gundem\/erzine-2-kmlik-cay-islahi-ve-yeni-kopru\/\">Erzin\u2019e 2 km\u2019lik \u00c7ay Islah\u0131 ve Yeni K\u00f6pr\u00fc\u2026<\/a><\/blockquote><iframe sandbox=\"allow-scripts\" security=\"restricted\" src=\"https:\/\/denizcankizil.tr\/uk\/haberler\/gundem\/erzine-2-kmlik-cay-islahi-ve-yeni-kopru\/embed\/#?secret=CRqqxj1Jno\" width=\"600\" height=\"338\" title=\"&#8220;Erzin\u2019e 2 km\u2019lik \u00c7ay Islah\u0131 ve Yeni K\u00f6pr\u00fc\u2026&#8221; &#8212; Av. Deniz Can K\u0131z\u0131l\" data-secret=\"CRqqxj1Jno\" frameborder=\"0\" marginwidth=\"0\" marginheight=\"0\" scrolling=\"no\" class=\"wp-embedded-content\"><\/iframe><script>\n\/*! This file is auto-generated *\/\n!function(d,l){\"use strict\";l.querySelector&&d.addEventListener&&\"undefined\"!=typeof URL&&(d.wp=d.wp||{},d.wp.receiveEmbedMessage||(d.wp.receiveEmbedMessage=function(e){var t=e.data;if((t||t.secret||t.message||t.value)&&!\/[^a-zA-Z0-9]\/.test(t.secret)){for(var s,r,n,a=l.querySelectorAll('iframe[data-secret=\"'+t.secret+'\"]'),o=l.querySelectorAll('blockquote[data-secret=\"'+t.secret+'\"]'),c=new RegExp(\"^https?:$\",\"i\"),i=0;i<o.length;i++)o[i].style.display=\"none\";for(i=0;i<a.length;i++)s=a[i],e.source===s.contentWindow&&(s.removeAttribute(\"style\"),\"height\"===t.message?(1e3<(r=parseInt(t.value,10))?r=1e3:~~r<200&&(r=200),s.height=r):\"link\"===t.message&&(r=new URL(s.getAttribute(\"src\")),n=new URL(t.value),c.test(n.protocol))&&n.host===r.host&&l.activeElement===s&&(d.top.location.href=t.value))}},d.addEventListener(\"message\",d.wp.receiveEmbedMessage,!1),l.addEventListener(\"DOMContentLoaded\",function(){for(var e,t,s=l.querySelectorAll(\"iframe.wp-embedded-content\"),r=0;r<s.length;r++)(t=(e=s[r]).getAttribute(\"data-secret\"))||(t=Math.random().toString(36).substring(2,12),e.src+=\"#?secret=\"+t,e.setAttribute(\"data-secret\",t)),e.contentWindow.postMessage({message:\"ready\",secret:t},\"*\")},!1)))}(window,document);\n\/\/# sourceURL=https:\/\/denizcankizil.tr\/wp-includes\/js\/wp-embed.min.js\n<\/script>","description":"T\u00f6rene, Erzin Kaymakam\u0131 Onur \u00d6zayd\u0131n, Hatay Milletvekilleri Kemal Karahan ve Abd\u00fclkadir \u00d6zel\u2019in yan\u0131 s\u0131ra \u00e7ok say\u0131da vatanda\u015f kat\u0131ld\u0131. T\u00f6rende konu\u015fan Kaymakam Onur \u00d6zayd\u0131n, 6 \u015eubat depreminin b\u00f6lgeye ya\u015fatt\u0131\u011f\u0131 ac\u0131lar\u0131 hat\u0131rlatarak, yap\u0131lan yat\u0131r\u0131mlara de\u011findi: \u201cMaalesef 6 \u015eubat depreminde bir\u00e7ok can\u0131m\u0131z\u0131 kaybettik. Ke\u015fke onlar\u0131 kaybetmeseydik ve bu yat\u0131r\u0131mlara gerek kalmasayd\u0131. Ancak deprem sonras\u0131 Hatay\u2019a gelen yat\u0131r\u0131mlardan Erzin de y\u0131llard\u0131r bekledi\u011fi projeleri hayata ge\u00e7irme f\u0131rsat\u0131 buldu. Yeni hastane, TOK\u0130 konutlar\u0131, kaymakaml\u0131k ve il\u00e7e emniyet binalar\u0131, \u00f6\u011fretmenevi, \u015e\u00fckr\u00fcpa\u015fa Ortaokulu ve Ye\u015filkent Anadolu Lisesi gibi okul projeleri, adliye binas\u0131n\u0131n programa al\u0131nmas\u0131 ve Erzin-D\u00f6rtyol yolu gibi bir\u00e7ok proje bunlardan baz\u0131lar\u0131.\u201d Kaymakam \u00d6zayd\u0131n, il\u00e7eye yap\u0131lan yat\u0131r\u0131mlar\u0131n hayata ge\u00e7irilmesinde eme\u011fi ge\u00e7enlere te\u015fekk\u00fcr ederek \u201cErzin\u2019e yap\u0131lan bu yat\u0131r\u0131mlarda \u00f6nemli katk\u0131lar\u0131 olan \u0130\u00e7i\u015fleri Bakan\u0131m\u0131z Ali Yerlikaya, Hatay Valimiz Mustafa Masatl\u0131, Hatay Milletvekillerimiz Kemal Karahan, Abd\u00fclkadir \u00d6zel, H\u00fcseyin Yayman ve Hatay B\u00fcy\u00fck\u015fehir Belediye Ba\u015fkan\u0131m\u0131z Mehmet \u00d6nt\u00fcrk\u2019e te\u015fekk\u00fcr ediyorum. Siyasetimiz Erzin siyasetidir ve il\u00e7emize yap\u0131lacak her hizmetin yan\u0131nday\u0131z\u201d dedi. Erzin\u2019in y\u0131llard\u0131r bekledi\u011fi projelerin hayata ge\u00e7mesiyle b\u00f6lgedeki ya\u015fam kalitesinin artaca\u011f\u0131na dikkat \u00e7eken yetkililer, yat\u0131r\u0131mlar\u0131n en k\u0131sa s\u00fcrede tamamlanarak hizmete a\u00e7\u0131laca\u011f\u0131n\u0131 belirtti. \u200bHatay\u2019\u0131n Erzin il\u00e7esinde, \u00c7ay Islah\u0131 ve Yeni K\u00f6pr\u00fc Projesi i\u00e7in temel atma t\u00f6reni d\u00fczenlendi. 120 milyon TL tutar\u0131ndaki yat\u0131r\u0131m, Erzin \u00c7ay\u0131\u2019nda yap\u0131lacak 2 kilometrelik \u0131slah \u00e7al\u0131\u015fmas\u0131 ve \u0130sal\u0131 Mahallesi\u2019nde ya\u015fayan vatanda\u015flar\u0131n yol &hellip;"}