{"version":"1.0","provider_name":"Av. Deniz Can K\u0131z\u0131l","provider_url":"https:\/\/denizcankizil.tr\/uk","author_name":"admin","author_url":"https:\/\/denizcankizil.tr\/uk\/author\/admin\/","title":"Erzin\u2019de 6 \u015eubat Depremi Anma T\u00f6reni yap\u0131ld\u0131","type":"rich","width":600,"height":338,"html":"<blockquote class=\"wp-embedded-content\" data-secret=\"0elaOqK0zV\"><a href=\"https:\/\/denizcankizil.tr\/uk\/haberler\/gundem\/erzinde-6-subat-depremi-anma-toreni-yapildi\/\">Erzin\u2019de 6 \u015eubat Depremi Anma T\u00f6reni yap\u0131ld\u0131<\/a><\/blockquote><iframe sandbox=\"allow-scripts\" security=\"restricted\" src=\"https:\/\/denizcankizil.tr\/uk\/haberler\/gundem\/erzinde-6-subat-depremi-anma-toreni-yapildi\/embed\/#?secret=0elaOqK0zV\" width=\"600\" height=\"338\" title=\"&#8220;Erzin\u2019de 6 \u015eubat Depremi Anma T\u00f6reni yap\u0131ld\u0131&#8221; &#8212; Av. Deniz Can K\u0131z\u0131l\" data-secret=\"0elaOqK0zV\" frameborder=\"0\" marginwidth=\"0\" marginheight=\"0\" scrolling=\"no\" class=\"wp-embedded-content\"><\/iframe><script>\n\/*! This file is auto-generated *\/\n!function(d,l){\"use strict\";l.querySelector&&d.addEventListener&&\"undefined\"!=typeof URL&&(d.wp=d.wp||{},d.wp.receiveEmbedMessage||(d.wp.receiveEmbedMessage=function(e){var t=e.data;if((t||t.secret||t.message||t.value)&&!\/[^a-zA-Z0-9]\/.test(t.secret)){for(var s,r,n,a=l.querySelectorAll('iframe[data-secret=\"'+t.secret+'\"]'),o=l.querySelectorAll('blockquote[data-secret=\"'+t.secret+'\"]'),c=new RegExp(\"^https?:$\",\"i\"),i=0;i<o.length;i++)o[i].style.display=\"none\";for(i=0;i<a.length;i++)s=a[i],e.source===s.contentWindow&&(s.removeAttribute(\"style\"),\"height\"===t.message?(1e3<(r=parseInt(t.value,10))?r=1e3:~~r<200&&(r=200),s.height=r):\"link\"===t.message&&(r=new URL(s.getAttribute(\"src\")),n=new URL(t.value),c.test(n.protocol))&&n.host===r.host&&l.activeElement===s&&(d.top.location.href=t.value))}},d.addEventListener(\"message\",d.wp.receiveEmbedMessage,!1),l.addEventListener(\"DOMContentLoaded\",function(){for(var e,t,s=l.querySelectorAll(\"iframe.wp-embedded-content\"),r=0;r<s.length;r++)(t=(e=s[r]).getAttribute(\"data-secret\"))||(t=Math.random().toString(36).substring(2,12),e.src+=\"#?secret=\"+t,e.setAttribute(\"data-secret\",t)),e.contentWindow.postMessage({message:\"ready\",secret:t},\"*\")},!1)))}(window,document);\n\/\/# sourceURL=https:\/\/denizcankizil.tr\/wp-includes\/js\/wp-embed.min.js\n<\/script>","description":"Adil Co\u015fkuner\/Erzin Cumhuriyet Meydan\u0131\u2019nda ger\u00e7ekle\u015fen t\u00f6rene Erzin Kaymakam\u0131 Onur \u00d6zayd\u0131n, Belediye Ba\u015fkan\u0131 \u00d6kke\u015f Elmaso\u011flu, \u0130l\u00e7e Jandarma Komutan\u0131 \u00dcste\u011fmen Harun Baykal, \u0130l\u00e7e Emniyet M\u00fcd\u00fcr\u00fc \u0130sa Alt\u0131nda\u015f, \u0130l\u00e7e Milli E\u011fitim M\u00fcd\u00fcr\u00fc Erhan Kenao\u011flu, siyasi parti il\u00e7e ba\u015fkanlar\u0131 ve vatanda\u015flar kat\u0131ld\u0131. T\u00f6ren, depremin ya\u015fand\u0131\u011f\u0131 saat olan 04.17\u2019de sayg\u0131 duru\u015fu ve \u0130stiklal Mar\u015f\u0131\u2019n\u0131n okunmas\u0131yla ba\u015flad\u0131. G\u00fcn\u00fcn anlam ve \u00f6nemine dair konu\u015fmalar\u0131 Belediye Ba\u015fkan\u0131 \u00d6kke\u015f Elmaso\u011flu ve Kaymakam Onur \u00d6zayd\u0131n yapt\u0131. Ard\u0131ndan Kur\u2019an-\u0131 Kerim okunarak dualar edildi. Anma program\u0131 kapsam\u0131nda vatanda\u015flara ikramda bulunuldu. \u200b6 \u015eubat 2023 depremlerinin ikinci y\u0131l d\u00f6n\u00fcm\u00fc dolay\u0131s\u0131yla Hatay\u2019\u0131n Erzin il\u00e7esinde felaketin meydana geldi\u011fi saatlerde anma program\u0131 ger\u00e7ekle\u015ftirildi.\u00a0 \u200bHaberin Al\u0131nt\u0131land\u0131\u011f\u0131 Kaynak: www.iskenderun.org"}