{"version":"1.0","provider_name":"Av. Deniz Can K\u0131z\u0131l","provider_url":"https:\/\/denizcankizil.tr\/uk","author_name":"admin","author_url":"https:\/\/denizcankizil.tr\/uk\/author\/admin\/","title":"Erzin\u2019de 23 Nisan Co\u015fkusu \u015e\u00f6len Havas\u0131nda ya\u015fand\u0131","type":"rich","width":600,"height":338,"html":"<blockquote class=\"wp-embedded-content\" data-secret=\"QwuKcVfNlw\"><a href=\"https:\/\/denizcankizil.tr\/uk\/haberler\/gundem\/erzinde-23-nisan-coskusu-solen-havasinda-yasandi\/\">Erzin\u2019de 23 Nisan Co\u015fkusu \u015e\u00f6len Havas\u0131nda ya\u015fand\u0131<\/a><\/blockquote><iframe sandbox=\"allow-scripts\" security=\"restricted\" src=\"https:\/\/denizcankizil.tr\/uk\/haberler\/gundem\/erzinde-23-nisan-coskusu-solen-havasinda-yasandi\/embed\/#?secret=QwuKcVfNlw\" width=\"600\" height=\"338\" title=\"&#8220;Erzin\u2019de 23 Nisan Co\u015fkusu \u015e\u00f6len Havas\u0131nda ya\u015fand\u0131&#8221; &#8212; Av. Deniz Can K\u0131z\u0131l\" data-secret=\"QwuKcVfNlw\" frameborder=\"0\" marginwidth=\"0\" marginheight=\"0\" scrolling=\"no\" class=\"wp-embedded-content\"><\/iframe><script>\n\/*! This file is auto-generated *\/\n!function(d,l){\"use strict\";l.querySelector&&d.addEventListener&&\"undefined\"!=typeof URL&&(d.wp=d.wp||{},d.wp.receiveEmbedMessage||(d.wp.receiveEmbedMessage=function(e){var t=e.data;if((t||t.secret||t.message||t.value)&&!\/[^a-zA-Z0-9]\/.test(t.secret)){for(var s,r,n,a=l.querySelectorAll('iframe[data-secret=\"'+t.secret+'\"]'),o=l.querySelectorAll('blockquote[data-secret=\"'+t.secret+'\"]'),c=new RegExp(\"^https?:$\",\"i\"),i=0;i<o.length;i++)o[i].style.display=\"none\";for(i=0;i<a.length;i++)s=a[i],e.source===s.contentWindow&&(s.removeAttribute(\"style\"),\"height\"===t.message?(1e3<(r=parseInt(t.value,10))?r=1e3:~~r<200&&(r=200),s.height=r):\"link\"===t.message&&(r=new URL(s.getAttribute(\"src\")),n=new URL(t.value),c.test(n.protocol))&&n.host===r.host&&l.activeElement===s&&(d.top.location.href=t.value))}},d.addEventListener(\"message\",d.wp.receiveEmbedMessage,!1),l.addEventListener(\"DOMContentLoaded\",function(){for(var e,t,s=l.querySelectorAll(\"iframe.wp-embedded-content\"),r=0;r<s.length;r++)(t=(e=s[r]).getAttribute(\"data-secret\"))||(t=Math.random().toString(36).substring(2,12),e.src+=\"#?secret=\"+t,e.setAttribute(\"data-secret\",t)),e.contentWindow.postMessage({message:\"ready\",secret:t},\"*\")},!1)))}(window,document);\n\/\/# sourceURL=https:\/\/denizcankizil.tr\/wp-includes\/js\/wp-embed.min.js\n<\/script>","description":"Adil Co\u015fkuner\/Erzin Kutlamalar\u0131n ilk adresi Erzin Cumhuriyet Meydan\u0131 oldu. Protokol \u00fcyeleri, STK temsilcileri \u00f6\u011frenciler ve vatanda\u015flar\u0131n bir araya geldi\u011fi t\u00f6rende, Atan\u0131n manevi huzuruna sayg\u0131 \u00e7elengi sunuldu. Sayg\u0131 duru\u015fu ve istiklal mar\u015f\u0131n\u0131n okunmas\u0131n\u0131n ard\u0131ndan kutlamalar Atat\u00fcrk \u0130lkokulu bah\u00e7esi ger\u00e7ekle\u015ftirildi. Buradaki t\u00f6rene Erzin Kaymakam\u0131 Onur \u00d6zayd\u0131n, Belediye Ba\u015fkan\u0131 \u00d6kke\u015f Elmaso\u011flu, \u0130l\u00e7e Ba\u015fsavc\u0131s\u0131 Leyla T\u00fcrkay, \u0130l\u00e7e Jandarma Komutan\u0131 \u00dcste\u011fmen Harun Baykal, \u0130l\u00e7e Emniyet M\u00fcd\u00fcr\u00fc \u0130sa Alt\u0131nda\u015f, \u0130l\u00e7e Milli E\u011fitim M\u00fcd\u00fcr\u00fc Erhan Kenao\u011flu, siyasi parti temsilcileri, sivil toplum kurulu\u015fu temsilcileri, okul m\u00fcd\u00fcrleri, \u00f6\u011fretmenler, \u00f6\u011frenciler ve vatanda\u015flar kat\u0131ld\u0131. Program, Atat\u00fcrk\u2019e sayg\u0131 duru\u015fu ve \u0130stiklal Mar\u015f\u0131\u2019n\u0131n okunmas\u0131yla ba\u015flad\u0131. Ard\u0131ndan Kaymakam Onur \u00d6zayd\u0131n, Belediye Ba\u015fkan\u0131 \u00d6kke\u015f Elmaso\u011flu ve il\u00e7e protokol\u00fc, \u00f6\u011frenci ve vatanda\u015flar\u0131n bayram\u0131n\u0131 kutlad\u0131. G\u00fcn\u00fcn anlam ve \u00f6nemine dair konu\u015fmalar\u0131n yap\u0131ld\u0131\u011f\u0131 t\u00f6rende, \u00f6\u011frenciler \u015fiirler okuyarak b\u00fcy\u00fck be\u011feni toplad\u0131. Halk E\u011fitim Merkezi halk oyunlar\u0131 ekibi ise Erzin\u2019e \u00f6zg\u00fc ve farkl\u0131 y\u00f6relere ait halk oyunlar\u0131 sergileyerek izleyicilere g\u00f6rsel bir \u015f\u00f6len ya\u015fatt\u0131. Ayr\u0131ca \u00e7e\u015fitli yar\u0131\u015fmalarda dereceye giren \u00f6\u011frencilere madalya, plaket ve \u00f6d\u00fclleri protokol \u00fcyeleri taraf\u0131ndan takdim edildi. \u00d6\u011frencilerin sundu\u011fu g\u00f6steriler de renkli g\u00f6r\u00fcnt\u00fclere sahne olan kutlamalar ise, kat\u0131l\u0131mc\u0131lardan tam not ald\u0131. \u200bT\u00fcrkiye genelinde co\u015fkuyla kutlanan 23 Nisan Ulusal Egemenlik ve \u00c7ocuk Bayram\u0131, Hatay\u2019\u0131n Erzin il\u00e7esinde de \u015f\u00f6len havas\u0131nda ge\u00e7ti. Erzin\u2019de haz\u0131rlanan kapsaml\u0131 program, resmi t\u00f6renlerle ve birbirinden renkli etkinliklerle &hellip;"}