{"version":"1.0","provider_name":"Av. Deniz Can K\u0131z\u0131l","provider_url":"https:\/\/denizcankizil.tr\/uk","author_name":"Av. Deniz Can K\u0131z\u0131l","author_url":"https:\/\/denizcankizil.tr\/uk","title":"Engelsiz T\u00fcrk Musikisi Korosu\u2019ndan konser\u2026","type":"rich","width":600,"height":338,"html":"<blockquote class=\"wp-embedded-content\" data-secret=\"g5GGWY5n6H\"><a href=\"https:\/\/denizcankizil.tr\/uk\/haberler\/gundem\/engelsiz-turk-musikisi-korosundan-konser\/\">Engelsiz T\u00fcrk Musikisi Korosu\u2019ndan konser\u2026<\/a><\/blockquote><iframe sandbox=\"allow-scripts\" security=\"restricted\" src=\"https:\/\/denizcankizil.tr\/uk\/haberler\/gundem\/engelsiz-turk-musikisi-korosundan-konser\/embed\/#?secret=g5GGWY5n6H\" width=\"600\" height=\"338\" title=\"&#8220;Engelsiz T\u00fcrk Musikisi Korosu\u2019ndan konser\u2026&#8221; &#8212; Av. Deniz Can K\u0131z\u0131l\" data-secret=\"g5GGWY5n6H\" frameborder=\"0\" marginwidth=\"0\" marginheight=\"0\" scrolling=\"no\" class=\"wp-embedded-content\"><\/iframe><script>\n\/*! This file is auto-generated *\/\n!function(d,l){\"use strict\";l.querySelector&&d.addEventListener&&\"undefined\"!=typeof URL&&(d.wp=d.wp||{},d.wp.receiveEmbedMessage||(d.wp.receiveEmbedMessage=function(e){var t=e.data;if((t||t.secret||t.message||t.value)&&!\/[^a-zA-Z0-9]\/.test(t.secret)){for(var s,r,n,a=l.querySelectorAll('iframe[data-secret=\"'+t.secret+'\"]'),o=l.querySelectorAll('blockquote[data-secret=\"'+t.secret+'\"]'),c=new RegExp(\"^https?:$\",\"i\"),i=0;i<o.length;i++)o[i].style.display=\"none\";for(i=0;i<a.length;i++)s=a[i],e.source===s.contentWindow&&(s.removeAttribute(\"style\"),\"height\"===t.message?(1e3<(r=parseInt(t.value,10))?r=1e3:~~r<200&&(r=200),s.height=r):\"link\"===t.message&&(r=new URL(s.getAttribute(\"src\")),n=new URL(t.value),c.test(n.protocol))&&n.host===r.host&&l.activeElement===s&&(d.top.location.href=t.value))}},d.addEventListener(\"message\",d.wp.receiveEmbedMessage,!1),l.addEventListener(\"DOMContentLoaded\",function(){for(var e,t,s=l.querySelectorAll(\"iframe.wp-embedded-content\"),r=0;r<s.length;r++)(t=(e=s[r]).getAttribute(\"data-secret\"))||(t=Math.random().toString(36).substring(2,12),e.src+=\"#?secret=\"+t,e.setAttribute(\"data-secret\",t)),e.contentWindow.postMessage({message:\"ready\",secret:t},\"*\")},!1)))}(window,document);\n\/\/# sourceURL=https:\/\/denizcankizil.tr\/wp-includes\/js\/wp-embed.min.js\n<\/script>","description":"Konserin a\u00e7\u0131l\u0131\u015f konu\u015fmas\u0131n\u0131 yapan Sahil K\u0131z Meslek Lisesi M\u00fcd\u00fcr\u00fc Naciye G\u00fcne\u015f, engellilere destek olman\u0131n \u00f6nemine vurgu yaparak, \u201cEngelleri hayat\u0131m\u0131zdan kald\u0131rmak i\u00e7in bireylere ciddi destek vermeliyiz\u201d dedi. Dernek Ba\u015fkan\u0131 Kamil G\u00f6\u00e7men ise sadece engellerinin a\u015fmalar\u0131na yard\u0131mc\u0131 olunmas\u0131n\u0131 istediklerini ifade ederek ba\u015fka bir beklentilerinin olmad\u0131\u011f\u0131n\u0131 s\u00f6yledi. Duygusal Anlar ve Co\u015fkulu Performanslar Etkinlikte, g\u00f6rme engelli bir bireyin okudu\u011fu Anne \u015fiiri, salondaki izleyicilere duygusal anlar ya\u015fatt\u0131. Ard\u0131ndan sahne alan &#8220;Engelsiz T\u00fcrk Musikisi Korosu&#8221;, farkl\u0131 eserleri ba\u015far\u0131yla seslendirerek b\u00fcy\u00fck be\u011feni toplad\u0131. Konser boyunca salonu co\u015fku ve alk\u0131\u015flar doldurdu. Engelli bireylerin sergiledi\u011fi performanslar, hem \u00f6\u011frencilerden hem de okul idaresinden b\u00fcy\u00fck takdir ald\u0131. Bu anlaml\u0131 etkinlik, fark\u0131ndal\u0131k g\u00fcn\u00fc kapsam\u0131nda engellerin a\u015f\u0131labilece\u011fini ve m\u00fczi\u011fin birle\u015ftirici g\u00fcc\u00fcn\u00fc bir kez daha g\u00f6zler \u00f6n\u00fcne serdi. \u200b\u0130skenderun Engelliyim Engel Tan\u0131mam Derne\u011fi \u00fcyeleri, 3 Aral\u0131k D\u00fcnya Engelliler Fark\u0131ndal\u0131k G\u00fcn\u00fc kapsam\u0131nda Sahil K\u0131z Meslek Lisesi&#8217;nde unutulmaz bir konser ger\u00e7ekle\u015ftirdi. Etkinlik, okul idaresi ve \u00f6\u011frencilerin yo\u011fun ilgisiyle kar\u015f\u0131land\u0131.\u00a0 \u200bHaberin Al\u0131nt\u0131land\u0131\u011f\u0131 Kaynak: www.iskenderun.org"}