{"version":"1.0","provider_name":"Av. Deniz Can K\u0131z\u0131l","provider_url":"https:\/\/denizcankizil.tr\/uk","author_name":"admin","author_url":"https:\/\/denizcankizil.tr\/uk\/author\/admin\/","title":"Emeklilerin Belediye Ba\u015fkanlar\u0131ndan Talepleri Var","type":"rich","width":600,"height":338,"html":"<blockquote class=\"wp-embedded-content\" data-secret=\"BtYHSavn9S\"><a href=\"https:\/\/denizcankizil.tr\/uk\/haberler\/gundem\/emeklilerin-belediye-baskanlarindan-talepleri-var\/\">Emeklilerin Belediye Ba\u015fkanlar\u0131ndan Talepleri Var<\/a><\/blockquote><iframe sandbox=\"allow-scripts\" security=\"restricted\" src=\"https:\/\/denizcankizil.tr\/uk\/haberler\/gundem\/emeklilerin-belediye-baskanlarindan-talepleri-var\/embed\/#?secret=BtYHSavn9S\" width=\"600\" height=\"338\" title=\"&#8220;Emeklilerin Belediye Ba\u015fkanlar\u0131ndan Talepleri Var&#8221; &#8212; Av. Deniz Can K\u0131z\u0131l\" data-secret=\"BtYHSavn9S\" frameborder=\"0\" marginwidth=\"0\" marginheight=\"0\" scrolling=\"no\" class=\"wp-embedded-content\"><\/iframe><script>\n\/*! This file is auto-generated *\/\n!function(d,l){\"use strict\";l.querySelector&&d.addEventListener&&\"undefined\"!=typeof URL&&(d.wp=d.wp||{},d.wp.receiveEmbedMessage||(d.wp.receiveEmbedMessage=function(e){var t=e.data;if((t||t.secret||t.message||t.value)&&!\/[^a-zA-Z0-9]\/.test(t.secret)){for(var s,r,n,a=l.querySelectorAll('iframe[data-secret=\"'+t.secret+'\"]'),o=l.querySelectorAll('blockquote[data-secret=\"'+t.secret+'\"]'),c=new RegExp(\"^https?:$\",\"i\"),i=0;i<o.length;i++)o[i].style.display=\"none\";for(i=0;i<a.length;i++)s=a[i],e.source===s.contentWindow&&(s.removeAttribute(\"style\"),\"height\"===t.message?(1e3<(r=parseInt(t.value,10))?r=1e3:~~r<200&&(r=200),s.height=r):\"link\"===t.message&&(r=new URL(s.getAttribute(\"src\")),n=new URL(t.value),c.test(n.protocol))&&n.host===r.host&&l.activeElement===s&&(d.top.location.href=t.value))}},d.addEventListener(\"message\",d.wp.receiveEmbedMessage,!1),l.addEventListener(\"DOMContentLoaded\",function(){for(var e,t,s=l.querySelectorAll(\"iframe.wp-embedded-content\"),r=0;r<s.length;r++)(t=(e=s[r]).getAttribute(\"data-secret\"))||(t=Math.random().toString(36).substring(2,12),e.src+=\"#?secret=\"+t,e.setAttribute(\"data-secret\",t)),e.contentWindow.postMessage({message:\"ready\",secret:t},\"*\")},!1)))}(window,document);\n\/\/# sourceURL=https:\/\/denizcankizil.tr\/wp-includes\/js\/wp-embed.min.js\n<\/script>","description":"2021 T\u00fcm Emekliler Sendikas\u0131 \u0130skenderun \u015eubesi y\u00f6netim kurulu \u00fcyesi R\u0131zkullah Terbiyeli, Hatay\u2019daki t\u00fcm belediyelerden emeklilerin sosyalle\u015febilece\u011fi mekanlar istediklerini belirtti. Terbiyeli; \u201c\u0130skenderun\u2019da ve Arsuz\u2019da emekliler, sosyalle\u015fme alanlar\u0131 bulunmad\u0131\u011f\u0131 ve mekanlardaki pahal\u0131l\u0131k nedeniyle ya evden \u00e7\u0131km\u0131yor ya da parklarda, sahillerdeki banklarda ve AVM\u2019lerde vakit ge\u00e7iriyor. \u0130skenderun\u2019da emeklilerin sosyalle\u015febilece\u011fi bir alan yok. Emekli maa\u015f\u0131m\u0131zla kafelere gidip b\u0131rak\u0131n yemek yemeyi, \u00e7ay kahve bile i\u00e7emiyoruz\u201d diye konu\u015ftu. Yerel se\u00e7imde ba\u015fkan adaylar\u0131n\u0131n vaatlerinde emekliler i\u00e7in de projeler yer ald\u0131\u011f\u0131n\u0131 hat\u0131rlatan Terbiyeli; \u201c31 Mart 2024 yerel se\u00e7imlerinde hem B\u00fcy\u00fck\u015fehir Belediyesi hem \u0130skenderun Belediyesi\u2019nin se\u00e7im \u00e7al\u0131\u015fmalar\u0131nda emekliler, b\u00fcy\u00fck \u00f6nem te\u015fkil ediyordu. Se\u00e7im vaatlerin de Emekliler i\u00e7in de projeleri vard\u0131\u201d dedi. HBB ve \u0130skenderun belediye ba\u015fkanlar\u0131n\u0131n se\u00e7im vaatlerini an\u0131msatan Terbiyeli, aradan ge\u00e7en bir seneye ra\u011fmen emekliler ile ilgili hala bir ad\u0131m at\u0131lmad\u0131\u011f\u0131n\u0131 s\u00f6yledi. Terbiyeli; \u201cG\u00fczel ad\u0131mlar da at\u0131l\u0131yor. HBB\u2019nin toplu ta\u015f\u0131may\u0131 hayata ge\u00e7irmesi elbette \u00f6nemli. Ama bunun daha yayg\u0131nla\u015fmas\u0131n\u0131 sadece 65 ya\u015f \u00fcst\u00fcne de\u011fil t\u00fcm emeklileri kapsamas\u0131n\u0131 istiyoruz. \u0130skenderun Belediyesinin de sosyal tesislerinde 65 ya\u015f \u00fcst\u00fcne bedava \u00e7ay vermesi ve yan\u0131nda kurabiye da\u011f\u0131tmas\u0131 bir nebze de olsa emeklinin b\u00fct\u00e7esine katk\u0131 sa\u011flamas\u0131 a\u00e7\u0131s\u0131ndan \u00f6nemlidir fakat biz d\u00fc\u015f\u00fck bir bedelle olmas\u0131 ko\u015fuluyla ihtiya\u00e7lar\u0131m\u0131za kendi param\u0131zla ula\u015fmak isteriz. Sendika olarak\u00a0 \u2018\u0130nsanca Ya\u015fayacak Bir Maa\u015f \u0130stiyoruz\u2019 talebimizi de duyurmak isteriz\u201d diye konu\u015ftu. Ge\u00e7ti\u011fimiz &hellip;"}