{"version":"1.0","provider_name":"Av. Deniz Can K\u0131z\u0131l","provider_url":"https:\/\/denizcankizil.tr\/uk","author_name":"Antalya K\u00f6rfez","author_url":"https:\/\/denizcankizil.tr\/uk\/author\/www-antalyakorfez-com\/","title":"Ekrem \u0130mamo\u011flu\u2019ndan sert \u00e7\u0131k\u0131\u015f: Mal\u0131n\u0131za, m\u00fclk\u00fcn\u00fcze \u00e7\u00f6ker","type":"rich","width":600,"height":338,"html":"<blockquote class=\"wp-embedded-content\" data-secret=\"HEkwul1ppI\"><a href=\"https:\/\/denizcankizil.tr\/uk\/haberler\/gundem\/ekrem-imamoglundan-sert-cikis-maliniza-mulkunuze-coker\/\">Ekrem \u0130mamo\u011flu\u2019ndan sert \u00e7\u0131k\u0131\u015f: Mal\u0131n\u0131za, m\u00fclk\u00fcn\u00fcze \u00e7\u00f6ker<\/a><\/blockquote><iframe sandbox=\"allow-scripts\" security=\"restricted\" src=\"https:\/\/denizcankizil.tr\/uk\/haberler\/gundem\/ekrem-imamoglundan-sert-cikis-maliniza-mulkunuze-coker\/embed\/#?secret=HEkwul1ppI\" width=\"600\" height=\"338\" title=\"&#8220;Ekrem \u0130mamo\u011flu\u2019ndan sert \u00e7\u0131k\u0131\u015f: Mal\u0131n\u0131za, m\u00fclk\u00fcn\u00fcze \u00e7\u00f6ker&#8221; &#8212; Av. Deniz Can K\u0131z\u0131l\" data-secret=\"HEkwul1ppI\" frameborder=\"0\" marginwidth=\"0\" marginheight=\"0\" scrolling=\"no\" class=\"wp-embedded-content\"><\/iframe><script>\n\/*! This file is auto-generated *\/\n!function(d,l){\"use strict\";l.querySelector&&d.addEventListener&&\"undefined\"!=typeof URL&&(d.wp=d.wp||{},d.wp.receiveEmbedMessage||(d.wp.receiveEmbedMessage=function(e){var t=e.data;if((t||t.secret||t.message||t.value)&&!\/[^a-zA-Z0-9]\/.test(t.secret)){for(var s,r,n,a=l.querySelectorAll('iframe[data-secret=\"'+t.secret+'\"]'),o=l.querySelectorAll('blockquote[data-secret=\"'+t.secret+'\"]'),c=new RegExp(\"^https?:$\",\"i\"),i=0;i<o.length;i++)o[i].style.display=\"none\";for(i=0;i<a.length;i++)s=a[i],e.source===s.contentWindow&&(s.removeAttribute(\"style\"),\"height\"===t.message?(1e3<(r=parseInt(t.value,10))?r=1e3:~~r<200&&(r=200),s.height=r):\"link\"===t.message&&(r=new URL(s.getAttribute(\"src\")),n=new URL(t.value),c.test(n.protocol))&&n.host===r.host&&l.activeElement===s&&(d.top.location.href=t.value))}},d.addEventListener(\"message\",d.wp.receiveEmbedMessage,!1),l.addEventListener(\"DOMContentLoaded\",function(){for(var e,t,s=l.querySelectorAll(\"iframe.wp-embedded-content\"),r=0;r<s.length;r++)(t=(e=s[r]).getAttribute(\"data-secret\"))||(t=Math.random().toString(36).substring(2,12),e.src+=\"#?secret=\"+t,e.setAttribute(\"data-secret\",t)),e.contentWindow.postMessage({message:\"ready\",secret:t},\"*\")},!1)))}(window,document);\n\/\/# sourceURL=https:\/\/denizcankizil.tr\/wp-includes\/js\/wp-embed.min.js\n<\/script>","description":"\u0130stanbul B\u00fcy\u00fck\u015fehir Belediyesi&#8217;ne (\u0130BB) y\u00f6nelik ba\u015flat\u0131lan soru\u015fturma kapsam\u0131nda aralar\u0131nda Ekrem \u0130mamo\u011flu, Murat Ongun, Tuncay Y\u0131lmaz, Fatih Kele\u015f ve Ertan Y\u0131ld\u0131z&#8217;\u0131nda oldu\u011fu 106 \u015f\u00fcpheli hakk\u0131nda g\u00f6zalt\u0131 karar\u0131 verildi. \u015e\u00fcpheliler e\u015f zamanl\u0131 operasyonla g\u00f6zalt\u0131na al\u0131nd\u0131. 31 y\u0131l \u00f6nce ald\u0131\u011f\u0131 \u00fcniversite diplomas\u0131 iptal edilen, akabinde evinde arama yap\u0131lan Ekrem \u0130mamo\u011flu, polis e\u015fli\u011finde \u0130stanbul Emniyet M\u00fcd\u00fcrl\u00fc\u011f\u00fc&#8217;ne g\u00f6t\u00fcr\u00fcld\u00fc. S\u0130YAS\u0130 \u0130S\u0130MLERDEN ELE\u015eT\u0130R\u0130 YA\u011eMURU CHP eski Genel Ba\u015fkan\u0131 Kemal K\u0131l\u0131\u00e7daro\u011flu, Memleket Partisi Genel Ba\u015fkan\u0131 Muharrem \u0130nce, Eski \u0130stanbul \u0130l Ba\u015fkan\u0131 Canan Kaftanc\u0131o\u011flu, Bolu Belediye Ba\u015fkan\u0131 Tanju \u00d6zcan, CHP Grup Ba\u015fkanvekili Murat Emir, CHP Grup Ba\u015fkanvekili Ali Mahir Ba\u015far\u0131r, \u0130Y\u0130 Parti Grup Ba\u015fkanvekili Bu\u011fra Kavuncu, DEVA Partisi Genel Ba\u015fkan\u0131 Ali Babacan, T\u0130P Genel Ba\u015fkan\u0131 Erkan Ba\u015f ba\u015fta olmak \u00fczere bir\u00e7ok kesim al\u0131nan kararlara tepki g\u00f6sterdi. BU KEZ G\u00dcNDEMDEK\u0130 \u0130S\u0130M KONU\u015eTU \u00a0 Operasyona y\u00f6nelik tepkiler devam ederken g\u00f6zalt\u0131ndaki \u0130stanbul B\u00fcy\u00fck\u015fehir Belediye Ba\u015fkan\u0131 Ekrem \u0130mamo\u011flu\u2019ndan yeni a\u00e7\u0131klama geldi. Cumhurba\u015fkan\u0131 ve AK Parti Genel Ba\u015fkan\u0131 Recep Tayyip Erdo\u011fan\u2019\u0131 hedef alan \u0130mamo\u011flu, yarg\u0131 mensuplar\u0131na ve T\u00fcrk milletine \u00e7a\u011fr\u0131da bulundu. M\u0130LYONLARIN G\u00d6Z\u00dc BU A\u00c7IKLAMADA! \u0130mamo\u011flu\u2019nun 1 saat i\u00e7erisinde en az 2 milyon g\u00f6r\u00fcnt\u00fclenme alan a\u00e7\u0131klamas\u0131nda \u015fu ifadeler yer buldu: \u201cSenin bir y\u00fcz\u00fckle \u00e7\u0131kt\u0131\u011f\u0131n bu yolda, yurt i\u00e7inde, yurt d\u0131\u015f\u0131nda hesab\u0131n\u0131 zerresi i\u00e7in bile veremeyece\u011fin tonla leken varken benim \u00fc\u00e7 nesildir biriktirdi\u011fim varl\u0131\u011f\u0131ma, i\u015fime &hellip;"}