{"version":"1.0","provider_name":"Av. Deniz Can K\u0131z\u0131l","provider_url":"https:\/\/denizcankizil.tr\/uk","author_name":"Av. Deniz Can K\u0131z\u0131l","author_url":"https:\/\/denizcankizil.tr\/uk","title":"D\u00fczce'de zincirleme kaza: 3 yaral\u0131!","type":"rich","width":600,"height":338,"html":"<blockquote class=\"wp-embedded-content\" data-secret=\"cTD7TjaF7F\"><a href=\"https:\/\/denizcankizil.tr\/uk\/haberler\/gundem\/duzcede-zincirleme-kaza-3-yarali\/\">D\u00fczce&#8217;de zincirleme kaza: 3 yaral\u0131!<\/a><\/blockquote><iframe sandbox=\"allow-scripts\" security=\"restricted\" src=\"https:\/\/denizcankizil.tr\/uk\/haberler\/gundem\/duzcede-zincirleme-kaza-3-yarali\/embed\/#?secret=cTD7TjaF7F\" width=\"600\" height=\"338\" title=\"&#8220;D\u00fczce&#8217;de zincirleme kaza: 3 yaral\u0131!&#8221; &#8212; Av. Deniz Can K\u0131z\u0131l\" data-secret=\"cTD7TjaF7F\" frameborder=\"0\" marginwidth=\"0\" marginheight=\"0\" scrolling=\"no\" class=\"wp-embedded-content\"><\/iframe><script>\n\/*! This file is auto-generated *\/\n!function(d,l){\"use strict\";l.querySelector&&d.addEventListener&&\"undefined\"!=typeof URL&&(d.wp=d.wp||{},d.wp.receiveEmbedMessage||(d.wp.receiveEmbedMessage=function(e){var t=e.data;if((t||t.secret||t.message||t.value)&&!\/[^a-zA-Z0-9]\/.test(t.secret)){for(var s,r,n,a=l.querySelectorAll('iframe[data-secret=\"'+t.secret+'\"]'),o=l.querySelectorAll('blockquote[data-secret=\"'+t.secret+'\"]'),c=new RegExp(\"^https?:$\",\"i\"),i=0;i<o.length;i++)o[i].style.display=\"none\";for(i=0;i<a.length;i++)s=a[i],e.source===s.contentWindow&&(s.removeAttribute(\"style\"),\"height\"===t.message?(1e3<(r=parseInt(t.value,10))?r=1e3:~~r<200&&(r=200),s.height=r):\"link\"===t.message&&(r=new URL(s.getAttribute(\"src\")),n=new URL(t.value),c.test(n.protocol))&&n.host===r.host&&l.activeElement===s&&(d.top.location.href=t.value))}},d.addEventListener(\"message\",d.wp.receiveEmbedMessage,!1),l.addEventListener(\"DOMContentLoaded\",function(){for(var e,t,s=l.querySelectorAll(\"iframe.wp-embedded-content\"),r=0;r<s.length;r++)(t=(e=s[r]).getAttribute(\"data-secret\"))||(t=Math.random().toString(36).substring(2,12),e.src+=\"#?secret=\"+t,e.setAttribute(\"data-secret\",t)),e.contentWindow.postMessage({message:\"ready\",secret:t},\"*\")},!1)))}(window,document);\n\/\/# sourceURL=https:\/\/denizcankizil.tr\/wp-includes\/js\/wp-embed.min.js\n<\/script>","description":"D\u00fczce&#8217;nin Ayd\u0131np\u0131nar Caddesi Otluo\u011flu mevkiinde meydana gelen zincirleme kazada otomobilde s\u0131k\u0131\u015fan kad\u0131nlar itfaiyenin m\u00fcdahalesiyle kurtar\u0131ld\u0131.Sibel KABASAKAL \/ D\u00dcZCE (\u0130GFA) &#8211;\u00a0 Al\u0131nan bilgiye g\u00f6re, Ayd\u0131np\u0131nardan D\u00fczce istikametine seyir halinde olan 81 FR 611 plakal\u0131 otomobil ile ayn\u0131 istikamete giden 54 AKL 602 ve 14 AAJ 220 plakal\u0131 otomobil \u00e7arp\u0131\u015ft\u0131. \u00c7arp\u0131\u015fman\u0131n etkisiyle 81 FR 612 plakal\u0131 otomobilde s\u0131k\u0131\u015fan M.S, L.S ve G.S ihbar \u00fczerine b\u00f6lgeye gelen itfaiye ekipleri taraf\u0131ndan s\u0131k\u0131\u015ft\u0131klar\u0131 yerden \u00e7\u0131kar\u0131ld\u0131. Olay yerinde ilk m\u00fcdahaleleri yap\u0131lan yaral\u0131lar ambulanslarla D\u00fczce Atat\u00fcrk Devlet Hastanesi&#8217;ne kald\u0131r\u0131ld\u0131. Kaza dolay\u0131s\u0131yla trafi\u011fe kapanan yol, ara\u00e7lar\u0131n kald\u0131r\u0131lmas\u0131 ard\u0131ndan yeniden seyrine d\u00f6nd\u00fc. Kazayla ilgili tahkikat ba\u015flat\u0131ld\u0131. \u200bD\u00fczce&#8217;nin Ayd\u0131np\u0131nar Caddesi Otluo\u011flu mevkiinde meydana gelen zincirleme kazada otomobilde s\u0131k\u0131\u015fan kad\u0131nlar itfaiyenin m\u00fcdahalesiyle kurtar\u0131ld\u0131\u00a0 \u200bHaberin Al\u0131nt\u0131land\u0131\u011f\u0131 Kaynak: www.iskenderun.org"}