{"version":"1.0","provider_name":"Av. Deniz Can K\u0131z\u0131l","provider_url":"https:\/\/denizcankizil.tr\/uk","author_name":"admin","author_url":"https:\/\/denizcankizil.tr\/uk\/author\/admin\/","title":"D\u00fczce\u2019de otomobil yayaya \u00e7arpt\u0131","type":"rich","width":600,"height":338,"html":"<blockquote class=\"wp-embedded-content\" data-secret=\"TJvJ51tDWt\"><a href=\"https:\/\/denizcankizil.tr\/uk\/haberler\/gundem\/duzcede-otomobil-yayaya-carpti\/\">D\u00fczce\u2019de otomobil yayaya \u00e7arpt\u0131<\/a><\/blockquote><iframe sandbox=\"allow-scripts\" security=\"restricted\" src=\"https:\/\/denizcankizil.tr\/uk\/haberler\/gundem\/duzcede-otomobil-yayaya-carpti\/embed\/#?secret=TJvJ51tDWt\" width=\"600\" height=\"338\" title=\"&#8220;D\u00fczce\u2019de otomobil yayaya \u00e7arpt\u0131&#8221; &#8212; Av. Deniz Can K\u0131z\u0131l\" data-secret=\"TJvJ51tDWt\" frameborder=\"0\" marginwidth=\"0\" marginheight=\"0\" scrolling=\"no\" class=\"wp-embedded-content\"><\/iframe><script>\n\/*! This file is auto-generated *\/\n!function(d,l){\"use strict\";l.querySelector&&d.addEventListener&&\"undefined\"!=typeof URL&&(d.wp=d.wp||{},d.wp.receiveEmbedMessage||(d.wp.receiveEmbedMessage=function(e){var t=e.data;if((t||t.secret||t.message||t.value)&&!\/[^a-zA-Z0-9]\/.test(t.secret)){for(var s,r,n,a=l.querySelectorAll('iframe[data-secret=\"'+t.secret+'\"]'),o=l.querySelectorAll('blockquote[data-secret=\"'+t.secret+'\"]'),c=new RegExp(\"^https?:$\",\"i\"),i=0;i<o.length;i++)o[i].style.display=\"none\";for(i=0;i<a.length;i++)s=a[i],e.source===s.contentWindow&&(s.removeAttribute(\"style\"),\"height\"===t.message?(1e3<(r=parseInt(t.value,10))?r=1e3:~~r<200&&(r=200),s.height=r):\"link\"===t.message&&(r=new URL(s.getAttribute(\"src\")),n=new URL(t.value),c.test(n.protocol))&&n.host===r.host&&l.activeElement===s&&(d.top.location.href=t.value))}},d.addEventListener(\"message\",d.wp.receiveEmbedMessage,!1),l.addEventListener(\"DOMContentLoaded\",function(){for(var e,t,s=l.querySelectorAll(\"iframe.wp-embedded-content\"),r=0;r<s.length;r++)(t=(e=s[r]).getAttribute(\"data-secret\"))||(t=Math.random().toString(36).substring(2,12),e.src+=\"#?secret=\"+t,e.setAttribute(\"data-secret\",t)),e.contentWindow.postMessage({message:\"ready\",secret:t},\"*\")},!1)))}(window,document);\n\/\/# sourceURL=https:\/\/denizcankizil.tr\/wp-includes\/js\/wp-embed.min.js\n<\/script>","description":"D\u00fczce\u2019de Ak\u00e7akoca ba\u011flant\u0131 yolunda bir otomobilin yayaya \u00e7arpmas\u0131 sonucu 48 ya\u015f\u0131ndaki bir kad\u0131n a\u011f\u0131r yaraland\u0131.Sefer DEM\u0130R \/ D\u00dcZCE (\u0130GFA) &#8211; D\u00fczce\u2019nin Beyciler Mahallesi\u2019nde, D-655 Ak\u00e7akoca ba\u011flant\u0131 yolunda trafik kazas\u0131 meydana geldi. P\u0131nar H. y\u00f6netimindeki 81 KH 908 plakal\u0131 otomobil, yolun kar\u015f\u0131s\u0131na ge\u00e7meye \u00e7al\u0131\u015fan 48 ya\u015f\u0131ndaki Ay\u015fe Y. a \u00e7arpt\u0131. \u00c7arpman\u0131n etkisiyle yola savrulan Y., a\u011f\u0131r yaraland\u0131. \u00c7evredekilerin ihbar\u0131 \u00fczerine olay yerine sa\u011fl\u0131k ve polis ekipleri sevk edildi. Yaral\u0131 kad\u0131n, ilk m\u00fcdahalenin ard\u0131ndan ambulansla D\u00fczce \u00dcniversitesi Ara\u015ft\u0131rma ve Uygulama Hastanesi\u2019ne kald\u0131r\u0131ld\u0131. Y\u0131ld\u0131z\u2019\u0131n durumunun a\u011f\u0131r oldu\u011fu ve yo\u011fun bak\u0131m \u00fcnitesinde tedavisinin s\u00fcrd\u00fc\u011f\u00fc belirtildi. Polis, kazayla ilgili tahkikat ba\u015flatt\u0131. \u200bD\u00fczce\u2019de Ak\u00e7akoca ba\u011flant\u0131 yolunda bir otomobilin yayaya \u00e7arpmas\u0131 sonucu 48 ya\u015f\u0131ndaki bir kad\u0131n a\u011f\u0131r yaraland\u0131.Sefer DEM\u0130R \/ D\u00dcZCE (\u0130GFA) &#8211; D\u00fczce\u2019nin Beyciler Mahallesi\u2019nde, D-655 Ak\u00e7akoca ba\u011flant\u0131 yolunda trafik kazas\u0131 meydana geldi. P\u0131nar H. y\u00f6netimindeki 81 KH 908 plakal\u0131 otomobil, yolun kar\u015f\u0131s\u0131na ge\u00e7meye \u00e7al\u0131\u015fan 48 ya\u015f\u0131ndaki Ay\u015fe Y. a \u00e7arpt\u0131. \u00c7arpman\u0131n etkisiyle yola savrulan Y., a\u011f\u0131r yaraland\u0131. \u00c7evredekilerin ihbar\u0131 \u00fczerine olay yerine sa\u011fl\u0131k ve polis ekipleri sevk edildi. Yaral\u0131 kad\u0131n, ilk m\u00fcdahalenin ard\u0131ndan ambulansla D\u00fczce \u00dcniversitesi Ara\u015ft\u0131rma ve Uygulama Hastanesi\u2019ne kald\u0131r\u0131ld\u0131. Y\u0131ld\u0131z\u2019\u0131n durumunun a\u011f\u0131r oldu\u011fu ve yo\u011fun bak\u0131m \u00fcnitesinde tedavisinin s\u00fcrd\u00fc\u011f\u00fc belirtildi. Polis, kazayla ilgili tahkikat ba\u015flatt\u0131.\u00a0 \u200bHaberin Al\u0131nt\u0131land\u0131\u011f\u0131 Kaynak: www.iskenderun.org"}