{"version":"1.0","provider_name":"Av. Deniz Can K\u0131z\u0131l","provider_url":"https:\/\/denizcankizil.tr\/uk","author_name":"admin","author_url":"https:\/\/denizcankizil.tr\/uk\/author\/admin\/","title":"D\u00fczce'de \u0131\u015f\u0131kl\u0131 kav\u015fakta kaza","type":"rich","width":600,"height":338,"html":"<blockquote class=\"wp-embedded-content\" data-secret=\"QTk3VIVoiv\"><a href=\"https:\/\/denizcankizil.tr\/uk\/haberler\/gundem\/duzcede-isikli-kavsakta-kaza\/\">D\u00fczce&#8217;de \u0131\u015f\u0131kl\u0131 kav\u015fakta kaza<\/a><\/blockquote><iframe sandbox=\"allow-scripts\" security=\"restricted\" src=\"https:\/\/denizcankizil.tr\/uk\/haberler\/gundem\/duzcede-isikli-kavsakta-kaza\/embed\/#?secret=QTk3VIVoiv\" width=\"600\" height=\"338\" title=\"&#8220;D\u00fczce&#8217;de \u0131\u015f\u0131kl\u0131 kav\u015fakta kaza&#8221; &#8212; Av. Deniz Can K\u0131z\u0131l\" data-secret=\"QTk3VIVoiv\" frameborder=\"0\" marginwidth=\"0\" marginheight=\"0\" scrolling=\"no\" class=\"wp-embedded-content\"><\/iframe><script>\n\/*! This file is auto-generated *\/\n!function(d,l){\"use strict\";l.querySelector&&d.addEventListener&&\"undefined\"!=typeof URL&&(d.wp=d.wp||{},d.wp.receiveEmbedMessage||(d.wp.receiveEmbedMessage=function(e){var t=e.data;if((t||t.secret||t.message||t.value)&&!\/[^a-zA-Z0-9]\/.test(t.secret)){for(var s,r,n,a=l.querySelectorAll('iframe[data-secret=\"'+t.secret+'\"]'),o=l.querySelectorAll('blockquote[data-secret=\"'+t.secret+'\"]'),c=new RegExp(\"^https?:$\",\"i\"),i=0;i<o.length;i++)o[i].style.display=\"none\";for(i=0;i<a.length;i++)s=a[i],e.source===s.contentWindow&&(s.removeAttribute(\"style\"),\"height\"===t.message?(1e3<(r=parseInt(t.value,10))?r=1e3:~~r<200&&(r=200),s.height=r):\"link\"===t.message&&(r=new URL(s.getAttribute(\"src\")),n=new URL(t.value),c.test(n.protocol))&&n.host===r.host&&l.activeElement===s&&(d.top.location.href=t.value))}},d.addEventListener(\"message\",d.wp.receiveEmbedMessage,!1),l.addEventListener(\"DOMContentLoaded\",function(){for(var e,t,s=l.querySelectorAll(\"iframe.wp-embedded-content\"),r=0;r<s.length;r++)(t=(e=s[r]).getAttribute(\"data-secret\"))||(t=Math.random().toString(36).substring(2,12),e.src+=\"#?secret=\"+t,e.setAttribute(\"data-secret\",t)),e.contentWindow.postMessage({message:\"ready\",secret:t},\"*\")},!1)))}(window,document);\n\/\/# sourceURL=https:\/\/denizcankizil.tr\/wp-includes\/js\/wp-embed.min.js\n<\/script>","description":"D\u00fczce Ak\u00e7akoca ba\u011flant\u0131 yolu Karaca kav\u015fa\u011f\u0131nda iki otomobilin \u00e7arp\u0131\u015fmas\u0131 sonucu meydana gelen kazada 1 ki\u015fi yaraland\u0131; kaza an\u0131 i\u015f yerinin g\u00fcvenlik kameras\u0131nca kaydedildi.Sefer DEM\u0130R \/ D\u00dcZCE (\u0130GFA) &#8211; D\u00fczce\u2019de, Ak\u00e7akoca ba\u011flant\u0131 yolu D-655 Karaca kav\u015fa\u011f\u0131nda trafik kazas\u0131 meydana geldi. Al\u0131nan bilgiye g\u00f6re Y. B. idaresindeki 81 ACN 309 plakal\u0131 otomobil ile G. A. y\u00f6netimindeki 34 CZU 926 plakal\u0131 otomobilin \u00e7arp\u0131\u015fmas\u0131 sonucu 81 ACN 309 plakal\u0131 ara\u00e7ta yolcu olan T. \u015e. yaraland\u0131. \u0130hbar \u00fczerine olay yerine h\u0131zla sa\u011fl\u0131k ve polis ekipleri sevk edildi. Yaral\u0131 T. \u015e.\u2019e ambulansta yap\u0131lan ilk m\u00fcdahalenin ard\u0131ndan D\u00fczce Atat\u00fcrk Devlet Hastanesi\u2019ne kald\u0131r\u0131ld\u0131. Kaza an\u0131, \u00e7evredeki bir i\u015f yerinin g\u00fcvenlik kameras\u0131 taraf\u0131ndan saniye saniye kaydedilirken, aksayan trafik, ara\u00e7lar\u0131n \u00e7ekiciyle kald\u0131r\u0131lmas\u0131n\u0131n ard\u0131ndan normale d\u00f6nd\u00fc. Polis ekipleri, kazayla ilgili soru\u015fturma ba\u015flatt\u0131. \u200bD\u00fczce Ak\u00e7akoca ba\u011flant\u0131 yolu Karaca kav\u015fa\u011f\u0131nda iki otomobilin \u00e7arp\u0131\u015fmas\u0131 sonucu meydana gelen kazada 1 ki\u015fi yaraland\u0131; kaza an\u0131 i\u015f yerinin g\u00fcvenlik kameras\u0131nca kaydedildi.Sefer DEM\u0130R \/ D\u00dcZCE (\u0130GFA) &#8211; D\u00fczce\u2019de, Ak\u00e7akoca ba\u011flant\u0131 yolu D-655 Karaca kav\u015fa\u011f\u0131nda trafik kazas\u0131 meydana geldi. Al\u0131nan bilgiye g\u00f6re Y. B. idaresindeki 81 ACN 309 plakal\u0131 otomobil ile G. A. y\u00f6netimindeki 34 CZU 926 plakal\u0131 otomobilin \u00e7arp\u0131\u015fmas\u0131 sonucu 81 ACN 309 plakal\u0131 ara\u00e7ta yolcu olan T. \u015e. yaraland\u0131. \u0130hbar \u00fczerine olay yerine h\u0131zla sa\u011fl\u0131k ve polis &hellip;"}