{"version":"1.0","provider_name":"Av. Deniz Can K\u0131z\u0131l","provider_url":"https:\/\/denizcankizil.tr\/uk","author_name":"admin","author_url":"https:\/\/denizcankizil.tr\/uk\/author\/admin\/","title":"D\u00fczce Kayna\u015fl\u0131\u2019da piknik yapanlar\u0131n s\u00fcrpriz misafiri!","type":"rich","width":600,"height":338,"html":"<blockquote class=\"wp-embedded-content\" data-secret=\"EHSCfRBFcO\"><a href=\"https:\/\/denizcankizil.tr\/uk\/haberler\/gundem\/duzce-kaynaslida-piknik-yapanlarin-surpriz-misafiri\/\">D\u00fczce Kayna\u015fl\u0131\u2019da piknik yapanlar\u0131n s\u00fcrpriz misafiri!<\/a><\/blockquote><iframe sandbox=\"allow-scripts\" security=\"restricted\" src=\"https:\/\/denizcankizil.tr\/uk\/haberler\/gundem\/duzce-kaynaslida-piknik-yapanlarin-surpriz-misafiri\/embed\/#?secret=EHSCfRBFcO\" width=\"600\" height=\"338\" title=\"&#8220;D\u00fczce Kayna\u015fl\u0131\u2019da piknik yapanlar\u0131n s\u00fcrpriz misafiri!&#8221; &#8212; Av. Deniz Can K\u0131z\u0131l\" data-secret=\"EHSCfRBFcO\" frameborder=\"0\" marginwidth=\"0\" marginheight=\"0\" scrolling=\"no\" class=\"wp-embedded-content\"><\/iframe><script>\n\/*! This file is auto-generated *\/\n!function(d,l){\"use strict\";l.querySelector&&d.addEventListener&&\"undefined\"!=typeof URL&&(d.wp=d.wp||{},d.wp.receiveEmbedMessage||(d.wp.receiveEmbedMessage=function(e){var t=e.data;if((t||t.secret||t.message||t.value)&&!\/[^a-zA-Z0-9]\/.test(t.secret)){for(var s,r,n,a=l.querySelectorAll('iframe[data-secret=\"'+t.secret+'\"]'),o=l.querySelectorAll('blockquote[data-secret=\"'+t.secret+'\"]'),c=new RegExp(\"^https?:$\",\"i\"),i=0;i<o.length;i++)o[i].style.display=\"none\";for(i=0;i<a.length;i++)s=a[i],e.source===s.contentWindow&&(s.removeAttribute(\"style\"),\"height\"===t.message?(1e3<(r=parseInt(t.value,10))?r=1e3:~~r<200&&(r=200),s.height=r):\"link\"===t.message&&(r=new URL(s.getAttribute(\"src\")),n=new URL(t.value),c.test(n.protocol))&&n.host===r.host&&l.activeElement===s&&(d.top.location.href=t.value))}},d.addEventListener(\"message\",d.wp.receiveEmbedMessage,!1),l.addEventListener(\"DOMContentLoaded\",function(){for(var e,t,s=l.querySelectorAll(\"iframe.wp-embedded-content\"),r=0;r<s.length;r++)(t=(e=s[r]).getAttribute(\"data-secret\"))||(t=Math.random().toString(36).substring(2,12),e.src+=\"#?secret=\"+t,e.setAttribute(\"data-secret\",t)),e.contentWindow.postMessage({message:\"ready\",secret:t},\"*\")},!1)))}(window,document);\n\/\/# sourceURL=https:\/\/denizcankizil.tr\/wp-includes\/js\/wp-embed.min.js\n<\/script>","description":"D\u00fczce, Kayna\u015fl\u0131&#8217;da Kurug\u00f6l Park\u0131&#8217;nda mangal yaparken ormandan gelen sesle irkilen gen\u00e7ler, yakla\u015f\u0131k 2-3 ayl\u0131k bir yavru ay\u0131yla kar\u015f\u0131la\u015ft\u0131. Yavru, \u00e7evreyi inceleyerek ormana d\u00f6nerken gen\u00e7ler bu an\u0131 kaydederek sosyal medyada payla\u015ft\u0131.Sefer DEM\u0130R \/ D\u00dcZCE (\u0130GFA) &#8211; D\u00fczce\u2019nin Kayna\u015fl\u0131 il\u00e7esindeki Kurug\u00f6l Park\u0131, hafta sonu do\u011fayla i\u00e7 i\u00e7e vakit ge\u00e7irmek isteyen bir grup gencin ilgin\u00e7 bir deneyimine ev sahipli\u011fi yapt\u0131. Mangal yapmak i\u00e7in parka gelen gen\u00e7ler, haz\u0131rl\u0131k yapt\u0131klar\u0131 s\u0131rada ormanl\u0131k alandan gelen bir sesle irkildi. \u00a0K\u0131sa s\u00fcre sonra a\u011fa\u00e7lar\u0131n aras\u0131ndan \u00e7\u0131kan, yakla\u015f\u0131k 2-3 ayl\u0131k oldu\u011fu tahmin edilen yavru bir ay\u0131, piknik alan\u0131na do\u011fru ilerledi. \u015ea\u015fk\u0131na d\u00f6nen gen\u00e7ler, yavru ay\u0131n\u0131n bir s\u00fcre \u00e7evreyi incelemesini izledi. K\u00fc\u00e7\u00fck ay\u0131, daha sonra ormana geri d\u00f6nd\u00fc. Gen\u00e7ler, beklenmedik kar\u015f\u0131la\u015fmay\u0131 cep telefonlar\u0131yla kaydederek sosyal medyada payla\u015ft\u0131. Olay s\u0131ras\u0131nda k\u0131sa s\u00fcreli bir panik ya\u015fansa da herhangi bir yaralanma olmad\u0131. Piknik\u00e7iler, do\u011fayla i\u00e7 i\u00e7e ge\u00e7en bu an\u0131 unutulmaz bir deneyim olarak nitelendirdi. \u200bD\u00fczce, Kayna\u015fl\u0131&#8217;da Kurug\u00f6l Park\u0131&#8217;nda mangal yaparken ormandan gelen sesle irkilen gen\u00e7ler, yakla\u015f\u0131k 2-3 ayl\u0131k bir yavru ay\u0131yla kar\u015f\u0131la\u015ft\u0131. Yavru, \u00e7evreyi inceleyerek ormana d\u00f6nerken gen\u00e7ler bu an\u0131 kaydederek sosyal medyada payla\u015ft\u0131.Sefer DEM\u0130R \/ D\u00dcZCE (\u0130GFA) &#8211; D\u00fczce\u2019nin Kayna\u015fl\u0131 il\u00e7esindeki Kurug\u00f6l Park\u0131, hafta sonu do\u011fayla i\u00e7 i\u00e7e vakit ge\u00e7irmek isteyen bir grup gencin ilgin\u00e7 bir deneyimine ev sahipli\u011fi yapt\u0131. Mangal yapmak &hellip;"}