{"version":"1.0","provider_name":"Av. Deniz Can K\u0131z\u0131l","provider_url":"https:\/\/denizcankizil.tr\/uk","author_name":"admin","author_url":"https:\/\/denizcankizil.tr\/uk\/author\/admin\/","title":"D\u00f6rtyol\u2019da Orman Yang\u0131n\u0131 B\u00fcy\u00fcyor\u2026","type":"rich","width":600,"height":338,"html":"<blockquote class=\"wp-embedded-content\" data-secret=\"zsp83snDRH\"><a href=\"https:\/\/denizcankizil.tr\/uk\/haberler\/gundem\/dortyolda-orman-yangini-buyuyor\/\">D\u00f6rtyol\u2019da Orman Yang\u0131n\u0131 B\u00fcy\u00fcyor\u2026<\/a><\/blockquote><iframe sandbox=\"allow-scripts\" security=\"restricted\" src=\"https:\/\/denizcankizil.tr\/uk\/haberler\/gundem\/dortyolda-orman-yangini-buyuyor\/embed\/#?secret=zsp83snDRH\" width=\"600\" height=\"338\" title=\"&#8220;D\u00f6rtyol\u2019da Orman Yang\u0131n\u0131 B\u00fcy\u00fcyor\u2026&#8221; &#8212; Av. Deniz Can K\u0131z\u0131l\" data-secret=\"zsp83snDRH\" frameborder=\"0\" marginwidth=\"0\" marginheight=\"0\" scrolling=\"no\" class=\"wp-embedded-content\"><\/iframe><script>\n\/*! This file is auto-generated *\/\n!function(d,l){\"use strict\";l.querySelector&&d.addEventListener&&\"undefined\"!=typeof URL&&(d.wp=d.wp||{},d.wp.receiveEmbedMessage||(d.wp.receiveEmbedMessage=function(e){var t=e.data;if((t||t.secret||t.message||t.value)&&!\/[^a-zA-Z0-9]\/.test(t.secret)){for(var s,r,n,a=l.querySelectorAll('iframe[data-secret=\"'+t.secret+'\"]'),o=l.querySelectorAll('blockquote[data-secret=\"'+t.secret+'\"]'),c=new RegExp(\"^https?:$\",\"i\"),i=0;i<o.length;i++)o[i].style.display=\"none\";for(i=0;i<a.length;i++)s=a[i],e.source===s.contentWindow&&(s.removeAttribute(\"style\"),\"height\"===t.message?(1e3<(r=parseInt(t.value,10))?r=1e3:~~r<200&&(r=200),s.height=r):\"link\"===t.message&&(r=new URL(s.getAttribute(\"src\")),n=new URL(t.value),c.test(n.protocol))&&n.host===r.host&&l.activeElement===s&&(d.top.location.href=t.value))}},d.addEventListener(\"message\",d.wp.receiveEmbedMessage,!1),l.addEventListener(\"DOMContentLoaded\",function(){for(var e,t,s=l.querySelectorAll(\"iframe.wp-embedded-content\"),r=0;r<s.length;r++)(t=(e=s[r]).getAttribute(\"data-secret\"))||(t=Math.random().toString(36).substring(2,12),e.src+=\"#?secret=\"+t,e.setAttribute(\"data-secret\",t)),e.contentWindow.postMessage({message:\"ready\",secret:t},\"*\")},!1)))}(window,document);\n\/\/# sourceURL=https:\/\/denizcankizil.tr\/wp-includes\/js\/wp-embed.min.js\n<\/script>","description":"Yang\u0131n, D\u00f6rtyol\u2019un &#8220;K\u0131rm\u0131z\u0131 Burun&#8221; mevkiindeki ormanl\u0131k b\u00f6lgede saat 16.30 s\u0131ralar\u0131nda ba\u015flad\u0131. K\u0131sa s\u00fcrede etkisini art\u0131ran alevler, \u00e7evrede yo\u011fun dumanla birlikte pani\u011fe neden oldu. \u015eehrin pek \u00e7ok noktas\u0131ndan g\u00f6r\u00fclebilen dumanlar, yang\u0131n\u0131n b\u00fcy\u00fckl\u00fc\u011f\u00fcn\u00fc g\u00f6zler \u00f6n\u00fcne serdi. Mahalle Halk\u0131na &#8220;Haz\u0131r Olun&#8221; Uyar\u0131s\u0131 Yetkililer, yang\u0131n\u0131n Karakeseli Mahallesi&#8217;ne do\u011fru ilerleyebilece\u011fi y\u00f6n\u00fcnde risk olu\u015fmas\u0131 \u00fczerine belediye hoparl\u00f6r\u00fcnden vatanda\u015flara uyar\u0131 yapt\u0131. Mahalle sakinlerinden de\u011ferli e\u015fyalar\u0131n\u0131 yanlar\u0131na alarak olas\u0131 bir tahliye i\u00e7in haz\u0131r olmalar\u0131 istendi. Sivil Destek \u00c7a\u011fr\u0131s\u0131 Yap\u0131ld\u0131 Yang\u0131na, Orman B\u00f6lge M\u00fcd\u00fcrl\u00fc\u011f\u00fc ekiplerinin yan\u0131 s\u0131ra itfaiye ve g\u00f6n\u00fcll\u00fc vatanda\u015flar karadan m\u00fcdahale ediyor. Helikopter deste\u011fiyle havadan da s\u00f6nd\u00fcrme \u00e7al\u0131\u015fmalar\u0131 s\u00fcrd\u00fcr\u00fcl\u00fcyor. Ayr\u0131ca su tank\u0131 bulunan vatanda\u015flara da yang\u0131nla m\u00fccadeleye destek olmalar\u0131 y\u00f6n\u00fcnde \u00e7a\u011fr\u0131 yap\u0131ld\u0131. Yang\u0131n\u0131n yerle\u015fim yerlerine ula\u015fmamas\u0131 i\u00e7in t\u00fcm ekipler seferber olurken, \u00e7al\u0131\u015fmalar\u0131n gece boyunca s\u00fcrebilece\u011fi belirtiliyor. Geli\u015fmeleri aktarmaya devam edece\u011fiz. \u200bHatay\u2019\u0131n D\u00f6rtyol il\u00e7esine ba\u011fl\u0131 k\u0131rsal alanda \u00e7\u0131kan orman yang\u0131n\u0131, r\u00fczgar\u0131n da etkisiyle k\u0131sa s\u00fcrede b\u00fcy\u00fcyerek geni\u015f bir alana yay\u0131ld\u0131. Yang\u0131n\u0131n Karakeseli Mahallesi\u2019ne y\u00f6nelme ihtimali \u00fczerine belediye hoparl\u00f6r\u00fcnden halka uyar\u0131 yap\u0131ld\u0131.\u00a0 \u200bHaberin Al\u0131nt\u0131land\u0131\u011f\u0131 Kaynak: www.iskenderun.org"}