{"version":"1.0","provider_name":"Av. Deniz Can K\u0131z\u0131l","provider_url":"https:\/\/denizcankizil.tr\/uk","author_name":"admin","author_url":"https:\/\/denizcankizil.tr\/uk\/author\/admin\/","title":"Depremde Annesini Kaybeden Muhammet\u2019i Ziyaret Etti","type":"rich","width":600,"height":338,"html":"<blockquote class=\"wp-embedded-content\" data-secret=\"51PwMrVgTx\"><a href=\"https:\/\/denizcankizil.tr\/uk\/haberler\/gundem\/depremde-annesini-kaybeden-muhammeti-ziyaret-etti\/\">Depremde Annesini Kaybeden Muhammet\u2019i Ziyaret Etti<\/a><\/blockquote><iframe sandbox=\"allow-scripts\" security=\"restricted\" src=\"https:\/\/denizcankizil.tr\/uk\/haberler\/gundem\/depremde-annesini-kaybeden-muhammeti-ziyaret-etti\/embed\/#?secret=51PwMrVgTx\" width=\"600\" height=\"338\" title=\"&#8220;Depremde Annesini Kaybeden Muhammet\u2019i Ziyaret Etti&#8221; &#8212; Av. Deniz Can K\u0131z\u0131l\" data-secret=\"51PwMrVgTx\" frameborder=\"0\" marginwidth=\"0\" marginheight=\"0\" scrolling=\"no\" class=\"wp-embedded-content\"><\/iframe><script>\n\/*! This file is auto-generated *\/\n!function(d,l){\"use strict\";l.querySelector&&d.addEventListener&&\"undefined\"!=typeof URL&&(d.wp=d.wp||{},d.wp.receiveEmbedMessage||(d.wp.receiveEmbedMessage=function(e){var t=e.data;if((t||t.secret||t.message||t.value)&&!\/[^a-zA-Z0-9]\/.test(t.secret)){for(var s,r,n,a=l.querySelectorAll('iframe[data-secret=\"'+t.secret+'\"]'),o=l.querySelectorAll('blockquote[data-secret=\"'+t.secret+'\"]'),c=new RegExp(\"^https?:$\",\"i\"),i=0;i<o.length;i++)o[i].style.display=\"none\";for(i=0;i<a.length;i++)s=a[i],e.source===s.contentWindow&&(s.removeAttribute(\"style\"),\"height\"===t.message?(1e3<(r=parseInt(t.value,10))?r=1e3:~~r<200&&(r=200),s.height=r):\"link\"===t.message&&(r=new URL(s.getAttribute(\"src\")),n=new URL(t.value),c.test(n.protocol))&&n.host===r.host&&l.activeElement===s&&(d.top.location.href=t.value))}},d.addEventListener(\"message\",d.wp.receiveEmbedMessage,!1),l.addEventListener(\"DOMContentLoaded\",function(){for(var e,t,s=l.querySelectorAll(\"iframe.wp-embedded-content\"),r=0;r<s.length;r++)(t=(e=s[r]).getAttribute(\"data-secret\"))||(t=Math.random().toString(36).substring(2,12),e.src+=\"#?secret=\"+t,e.setAttribute(\"data-secret\",t)),e.contentWindow.postMessage({message:\"ready\",secret:t},\"*\")},!1)))}(window,document);\n\/\/# sourceURL=https:\/\/denizcankizil.tr\/wp-includes\/js\/wp-embed.min.js\n<\/script>","description":"Emniyet M\u00fcd\u00fcr\u00fc Dinsever Din\u00e7er Kalkan, 6 \u015eubat 2023 tarihinde ya\u015fanan &#8220;asr\u0131n felaketi&#8221; olarak adland\u0131r\u0131lan depremde annesi Esma Kaya&#8217;y\u0131 kaybeden ve babas\u0131 Hasan Kaya ile birlikte ya\u015fayan Muhammet Efe\u2019yi ziyaret etti. \u00a0Emniyet M\u00fcd\u00fcr\u00fc Kalkan k\u00fc\u00e7\u00fck Muhammet Efe&#8217;ye boyama kitab\u0131, oyuncak polis arabas\u0131 ve \u00e7e\u015fitli hediye vererek, kendisi ile bir s\u00fcre sohbet etti. \u200bD\u00f6rtyol \u0130l\u00e7e Emniyet M\u00fcd\u00fcr\u00fc Dinsever Din\u00e7er Kalkan ya\u015fanan deprem felaketinde hayat\u0131n\u0131 kaybeden Esma Kaya\u2019n\u0131n o\u011flu Muhammet Efe Kaya\u2019y\u0131 ziyaret etti.\u00a0 \u200bHaberin Al\u0131nt\u0131land\u0131\u011f\u0131 Kaynak: www.iskenderun.org"}