{"version":"1.0","provider_name":"Av. Deniz Can K\u0131z\u0131l","provider_url":"https:\/\/denizcankizil.tr\/uk","author_name":"admin","author_url":"https:\/\/denizcankizil.tr\/uk\/author\/admin\/","title":"Denizli'de kad\u0131n giri\u015fimciler \u201cE-Ticaret\u201d ile g\u00fc\u00e7leniyor","type":"rich","width":600,"height":338,"html":"<blockquote class=\"wp-embedded-content\" data-secret=\"NNWvfPM0n7\"><a href=\"https:\/\/denizcankizil.tr\/uk\/haberler\/gundem\/denizlide-kadin-girisimciler-e-ticaret-ile-gucleniyor\/\">Denizli&#8217;de kad\u0131n giri\u015fimciler \u201cE-Ticaret\u201d ile g\u00fc\u00e7leniyor<\/a><\/blockquote><iframe sandbox=\"allow-scripts\" security=\"restricted\" src=\"https:\/\/denizcankizil.tr\/uk\/haberler\/gundem\/denizlide-kadin-girisimciler-e-ticaret-ile-gucleniyor\/embed\/#?secret=NNWvfPM0n7\" width=\"600\" height=\"338\" title=\"&#8220;Denizli&#8217;de kad\u0131n giri\u015fimciler \u201cE-Ticaret\u201d ile g\u00fc\u00e7leniyor&#8221; &#8212; Av. Deniz Can K\u0131z\u0131l\" data-secret=\"NNWvfPM0n7\" frameborder=\"0\" marginwidth=\"0\" marginheight=\"0\" scrolling=\"no\" class=\"wp-embedded-content\"><\/iframe><script>\n\/*! This file is auto-generated *\/\n!function(d,l){\"use strict\";l.querySelector&&d.addEventListener&&\"undefined\"!=typeof URL&&(d.wp=d.wp||{},d.wp.receiveEmbedMessage||(d.wp.receiveEmbedMessage=function(e){var t=e.data;if((t||t.secret||t.message||t.value)&&!\/[^a-zA-Z0-9]\/.test(t.secret)){for(var s,r,n,a=l.querySelectorAll('iframe[data-secret=\"'+t.secret+'\"]'),o=l.querySelectorAll('blockquote[data-secret=\"'+t.secret+'\"]'),c=new RegExp(\"^https?:$\",\"i\"),i=0;i<o.length;i++)o[i].style.display=\"none\";for(i=0;i<a.length;i++)s=a[i],e.source===s.contentWindow&&(s.removeAttribute(\"style\"),\"height\"===t.message?(1e3<(r=parseInt(t.value,10))?r=1e3:~~r<200&&(r=200),s.height=r):\"link\"===t.message&&(r=new URL(s.getAttribute(\"src\")),n=new URL(t.value),c.test(n.protocol))&&n.host===r.host&&l.activeElement===s&&(d.top.location.href=t.value))}},d.addEventListener(\"message\",d.wp.receiveEmbedMessage,!1),l.addEventListener(\"DOMContentLoaded\",function(){for(var e,t,s=l.querySelectorAll(\"iframe.wp-embedded-content\"),r=0;r<s.length;r++)(t=(e=s[r]).getAttribute(\"data-secret\"))||(t=Math.random().toString(36).substring(2,12),e.src+=\"#?secret=\"+t,e.setAttribute(\"data-secret\",t)),e.contentWindow.postMessage({message:\"ready\",secret:t},\"*\")},!1)))}(window,document);\n\/\/# sourceURL=https:\/\/denizcankizil.tr\/wp-includes\/js\/wp-embed.min.js\n<\/script>","description":"Kad\u0131n giri\u015fimcili\u011fine destek olmak ve dijital pazarda kad\u0131nlar\u0131n daha etkin yer almas\u0131n\u0131 sa\u011flamak amac\u0131yla d\u00fczenlenen \u201c\u00dcreten Kad\u0131nlar\u0131n E-Ticaret Yolculu\u011fu\u201d etkinli\u011fi, Denizli\u2019de yo\u011fun kat\u0131l\u0131mla d\u00fczenlendi.DEN\u0130ZL\u0130 (\u0130GFA) &#8211; Denizli B\u00fcy\u00fck\u015fehir Belediyesi, Sanayi ve Teknoloji Bakanl\u0131\u011f\u0131, G\u00fcney Ege Kalk\u0131nma Ajans\u0131 (GEKA) ve Trendyol i\u015f birli\u011finde hayata ge\u00e7irilen \u201c\u00dcreten Kad\u0131nlar\u0131n E-Ticaret Yolculu\u011fu\u201d etkinli\u011fi, kad\u0131n giri\u015fimcilere dijital pazarlama ve e-ticarette yeni f\u0131rsatlar sunmak amac\u0131yla ger\u00e7ekle\u015ftirildi. Denizli B\u00fcy\u00fck\u015fehir Belediyesi Kongre ve K\u00fclt\u00fcr Merkezi\u2019nde d\u00fczenlenen etkinli\u011fe Denizli B\u00fcy\u00fck\u015fehir Belediye Ba\u015fkan Vekili Ali Mar\u0131m, davetliler, \u00e7ok say\u0131da kad\u0131n \u00fcretici ve giri\u015fimci kat\u0131ld\u0131. A\u00e7\u0131l\u0131\u015f konu\u015fmalar\u0131n\u0131n ard\u0131ndan Pamukkale \u00dcniversitesi Dr. \u00d6\u011fr. \u00dcyesi Esin Tuba Tepekule, \u201cGiri\u015fimcilik Nedir? Giri\u015fimcilik Yolculu\u011fu\u201d ba\u015fl\u0131kl\u0131 sunumuyla kat\u0131l\u0131mc\u0131lara ilham verici bilgiler sundu. KADIN G\u0130R\u0130\u015e\u0130MC\u0130LERE D\u0130J\u0130TAL PAZARDA YOL HAR\u0130TASI SUNULDU Program\u0131n ikinci k\u0131sm\u0131nda Trendyol Ege B\u00f6lgesi Sat\u0131\u015f ve \u0130\u015f Geli\u015ftirme Y\u00f6neticisi Nuri Erdo\u011fan\u2019\u0131n ger\u00e7ekle\u015ftirdi\u011fi \u201cTrendyol\u2019da E-Ticaret ve E-\u0130hracat\u201d konulu sunumda, kad\u0131n \u00fcreticilerin dijital pazara ad\u0131m atmalar\u0131n\u0131 kolayla\u015ft\u0131racak y\u00f6ntemleri payla\u015f\u0131ld\u0131. Kat\u0131l\u0131mc\u0131lar, program kapsam\u0131nda ba\u015far\u0131 hik\u00e2yeleri dinledi ve G\u00fcney Ege Kalk\u0131nma Ajans\u0131&#8217;ndan \u0130rfan Sezgin\u2019in ger\u00e7ekle\u015ftirdi\u011fi \u201cMarkala\u015fma\u201d sunumuyla markala\u015fma s\u00fcre\u00e7lerine dair \u00f6nemli ipu\u00e7lar\u0131 edindi. Program\u0131n sonunda Ba\u015fkan Vekili Ali Mar\u0131m taraf\u0131ndan konu\u015fmac\u0131lara plaket verildi. \u201c\u00dcreten Kad\u0131nlar\u0131n E-Ticaret Yolculu\u011fu\u201d etkinli\u011fi, kad\u0131n giri\u015fimcili\u011fine katk\u0131 sa\u011flayan \u00f6nemli bir ad\u0131m olarak de\u011ferlendirildi. \u200bKad\u0131n giri\u015fimcili\u011fine destek olmak ve dijital pazarda kad\u0131nlar\u0131n daha etkin yer almas\u0131n\u0131 &hellip;"}