{"version":"1.0","provider_name":"Av. Deniz Can K\u0131z\u0131l","provider_url":"https:\/\/denizcankizil.tr\/uk","author_name":"Antalya K\u00f6rfez","author_url":"https:\/\/denizcankizil.tr\/uk\/author\/www-antalyakorfez-com\/","title":"Cumhurba\u015fkan\u0131 Erdo\u011fan neden hapis cezas\u0131 alm\u0131\u015ft\u0131?","type":"rich","width":600,"height":338,"html":"<blockquote class=\"wp-embedded-content\" data-secret=\"O0gDqK34iv\"><a href=\"https:\/\/denizcankizil.tr\/uk\/haberler\/gundem\/cumhurbaskani-erdogan-neden-hapis-cezasi-almisti\/\">Cumhurba\u015fkan\u0131 Erdo\u011fan neden hapis cezas\u0131 alm\u0131\u015ft\u0131?<\/a><\/blockquote><iframe sandbox=\"allow-scripts\" security=\"restricted\" src=\"https:\/\/denizcankizil.tr\/uk\/haberler\/gundem\/cumhurbaskani-erdogan-neden-hapis-cezasi-almisti\/embed\/#?secret=O0gDqK34iv\" width=\"600\" height=\"338\" title=\"&#8220;Cumhurba\u015fkan\u0131 Erdo\u011fan neden hapis cezas\u0131 alm\u0131\u015ft\u0131?&#8221; &#8212; Av. Deniz Can K\u0131z\u0131l\" data-secret=\"O0gDqK34iv\" frameborder=\"0\" marginwidth=\"0\" marginheight=\"0\" scrolling=\"no\" class=\"wp-embedded-content\"><\/iframe><script>\n\/*! This file is auto-generated *\/\n!function(d,l){\"use strict\";l.querySelector&&d.addEventListener&&\"undefined\"!=typeof URL&&(d.wp=d.wp||{},d.wp.receiveEmbedMessage||(d.wp.receiveEmbedMessage=function(e){var t=e.data;if((t||t.secret||t.message||t.value)&&!\/[^a-zA-Z0-9]\/.test(t.secret)){for(var s,r,n,a=l.querySelectorAll('iframe[data-secret=\"'+t.secret+'\"]'),o=l.querySelectorAll('blockquote[data-secret=\"'+t.secret+'\"]'),c=new RegExp(\"^https?:$\",\"i\"),i=0;i<o.length;i++)o[i].style.display=\"none\";for(i=0;i<a.length;i++)s=a[i],e.source===s.contentWindow&&(s.removeAttribute(\"style\"),\"height\"===t.message?(1e3<(r=parseInt(t.value,10))?r=1e3:~~r<200&&(r=200),s.height=r):\"link\"===t.message&&(r=new URL(s.getAttribute(\"src\")),n=new URL(t.value),c.test(n.protocol))&&n.host===r.host&&l.activeElement===s&&(d.top.location.href=t.value))}},d.addEventListener(\"message\",d.wp.receiveEmbedMessage,!1),l.addEventListener(\"DOMContentLoaded\",function(){for(var e,t,s=l.querySelectorAll(\"iframe.wp-embedded-content\"),r=0;r<s.length;r++)(t=(e=s[r]).getAttribute(\"data-secret\"))||(t=Math.random().toString(36).substring(2,12),e.src+=\"#?secret=\"+t,e.setAttribute(\"data-secret\",t)),e.contentWindow.postMessage({message:\"ready\",secret:t},\"*\")},!1)))}(window,document);\n\/\/# sourceURL=https:\/\/denizcankizil.tr\/wp-includes\/js\/wp-embed.min.js\n<\/script>","description":"\u0130stanbul B\u00fcy\u00fck\u015fehir Belediye Ba\u015fkan\u0131 Ekrem \u0130mamo\u011flu ge\u00e7ti\u011fimiz g\u00fcn polis ekipleri taraf\u0131ndan g\u00f6zalt\u0131na al\u0131nmas\u0131 T\u00fcrkiye\u2019nin g\u00fcndemine oturdu. \u201cYolsuzluk\u201d ve \u201ct*r\u00f6r\u201d su\u00e7lamalar\u0131yla g\u00f6zalt\u0131na al\u0131nan \u0130mamo\u011flu i\u00e7in pek \u00e7ok siyasi lider ve sivil toplum \u00f6rg\u00fct\u00fc pe\u015f pe\u015fe a\u00e7\u0131klamalar yaparken, tarihin bir kez daha tekerr\u00fcr etti\u011fi g\u00f6r\u00fcld\u00fc. Cumhurba\u015fkan\u0131 Recep Tayyip Erdo\u011fan&#8217;\u0131n 90\u2019l\u0131 y\u0131llarda \u0130stanbul B\u00fcy\u00fck\u015fehir Belediye Ba\u015fkanl\u0131\u011f\u0131 g\u00f6revini \u00fcstlenmi\u015f ve okudu\u011fu \u015fiir nedeniyle siyasi yasak ile hapis cezas\u0131 alm\u0131\u015ft\u0131. 90\u2019l\u0131 y\u0131llarda ya\u015fanan olaylar\u0131 ve Erdo\u011fan\u2019\u0131n neden hapis cezas\u0131 ald\u0131\u011f\u0131 gibi konular\u0131 sizler i\u00e7in derledik\u2026\u00a0 28 \u015eUBAT S\u00dcREC\u0130 NASIL BA\u015eLADI\u00a0 T\u00fcrkiye\u2019nin yak\u0131n tarihine etki eden en b\u00fcy\u00fck olaylardan biride 28 \u015eubat Darbesi\u2019dir. 28 \u015eubat s\u00fcreci 1995 y\u0131l\u0131nda Refah Partisi\u2019nin birinci parti olmas\u0131yla ba\u015flad\u0131. Yap\u0131lan uzun g\u00f6r\u00fc\u015fmelerin ard\u0131ndan 1996 y\u0131l\u0131nda DYP-ANAP koalisyon h\u00fck\u00fcmeti kuruldu. Fakat h\u00fck\u00fcmet \u00e7ok fazla dayanamad\u0131 ve da\u011f\u0131ld\u0131. Bunun \u00fczerine TBMM&#8217;de birinci parti durumunda olan Refah Partisi ile ikinci parti olan DYP aras\u0131nda bir koalisyon h\u00fck\u00fcmeti kuruldu. 8 Temmuz 1996&#8217;da TBMM&#8217;de yap\u0131lan oylamada g\u00fcvenoyu almay\u0131 ba\u015far\u0131nca d\u00f6nemin Refah Partisi Genel Ba\u015fkan\u0131 Necmettin Erbakan, ba\u015fbakan oldu. DYP Genel Ba\u015fkan\u0131 Tansu \u00c7iller ise Necmettin Erbakan\u2019\u0131n yard\u0131mc\u0131s\u0131 olarak g\u00f6rev yapmaya ba\u015flay\u0131nca ordu i\u00e7indeki hareketlenme ba\u015flad\u0131.\u00a0 TEPK\u0130LER HIZLA Y\u00dcKSELD\u0130\u00a0 Koalisyon h\u00fck\u00fcmetinin kurulmas\u0131n\u0131n ard\u0131ndan Baz\u0131 Refah Partililer Atat\u00fcrk ilkelerine ve laikli\u011fe kar\u015f\u0131 baz\u0131 hareketler d\u00fczenledi. Sokaklarda \u015feriat eylemleri, &hellip;"}