{"version":"1.0","provider_name":"Av. Deniz Can K\u0131z\u0131l","provider_url":"https:\/\/denizcankizil.tr\/uk","author_name":"admin","author_url":"https:\/\/denizcankizil.tr\/uk\/author\/admin\/","title":"Cumhurba\u015fkan\u0131 Erdo\u011fan Azerbaycan yolcusu","type":"rich","width":600,"height":338,"html":"<blockquote class=\"wp-embedded-content\" data-secret=\"ClNuHdmghK\"><a href=\"https:\/\/denizcankizil.tr\/uk\/haberler\/gundem\/cumhurbaskani-erdogan-azerbaycan-yolcusu\/\">Cumhurba\u015fkan\u0131 Erdo\u011fan Azerbaycan yolcusu<\/a><\/blockquote><iframe sandbox=\"allow-scripts\" security=\"restricted\" src=\"https:\/\/denizcankizil.tr\/uk\/haberler\/gundem\/cumhurbaskani-erdogan-azerbaycan-yolcusu\/embed\/#?secret=ClNuHdmghK\" width=\"600\" height=\"338\" title=\"&#8220;Cumhurba\u015fkan\u0131 Erdo\u011fan Azerbaycan yolcusu&#8221; &#8212; Av. Deniz Can K\u0131z\u0131l\" data-secret=\"ClNuHdmghK\" frameborder=\"0\" marginwidth=\"0\" marginheight=\"0\" scrolling=\"no\" class=\"wp-embedded-content\"><\/iframe><script>\n\/*! This file is auto-generated *\/\n!function(d,l){\"use strict\";l.querySelector&&d.addEventListener&&\"undefined\"!=typeof URL&&(d.wp=d.wp||{},d.wp.receiveEmbedMessage||(d.wp.receiveEmbedMessage=function(e){var t=e.data;if((t||t.secret||t.message||t.value)&&!\/[^a-zA-Z0-9]\/.test(t.secret)){for(var s,r,n,a=l.querySelectorAll('iframe[data-secret=\"'+t.secret+'\"]'),o=l.querySelectorAll('blockquote[data-secret=\"'+t.secret+'\"]'),c=new RegExp(\"^https?:$\",\"i\"),i=0;i<o.length;i++)o[i].style.display=\"none\";for(i=0;i<a.length;i++)s=a[i],e.source===s.contentWindow&&(s.removeAttribute(\"style\"),\"height\"===t.message?(1e3<(r=parseInt(t.value,10))?r=1e3:~~r<200&&(r=200),s.height=r):\"link\"===t.message&&(r=new URL(s.getAttribute(\"src\")),n=new URL(t.value),c.test(n.protocol))&&n.host===r.host&&l.activeElement===s&&(d.top.location.href=t.value))}},d.addEventListener(\"message\",d.wp.receiveEmbedMessage,!1),l.addEventListener(\"DOMContentLoaded\",function(){for(var e,t,s=l.querySelectorAll(\"iframe.wp-embedded-content\"),r=0;r<s.length;r++)(t=(e=s[r]).getAttribute(\"data-secret\"))||(t=Math.random().toString(36).substring(2,12),e.src+=\"#?secret=\"+t,e.setAttribute(\"data-secret\",t)),e.contentWindow.postMessage({message:\"ready\",secret:t},\"*\")},!1)))}(window,document);\n\/\/# sourceURL=https:\/\/denizcankizil.tr\/wp-includes\/js\/wp-embed.min.js\n<\/script>","description":"Cumhurba\u015fkan\u0131 Recep Tayyip Erdo\u011fan, Ba\u011f\u0131ms\u0131zl\u0131k G\u00fcn\u00fc dolay\u0131s\u0131yla 28 May\u0131s \u00c7ar\u015famba g\u00fcn\u00fc Azerbaycan&#8217;\u0131 ziyaret edecek. Ziyaret kapsam\u0131nda Pakistan Ba\u015fbakan\u0131 \u015eahbaz \u015eerif\u2019in de kat\u0131l\u0131m\u0131yla \u201cT\u00fcrkiye-Azerbaycan-Pakistan \u00dc\u00e7l\u00fc Zirvesi\u201dnin ikinci toplant\u0131s\u0131 yap\u0131lacak.ANKARA (\u0130GFA) &#8211; Cumhurba\u015fkan\u0131 Erdo\u011fan&#8217;\u0131n Azerbaycan ziyaretine ili\u015fkin ayr\u0131nt\u0131lar\u0131 \u0130leti\u015fim Ba\u015fkan\u0131 Fahrettin Altun, sosyal medya hesab\u0131ndan payla\u015ft\u0131. Ba\u011f\u0131ms\u0131zl\u0131k G\u00fcn\u00fc dolay\u0131s\u0131yla 28 May\u0131s 2025 tarihinde Azerbaycan\u2019\u0131 ziyaret edecek Cumhurba\u015fkan\u0131 Erdo\u011fan, bu kapsamda Azerbaycan Cumhurba\u015fkan\u0131 \u0130lham Aliyev\u2019le de bir araya gelece\u011fi belirtildi. G\u00f6r\u00fc\u015fmelerde, iki \u00fclke ili\u015fkilerinin yan\u0131 s\u0131ra g\u00fcncel b\u00f6lgesel ve k\u00fcresel geli\u015fmeler hakk\u0131nda fikir teatisinde bulunulmas\u0131 \u00f6ng\u00f6r\u00fcld\u00fc\u011f\u00fc kaydedilirken, ayr\u0131ca bu ziyaret s\u0131ras\u0131nda Pakistan Ba\u015fbakan\u0131 \u015eahbaz \u015eerif\u2019in kat\u0131l\u0131mlar\u0131yla \u201cT\u00fcrkiye-Azerbaycan-Pakistan \u00dc\u00e7l\u00fc Zirvesi\u201dnin 2. Toplant\u0131s\u0131 icra edilece\u011fi belirtildi. Cumhurba\u015fkan\u0131 Erdo\u011fan&#8217;\u0131n, Azerbaycan ziyareti kapsam\u0131nda La\u00e7\u0131n Uluslararas\u0131 Havaliman\u0131\u2019n\u0131n a\u00e7\u0131l\u0131\u015f t\u00f6renine de kat\u0131laca\u011f\u0131 ve Azerbaycan Ba\u011f\u0131ms\u0131zl\u0131k G\u00fcn\u00fc k\u00fclt\u00fcr etkinli\u011fine kat\u0131laca\u011f\u0131 da belirtildi. \u200bCumhurba\u015fkan\u0131 Recep Tayyip Erdo\u011fan, Ba\u011f\u0131ms\u0131zl\u0131k G\u00fcn\u00fc dolay\u0131s\u0131yla 28 May\u0131s \u00c7ar\u015famba g\u00fcn\u00fc Azerbaycan&#8217;\u0131 ziyaret edecek. Ziyaret kapsam\u0131nda Pakistan Ba\u015fbakan\u0131 \u015eahbaz \u015eerif\u2019in de kat\u0131l\u0131m\u0131yla \u201cT\u00fcrkiye-Azerbaycan-Pakistan \u00dc\u00e7l\u00fc Zirvesi\u201dnin ikinci toplant\u0131s\u0131 yap\u0131lacak.ANKARA (\u0130GFA) &#8211; Cumhurba\u015fkan\u0131 Erdo\u011fan&#8217;\u0131n Azerbaycan ziyaretine ili\u015fkin ayr\u0131nt\u0131lar\u0131 \u0130leti\u015fim Ba\u015fkan\u0131 Fahrettin Altun, sosyal medya hesab\u0131ndan payla\u015ft\u0131. Ba\u011f\u0131ms\u0131zl\u0131k G\u00fcn\u00fc dolay\u0131s\u0131yla 28 May\u0131s 2025 tarihinde Azerbaycan\u2019\u0131 ziyaret edecek Cumhurba\u015fkan\u0131 Erdo\u011fan, bu kapsamda Azerbaycan Cumhurba\u015fkan\u0131 \u0130lham Aliyev\u2019le de bir araya gelece\u011fi belirtildi. G\u00f6r\u00fc\u015fmelerde, iki \u00fclke ili\u015fkilerinin yan\u0131 s\u0131ra g\u00fcncel b\u00f6lgesel ve k\u00fcresel geli\u015fmeler &hellip;"}