{"version":"1.0","provider_name":"Av. Deniz Can K\u0131z\u0131l","provider_url":"https:\/\/denizcankizil.tr\/uk","author_name":"Antalya K\u00f6rfez","author_url":"https:\/\/denizcankizil.tr\/uk\/author\/www-antalyakorfez-com\/","title":"Cumhurba\u015fkan\u0131 Erdo\u011fan Antalya\u2019dan ayr\u0131ld\u0131","type":"rich","width":600,"height":338,"html":"<blockquote class=\"wp-embedded-content\" data-secret=\"Vxkblop4tA\"><a href=\"https:\/\/denizcankizil.tr\/uk\/haberler\/gundem\/cumhurbaskani-erdogan-antalyadan-ayrildi\/\">Cumhurba\u015fkan\u0131 Erdo\u011fan Antalya\u2019dan ayr\u0131ld\u0131<\/a><\/blockquote><iframe sandbox=\"allow-scripts\" security=\"restricted\" src=\"https:\/\/denizcankizil.tr\/uk\/haberler\/gundem\/cumhurbaskani-erdogan-antalyadan-ayrildi\/embed\/#?secret=Vxkblop4tA\" width=\"600\" height=\"338\" title=\"&#8220;Cumhurba\u015fkan\u0131 Erdo\u011fan Antalya\u2019dan ayr\u0131ld\u0131&#8221; &#8212; Av. Deniz Can K\u0131z\u0131l\" data-secret=\"Vxkblop4tA\" frameborder=\"0\" marginwidth=\"0\" marginheight=\"0\" scrolling=\"no\" class=\"wp-embedded-content\"><\/iframe><script>\n\/*! This file is auto-generated *\/\n!function(d,l){\"use strict\";l.querySelector&&d.addEventListener&&\"undefined\"!=typeof URL&&(d.wp=d.wp||{},d.wp.receiveEmbedMessage||(d.wp.receiveEmbedMessage=function(e){var t=e.data;if((t||t.secret||t.message||t.value)&&!\/[^a-zA-Z0-9]\/.test(t.secret)){for(var s,r,n,a=l.querySelectorAll('iframe[data-secret=\"'+t.secret+'\"]'),o=l.querySelectorAll('blockquote[data-secret=\"'+t.secret+'\"]'),c=new RegExp(\"^https?:$\",\"i\"),i=0;i<o.length;i++)o[i].style.display=\"none\";for(i=0;i<a.length;i++)s=a[i],e.source===s.contentWindow&&(s.removeAttribute(\"style\"),\"height\"===t.message?(1e3<(r=parseInt(t.value,10))?r=1e3:~~r<200&&(r=200),s.height=r):\"link\"===t.message&&(r=new URL(s.getAttribute(\"src\")),n=new URL(t.value),c.test(n.protocol))&&n.host===r.host&&l.activeElement===s&&(d.top.location.href=t.value))}},d.addEventListener(\"message\",d.wp.receiveEmbedMessage,!1),l.addEventListener(\"DOMContentLoaded\",function(){for(var e,t,s=l.querySelectorAll(\"iframe.wp-embedded-content\"),r=0;r<s.length;r++)(t=(e=s[r]).getAttribute(\"data-secret\"))||(t=Math.random().toString(36).substring(2,12),e.src+=\"#?secret=\"+t,e.setAttribute(\"data-secret\",t)),e.contentWindow.postMessage({message:\"ready\",secret:t},\"*\")},!1)))}(window,document);\n\/\/# sourceURL=https:\/\/denizcankizil.tr\/wp-includes\/js\/wp-embed.min.js\n<\/script>","description":"Cumhurba\u015fkan\u0131 Recep Tayyip Erdo\u011fan 11-13 Nisan tarihleri aras\u0131ndan d\u00fczenlenen Antalya Diplomasi Forumuna ve Antalya Havaliman\u0131 Yeni \u0130\u00e7 ve D\u0131\u015f Hatlar Terminali\u2019nin a\u00e7\u0131l\u0131\u015f t\u00f6renine kat\u0131lmak \u00fczere Antalya\u2019ya geldi. 3 g\u00fcn boyunca kentte kalan Cumhurba\u015fkan\u0131 Erdo\u011fan a\u00e7\u0131l\u0131\u015f\u0131n ve diplomasi forumunun sona ermesinin ard\u0131ndan \u015fehirden ayr\u0131ld\u0131. BA\u015eKAN ERDO\u011eAN HAVAL\u0130MANINDA U\u011eURLANDI Antalya Emniyet M\u00fcd\u00fcrl\u00fc\u011f\u00fc sosyal medya \u00fczerinden yapt\u0131\u011f\u0131 a\u00e7\u0131klamada Ba\u015fkan Erdo\u011fan\u2019\u0131n \u015fehirden ayr\u0131ld\u0131\u011f\u0131n\u0131 a\u00e7\u0131klad\u0131. Antalya il Emniyet M\u00fcd\u00fcr\u00fc \u0130lker Arslan ve il protokol\u00fc taraf\u0131ndan Ba\u015fkan Erdo\u011fan havaliman\u0131ndan u\u011furland\u0131. Yap\u0131lan a\u00e7\u0131klamada, \u201cCumhurba\u015fkan\u0131m\u0131z Say\u0131n Recep Tayyip Erdo\u011fan\u2019\u0131 4. Antalya Diplomasi Forumu vesilesiyle ilimizde a\u011f\u0131rlamaktan onur duyduk. Antalya Havaliman\u0131 Yeni \u0130\u00e7 ve D\u0131\u015f Hatlar Terminali\u2019nin a\u00e7\u0131l\u0131\u015f t\u00f6renine kat\u0131l\u0131mlar\u0131n\u0131n ve Antalya Diplomasi Forumu&#8217; nun tamamlanmas\u0131n\u0131n ard\u0131ndan ilimizden ayr\u0131lan Say\u0131n Cumhurba\u015fkan\u0131m\u0131z, \u0130l Emniyet M\u00fcd\u00fcr\u00fcm\u00fcz Say\u0131n \u0130lker ARSLAN ve il protokol\u00fc taraf\u0131ndan havaliman\u0131ndan u\u011furlanm\u0131\u015ft\u0131r\u201d ifadelerine yer verildi. Cumhurba\u015fkan\u0131m\u0131z Say\u0131n Recep Tayyip ERDO\u011eAN\u2019I 4. Antalya Diplomasi Forumu vesilesiyle ilimizde a\u011f\u0131rlamaktan onur duyduk. Antalya Havaliman\u0131 Yeni \u0130\u00e7 ve D\u0131\u015f Hatlar Terminali\u2019nin a\u00e7\u0131l\u0131\u015f t\u00f6renine kat\u0131l\u0131mlar\u0131n\u0131n ve Antalya Diplomasi Forumu&#8217; nun tamamlanmas\u0131n\u0131n ard\u0131ndan ilimizden\u2026 pic.twitter.com\/QXjaL7wlv4 \u2014 Antalya Emniyet M\u00fcd\u00fcrl\u00fc\u011f\u00fc (@AntalyaEmniyet) April 13, 2025 D\u00dcNYANIN G\u00d6Z\u00dc ANTALYA\u2019YA \u00c7EVR\u0130LD\u0130 Antalya Diplomas\u0131 Forumuna d\u00fcnyan\u0131n d\u00f6rt bir yan\u0131nda kat\u0131l\u0131m oldu. B\u00fct\u00fcn d\u00fcnyan\u0131n g\u00f6z\u00fcn\u00fc \u00e7evirdi\u011fi foruma 140&#8217;\u0131 a\u015fk\u0131n \u00fclkeden; 20&#8217;yi a\u015fk\u0131n devlet\/h\u00fck\u00fcmet ba\u015fkan\u0131, 50&#8217;den fazlas\u0131 d\u0131\u015fi\u015fleri bakan\u0131 olmak \u00fczere &hellip;"}