{"version":"1.0","provider_name":"Av. Deniz Can K\u0131z\u0131l","provider_url":"https:\/\/denizcankizil.tr\/uk","author_name":"admin","author_url":"https:\/\/denizcankizil.tr\/uk\/author\/admin\/","title":"CHP \u0130l\u00e7e te\u015fkilat\u0131ndan \u0130mamo\u011flu a\u00e7\u0131klamas\u0131\u2026","type":"rich","width":600,"height":338,"html":"<blockquote class=\"wp-embedded-content\" data-secret=\"9cTCzQFPsD\"><a href=\"https:\/\/denizcankizil.tr\/uk\/haberler\/gundem\/chp-ilce-teskilatindan-imamoglu-aciklamasi\/\">CHP \u0130l\u00e7e te\u015fkilat\u0131ndan \u0130mamo\u011flu a\u00e7\u0131klamas\u0131\u2026<\/a><\/blockquote><iframe sandbox=\"allow-scripts\" security=\"restricted\" src=\"https:\/\/denizcankizil.tr\/uk\/haberler\/gundem\/chp-ilce-teskilatindan-imamoglu-aciklamasi\/embed\/#?secret=9cTCzQFPsD\" width=\"600\" height=\"338\" title=\"&#8220;CHP \u0130l\u00e7e te\u015fkilat\u0131ndan \u0130mamo\u011flu a\u00e7\u0131klamas\u0131\u2026&#8221; &#8212; Av. Deniz Can K\u0131z\u0131l\" data-secret=\"9cTCzQFPsD\" frameborder=\"0\" marginwidth=\"0\" marginheight=\"0\" scrolling=\"no\" class=\"wp-embedded-content\"><\/iframe><script>\n\/*! This file is auto-generated *\/\n!function(d,l){\"use strict\";l.querySelector&&d.addEventListener&&\"undefined\"!=typeof URL&&(d.wp=d.wp||{},d.wp.receiveEmbedMessage||(d.wp.receiveEmbedMessage=function(e){var t=e.data;if((t||t.secret||t.message||t.value)&&!\/[^a-zA-Z0-9]\/.test(t.secret)){for(var s,r,n,a=l.querySelectorAll('iframe[data-secret=\"'+t.secret+'\"]'),o=l.querySelectorAll('blockquote[data-secret=\"'+t.secret+'\"]'),c=new RegExp(\"^https?:$\",\"i\"),i=0;i<o.length;i++)o[i].style.display=\"none\";for(i=0;i<a.length;i++)s=a[i],e.source===s.contentWindow&&(s.removeAttribute(\"style\"),\"height\"===t.message?(1e3<(r=parseInt(t.value,10))?r=1e3:~~r<200&&(r=200),s.height=r):\"link\"===t.message&&(r=new URL(s.getAttribute(\"src\")),n=new URL(t.value),c.test(n.protocol))&&n.host===r.host&&l.activeElement===s&&(d.top.location.href=t.value))}},d.addEventListener(\"message\",d.wp.receiveEmbedMessage,!1),l.addEventListener(\"DOMContentLoaded\",function(){for(var e,t,s=l.querySelectorAll(\"iframe.wp-embedded-content\"),r=0;r<s.length;r++)(t=(e=s[r]).getAttribute(\"data-secret\"))||(t=Math.random().toString(36).substring(2,12),e.src+=\"#?secret=\"+t,e.setAttribute(\"data-secret\",t)),e.contentWindow.postMessage({message:\"ready\",secret:t},\"*\")},!1)))}(window,document);\n\/\/# sourceURL=https:\/\/denizcankizil.tr\/wp-includes\/js\/wp-embed.min.js\n<\/script>","description":"Cumhuriyet Halk Partisi \u0130skenderun \u0130l\u00e7e te\u015fkilat\u0131 \u00f6n\u00fcndeki Ba\u015fkan H\u00fcseyin Derin\u2019in bas\u0131n a\u00e7\u0131klamas\u0131 toplant\u0131s\u0131nda ge\u00e7en d\u00f6nem Milletvekili Av. Suzan \u015eahin ile partililer de haz\u0131r bulundu. Erdo\u011fan ve \u00e7evresindeki dar \u00e7\u0131kar grubunun halk\u0131n iradesine a\u00e7\u0131k bir darbe giri\u015fiminde bulundu\u011funu savunan CHP \u0130l\u00e7e Ba\u015fkan\u0131 H\u00fcseyin Derin bu durumu &#8220;Bu millete topyek\u00fbn bir sald\u0131r\u0131&#8221; olarak de\u011ferlendirdi. H\u00fcseyin Derin, son se\u00e7imde Cumhuriyet Halk Partisi\u2019nin halk\u0131n iradesiyle T\u00fcrkiye\u2019nin 1. partisi oldu\u011funu ve bu b\u00fcy\u00fck g\u00fcc\u00fcn halk\u00e7\u0131 belediyecilik anlay\u0131\u015f\u0131yla, \u00f6nse\u00e7im kararl\u0131l\u0131\u011f\u0131yla, \u015feffaf ve adil y\u00f6netim ilkeleriyle iktidar\u0131n korkulu r\u00fcyas\u0131 haline geldi\u011fini vurgulad\u0131. Se\u00e7imle kazanamayacaklar\u0131n\u0131 anlayanlar\u0131n zorbal\u0131\u011fa ba\u015fvurdu\u011funu ifade eden CHP\u2019li H\u00fcseyin Derin \u201c\u0130\u00e7eri al\u0131nan yaln\u0131zca Cumhuriyet Halk Partisi de\u011fil, milletin ta kendisidir. Cumhurba\u015fkan\u0131 Erdo\u011fan\u2019\u0131n sand\u0131kta d\u00f6rt kez yendi\u011fi \u0130stanbul B\u00fcy\u00fck\u015fehir Belediye Ba\u015fkan\u0131 Ekrem \u0130mamo\u011flu ve \u0130stanbul&#8217;daki \u00e7al\u0131\u015fma arkada\u015flar\u0131 hedef alan sald\u0131r\u0131d\u0131r. Erdo\u011fan&#8217;\u0131 sand\u0131kta d\u00f6rt kez yendi\u011fi i\u00e7in defalarca iktidar\u0131n sald\u0131r\u0131lar\u0131n\u0131n hedefi olan Cumhurba\u015fkan\u0131 \u00f6n se\u00e7im aday\u0131m\u0131z T\u00fcrkiye Belediyeler Birli\u011fi ve \u0130stanbul B\u00fcy\u00fck\u015fehir Belediye Ba\u015fkan\u0131m\u0131z Say\u0131n Ekrem \u0130mamo\u011flu ve \u0130stanbul&#8217;daki \u00e7al\u0131\u015fma arkada\u015flar\u0131, belediye ba\u015fkanlar\u0131m\u0131z, yol arkada\u015flar\u0131m\u0131z, gazeteciler, fikir insanlar\u0131, toplumun her kesiminden yurtta\u015flar bu sabah itibariyle g\u00f6zalt\u0131na al\u0131nm\u0131\u015ft\u0131r\u201d diye konu\u015ftu &#8220;BU B\u0130R DARBED\u0130R&#8221; \u0130BB Ba\u015fkan\u0131 Ekrem \u0130mamo\u011flu ile arkada\u015flar\u0131n\u0131n g\u00f6zalt\u0131na al\u0131nma olay\u0131n\u0131 \u2018bir darbe\u2019 olarak niteleyen CHP \u0130l\u00e7e Ba\u015fkan\u0131 Derin \u201cMilletin yerine karar vermek, halk\u0131n iradesinin yerine ge\u00e7mek &hellip;"}