{"version":"1.0","provider_name":"Av. Deniz Can K\u0131z\u0131l","provider_url":"https:\/\/denizcankizil.tr\/uk","author_name":"Av. Deniz Can K\u0131z\u0131l","author_url":"https:\/\/denizcankizil.tr\/uk","title":"\u00c7ankaya: \"Sermayeye De\u011fil Emek\u00e7iye B\u00fct\u00e7e\"","type":"rich","width":600,"height":338,"html":"<blockquote class=\"wp-embedded-content\" data-secret=\"xMw0vG5UaA\"><a href=\"https:\/\/denizcankizil.tr\/uk\/haberler\/gundem\/cankaya-sermayeye-degil-emekciye-butce\/\">\u00c7ankaya: &#8220;Sermayeye De\u011fil Emek\u00e7iye B\u00fct\u00e7e&#8221;<\/a><\/blockquote><iframe sandbox=\"allow-scripts\" security=\"restricted\" src=\"https:\/\/denizcankizil.tr\/uk\/haberler\/gundem\/cankaya-sermayeye-degil-emekciye-butce\/embed\/#?secret=xMw0vG5UaA\" width=\"600\" height=\"338\" title=\"&#8220;\u00c7ankaya: &#8220;Sermayeye De\u011fil Emek\u00e7iye B\u00fct\u00e7e&#8221;&#8221; &#8212; Av. Deniz Can K\u0131z\u0131l\" data-secret=\"xMw0vG5UaA\" frameborder=\"0\" marginwidth=\"0\" marginheight=\"0\" scrolling=\"no\" class=\"wp-embedded-content\"><\/iframe><script>\n\/*! This file is auto-generated *\/\n!function(d,l){\"use strict\";l.querySelector&&d.addEventListener&&\"undefined\"!=typeof URL&&(d.wp=d.wp||{},d.wp.receiveEmbedMessage||(d.wp.receiveEmbedMessage=function(e){var t=e.data;if((t||t.secret||t.message||t.value)&&!\/[^a-zA-Z0-9]\/.test(t.secret)){for(var s,r,n,a=l.querySelectorAll('iframe[data-secret=\"'+t.secret+'\"]'),o=l.querySelectorAll('blockquote[data-secret=\"'+t.secret+'\"]'),c=new RegExp(\"^https?:$\",\"i\"),i=0;i<o.length;i++)o[i].style.display=\"none\";for(i=0;i<a.length;i++)s=a[i],e.source===s.contentWindow&&(s.removeAttribute(\"style\"),\"height\"===t.message?(1e3<(r=parseInt(t.value,10))?r=1e3:~~r<200&&(r=200),s.height=r):\"link\"===t.message&&(r=new URL(s.getAttribute(\"src\")),n=new URL(t.value),c.test(n.protocol))&&n.host===r.host&&l.activeElement===s&&(d.top.location.href=t.value))}},d.addEventListener(\"message\",d.wp.receiveEmbedMessage,!1),l.addEventListener(\"DOMContentLoaded\",function(){for(var e,t,s=l.querySelectorAll(\"iframe.wp-embedded-content\"),r=0;r<s.length;r++)(t=(e=s[r]).getAttribute(\"data-secret\"))||(t=Math.random().toString(36).substring(2,12),e.src+=\"#?secret=\"+t,e.setAttribute(\"data-secret\",t)),e.contentWindow.postMessage({message:\"ready\",secret:t},\"*\")},!1)))}(window,document);\n\/\/# sourceURL=https:\/\/denizcankizil.tr\/wp-includes\/js\/wp-embed.min.js\n<\/script>","description":"T\u00fcm Emekliler Sendikas\u0131 \u0130skenderun \u015eubesi ile STK temsilcilerinin kat\u0131l\u0131m\u0131yla G\u00fcvercinli Parkta ger\u00e7ekle\u015ftirilen bas\u0131n a\u00e7\u0131klamas\u0131 toplant\u0131s\u0131nda Cumhuriyet Halk Partisi Hatay Milletvekili Nermin Y\u0131ld\u0131r\u0131m Kara ile partisinin il\u00e7e Ba\u015fkan\u0131 Av. H\u00fcseyin Derin\u2019nin de haz\u0131r bulundu. STK temsilcileri ile emeklilerin geni\u015f kat\u0131l\u0131m\u0131yla ger\u00e7ekle\u015ftirilen etkinlikte konu\u015fan T\u00fcm Emekliler Sendikas\u0131 \u0130skenderun \u015eube Ba\u015fkan\u0131 \u00c7ankaya, kamu kaynaklar\u0131n\u0131n \u00f6zelle\u015ftirilmesi ve eme\u011fin haklar\u0131n\u0131n gasp edilmesi nedeniyle, mevcut h\u00fck\u00fcmetin istifas\u0131n\u0131 ve erken se\u00e7im karar\u0131 al\u0131nmas\u0131n\u0131 talep etti. \u00a0 &#8220;CUMHUR\u0130YET, KEND\u0130NE YETEN B\u0130R \u00dcLKE YARATTI&#8221; \u00c7ankaya, Cumhuriyet\u2019in devlet \u00f6nc\u00fcl\u00fc\u011f\u00fcnde a\u011f\u0131r sanayi ve tar\u0131m alan\u0131nda at\u0131l\u0131mlar yapt\u0131\u011f\u0131n\u0131 belirterek, \u201cKaynaklar\u0131 k\u0131t, gen\u00e7 n\u00fcfusu sava\u015flarda yitirilmi\u015f bir \u00fclkeden, dinamik, \u00f6zg\u00fcveni y\u00fcksek ve kendine yeten bir \u00fclke yarat\u0131ld\u0131. \u2018Yurtta bar\u0131\u015f, d\u00fcnyada bar\u0131\u015f\u2019 ilkesi do\u011frultusunda kom\u015fu \u00fclkelerle kar\u015f\u0131l\u0131kl\u0131 yarara dayal\u0131 ili\u015fkiler kuruldu\u201d dedi. Ancak \u00c7ankaya, 1980 askeri darbesi ve ard\u0131ndan gelen Turgut \u00d6zal h\u00fck\u00fcmetinin, kamu kaynaklar\u0131n\u0131 ve i\u015f\u00e7i haklar\u0131n\u0131 hedef alan neo-liberal politikalarla bu sistemi tahrip etti\u011fini ifade etti. \u201cKamu i\u015fletmeleri yok pahas\u0131na yabanc\u0131 tekellere ve yerli i\u015fbirlik\u00e7ilere pe\u015fke\u015f \u00e7ekildi. \u00d6zelle\u015ftirme politikalar\u0131n\u0131n \u015fampiyonu ise AKP h\u00fck\u00fcmetleri oldu\u201d dedi. \u00a0 &#8220;AKLIMIZLA DALGA GE\u00c7\u0130L\u0130YOR&#8221; 15 Kas\u0131m 2024\u2019te TBMM Plan ve B\u00fct\u00e7e Komisyonu\u2019nda \u00c7al\u0131\u015fma ve Sosyal G\u00fcvenlik Bakanl\u0131\u011f\u0131\u2019n\u0131n 2025 y\u0131l\u0131 b\u00fct\u00e7esinin kabul edilmesine de\u011finen \u00c7ankaya, Bakan Vedat I\u015f\u0131khan\u2019\u0131n en d\u00fc\u015f\u00fck emekli maa\u015f\u0131n\u0131n 12 bin 500 liraya y\u00fckseldi\u011fini hat\u0131rlatarak, &hellip;"}