{"version":"1.0","provider_name":"Av. Deniz Can K\u0131z\u0131l","provider_url":"https:\/\/denizcankizil.tr\/uk","author_name":"admin","author_url":"https:\/\/denizcankizil.tr\/uk\/author\/admin\/","title":"\u00c7al\u0131\u015fan annelere 15 milyon TL destek","type":"rich","width":600,"height":338,"html":"<blockquote class=\"wp-embedded-content\" data-secret=\"Apyw0AWDsZ\"><a href=\"https:\/\/denizcankizil.tr\/uk\/haberler\/gundem\/calisan-annelere-15-milyon-tl-destek\/\">\u00c7al\u0131\u015fan annelere 15 milyon TL destek<\/a><\/blockquote><iframe sandbox=\"allow-scripts\" security=\"restricted\" src=\"https:\/\/denizcankizil.tr\/uk\/haberler\/gundem\/calisan-annelere-15-milyon-tl-destek\/embed\/#?secret=Apyw0AWDsZ\" width=\"600\" height=\"338\" title=\"&#8220;\u00c7al\u0131\u015fan annelere 15 milyon TL destek&#8221; &#8212; Av. Deniz Can K\u0131z\u0131l\" data-secret=\"Apyw0AWDsZ\" frameborder=\"0\" marginwidth=\"0\" marginheight=\"0\" scrolling=\"no\" class=\"wp-embedded-content\"><\/iframe><script>\n\/*! This file is auto-generated *\/\n!function(d,l){\"use strict\";l.querySelector&&d.addEventListener&&\"undefined\"!=typeof URL&&(d.wp=d.wp||{},d.wp.receiveEmbedMessage||(d.wp.receiveEmbedMessage=function(e){var t=e.data;if((t||t.secret||t.message||t.value)&&!\/[^a-zA-Z0-9]\/.test(t.secret)){for(var s,r,n,a=l.querySelectorAll('iframe[data-secret=\"'+t.secret+'\"]'),o=l.querySelectorAll('blockquote[data-secret=\"'+t.secret+'\"]'),c=new RegExp(\"^https?:$\",\"i\"),i=0;i<o.length;i++)o[i].style.display=\"none\";for(i=0;i<a.length;i++)s=a[i],e.source===s.contentWindow&&(s.removeAttribute(\"style\"),\"height\"===t.message?(1e3<(r=parseInt(t.value,10))?r=1e3:~~r<200&&(r=200),s.height=r):\"link\"===t.message&&(r=new URL(s.getAttribute(\"src\")),n=new URL(t.value),c.test(n.protocol))&&n.host===r.host&&l.activeElement===s&&(d.top.location.href=t.value))}},d.addEventListener(\"message\",d.wp.receiveEmbedMessage,!1),l.addEventListener(\"DOMContentLoaded\",function(){for(var e,t,s=l.querySelectorAll(\"iframe.wp-embedded-content\"),r=0;r<s.length;r++)(t=(e=s[r]).getAttribute(\"data-secret\"))||(t=Math.random().toString(36).substring(2,12),e.src+=\"#?secret=\"+t,e.setAttribute(\"data-secret\",t)),e.contentWindow.postMessage({message:\"ready\",secret:t},\"*\")},!1)))}(window,document);\n\/\/# sourceURL=https:\/\/denizcankizil.tr\/wp-includes\/js\/wp-embed.min.js\n<\/script>","description":"\u00c7al\u0131\u015fma ve Sosyal G\u00fcvenlik Bakanl\u0131\u011f\u0131, Ankara, \u0130stanbul ve \u0130zmir\u2019de y\u00fcr\u00fct\u00fclen EDU-CARE II projesi kapsam\u0131nda \u00e7al\u0131\u015fan annelere bu y\u0131l 15 milyon liradan fazla destek sa\u011flanaca\u011f\u0131n\u0131 a\u00e7\u0131klad\u0131.ANKARA (\u0130GFA) &#8211; A\u00e7\u0131klama \u00c7al\u0131\u015fma ve Sosyal G\u00fcvenlik Bakan\u0131 Prof. Dr. Vedat I\u015f\u0131khan&#8217;dan geldi. \u00c7al\u0131\u015fma ve Sosyal G\u00fcvenlik Bakan\u0131 Vedat I\u015f\u0131khan, \u201cE\u011fitimli \u00c7ocuk Bak\u0131c\u0131lar\u0131n\u0131n Te\u015fviki Yoluyla Kay\u0131tl\u0131 Kad\u0131n \u0130stihdam\u0131n\u0131n Desteklenmesi Projesi (EDU-CARE II)\u201d \u00e7er\u00e7evesinde, 2025 y\u0131l\u0131nda \u00e7al\u0131\u015fan annelere toplam 15 milyon liradan fazla destek sa\u011flanaca\u011f\u0131n\u0131 duyurdu. Bakan I\u015f\u0131khan, E\u011fitimli \u00c7ocuk Bak\u0131c\u0131lar\u0131n\u0131n Te\u015fviki Yoluyla Kay\u0131tl\u0131 Kad\u0131n \u0130stihdam\u0131n\u0131n Desteklenmesi Projesi II (EDU-CARE II) sayesinde annelerin kay\u0131tl\u0131 istihdama kat\u0131lmas\u0131n\u0131 destekliyor, sigortal\u0131 ve e\u011fitimli \u00e7ocuk bak\u0131c\u0131l\u0131\u011f\u0131n\u0131 te\u015fvik ettiklerini belirterek, Ankara, \u0130stanbul, \u0130zmir illerinde y\u00fcr\u00fct\u00fclen projeye 2025 y\u0131l\u0131nda toplam 15 milyon liradan fazla destek tutar\u0131 sa\u011flanaca\u011f\u0131n\u0131 kaydetti. \u200b\u00c7al\u0131\u015fma ve Sosyal G\u00fcvenlik Bakanl\u0131\u011f\u0131, Ankara, \u0130stanbul ve \u0130zmir\u2019de y\u00fcr\u00fct\u00fclen EDU-CARE II projesi kapsam\u0131nda \u00e7al\u0131\u015fan annelere bu y\u0131l 15 milyon liradan fazla destek sa\u011flanaca\u011f\u0131n\u0131 a\u00e7\u0131klad\u0131.ANKARA (\u0130GFA) &#8211; A\u00e7\u0131klama \u00c7al\u0131\u015fma ve Sosyal G\u00fcvenlik Bakan\u0131 Prof. Dr. Vedat I\u015f\u0131khan&#8217;dan geldi. \u00c7al\u0131\u015fma ve Sosyal G\u00fcvenlik Bakan\u0131 Vedat I\u015f\u0131khan, \u201cE\u011fitimli \u00c7ocuk Bak\u0131c\u0131lar\u0131n\u0131n Te\u015fviki Yoluyla Kay\u0131tl\u0131 Kad\u0131n \u0130stihdam\u0131n\u0131n Desteklenmesi Projesi (EDU-CARE II)\u201d \u00e7er\u00e7evesinde, 2025 y\u0131l\u0131nda \u00e7al\u0131\u015fan annelere toplam 15 milyon liradan fazla destek sa\u011flanaca\u011f\u0131n\u0131 duyurdu. Bakan I\u015f\u0131khan, E\u011fitimli \u00c7ocuk Bak\u0131c\u0131lar\u0131n\u0131n Te\u015fviki Yoluyla Kay\u0131tl\u0131 Kad\u0131n \u0130stihdam\u0131n\u0131n Desteklenmesi Projesi II (EDU-CARE &hellip;"}