{"version":"1.0","provider_name":"Av. Deniz Can K\u0131z\u0131l","provider_url":"https:\/\/denizcankizil.tr\/uk","author_name":"admin","author_url":"https:\/\/denizcankizil.tr\/uk\/author\/admin\/","title":"Bursa'n\u0131n '\u00c7evre D\u00fczeni Plan\u0131' ortak ak\u0131lla \u015fekilleniyor","type":"rich","width":600,"height":338,"html":"<blockquote class=\"wp-embedded-content\" data-secret=\"4lmBHmwckJ\"><a href=\"https:\/\/denizcankizil.tr\/uk\/haberler\/gundem\/bursanin-cevre-duzeni-plani-ortak-akilla-sekilleniyor\/\">Bursa&#8217;n\u0131n &#8216;\u00c7evre D\u00fczeni Plan\u0131&#8217; ortak ak\u0131lla \u015fekilleniyor<\/a><\/blockquote><iframe sandbox=\"allow-scripts\" security=\"restricted\" src=\"https:\/\/denizcankizil.tr\/uk\/haberler\/gundem\/bursanin-cevre-duzeni-plani-ortak-akilla-sekilleniyor\/embed\/#?secret=4lmBHmwckJ\" width=\"600\" height=\"338\" title=\"&#8220;Bursa&#8217;n\u0131n &#8216;\u00c7evre D\u00fczeni Plan\u0131&#8217; ortak ak\u0131lla \u015fekilleniyor&#8221; &#8212; Av. Deniz Can K\u0131z\u0131l\" data-secret=\"4lmBHmwckJ\" frameborder=\"0\" marginwidth=\"0\" marginheight=\"0\" scrolling=\"no\" class=\"wp-embedded-content\"><\/iframe><script>\n\/*! This file is auto-generated *\/\n!function(d,l){\"use strict\";l.querySelector&&d.addEventListener&&\"undefined\"!=typeof URL&&(d.wp=d.wp||{},d.wp.receiveEmbedMessage||(d.wp.receiveEmbedMessage=function(e){var t=e.data;if((t||t.secret||t.message||t.value)&&!\/[^a-zA-Z0-9]\/.test(t.secret)){for(var s,r,n,a=l.querySelectorAll('iframe[data-secret=\"'+t.secret+'\"]'),o=l.querySelectorAll('blockquote[data-secret=\"'+t.secret+'\"]'),c=new RegExp(\"^https?:$\",\"i\"),i=0;i<o.length;i++)o[i].style.display=\"none\";for(i=0;i<a.length;i++)s=a[i],e.source===s.contentWindow&&(s.removeAttribute(\"style\"),\"height\"===t.message?(1e3<(r=parseInt(t.value,10))?r=1e3:~~r<200&&(r=200),s.height=r):\"link\"===t.message&&(r=new URL(s.getAttribute(\"src\")),n=new URL(t.value),c.test(n.protocol))&&n.host===r.host&&l.activeElement===s&&(d.top.location.href=t.value))}},d.addEventListener(\"message\",d.wp.receiveEmbedMessage,!1),l.addEventListener(\"DOMContentLoaded\",function(){for(var e,t,s=l.querySelectorAll(\"iframe.wp-embedded-content\"),r=0;r<s.length;r++)(t=(e=s[r]).getAttribute(\"data-secret\"))||(t=Math.random().toString(36).substring(2,12),e.src+=\"#?secret=\"+t,e.setAttribute(\"data-secret\",t)),e.contentWindow.postMessage({message:\"ready\",secret:t},\"*\")},!1)))}(window,document);\n\/\/# sourceURL=https:\/\/denizcankizil.tr\/wp-includes\/js\/wp-embed.min.js\n<\/script>","description":"Bursa B\u00fcy\u00fck\u015fehir Belediyesi, Bursa\u2019n\u0131n \u2018Kent Anayasas\u0131\u2019n\u0131 olu\u015fturacak olan 2050 vizyonlu \u20181\/100.000\u2019lik \u00c7evre D\u00fczeni Plan\u0131\u2019 \u00e7al\u0131\u015fmalar\u0131n\u0131 payda\u015f \u00e7al\u0131\u015ftaylar\u0131yla s\u00fcrd\u00fcr\u00fcyor. S\u00fcreci \u015feffaf, kat\u0131l\u0131mc\u0131 ve bilimsel bir zemin \u00fczerine in\u015fa etmeye kararl\u0131 olduklar\u0131n\u0131 s\u00f6yleyen Ba\u015fkan Mustafa Bozbey, Bursa\u2019da \u2018benim de fikrim var\u2019 diyen herkesin katk\u0131s\u0131yla plan\u0131n kentin anayasas\u0131 olaca\u011f\u0131n\u0131 belirtti.BURSA (\u0130GFA) &#8211; Bursa B\u00fcy\u00fck\u015fehir Belediyesi, \u2018Kent Anayasas\u0131\u2019n\u0131 olu\u015fturacak 2050 vizyonlu \u20181\/100.000\u2019lik \u00c7evre D\u00fczeni Plan\u0131\u2019 kapsam\u0131nda toplumun t\u00fcm kesimleriyle bulu\u015fmaya devam ediyor. B\u00f6lgesel Muhtarlar \u00c7al\u0131\u015ftaylar\u0131 ve Hayalimizdeki Bursa\u2019y\u0131 Konu\u015fuyoruz toplant\u0131lar\u0131yla 17 il\u00e7ede t\u00fcm kesimlerin kente dair g\u00f6r\u00fc\u015f ve d\u00fc\u015f\u00fcncelerini dinleyen B\u00fcy\u00fck\u015fehir Belediyesi, \u00c7evre D\u00fczeni Plan\u0131 \u00e7al\u0131\u015fmalar\u0131n\u0131 \u2018Payda\u015f \u00c7al\u0131\u015ftay\u0131\u2019 ile s\u00fcrd\u00fcr\u00fcyor.Atat\u00fcrk K\u00fclt\u00fcr Merkezi Merinos Yerle\u015fkesi\u2019ndeki \u00e7al\u0131\u015ftay\u0131n ikinci toplant\u0131s\u0131na, Bursa B\u00fcy\u00fck\u015fehir Belediye Ba\u015fkan\u0131 Mustafa Bozbey, B\u00fcy\u00fck\u015fehir Belediyesi Genel Sekreteri Do\u00e7. Dr. Erg\u00fcl Halis\u00e7elik, Genel Sekreter Yard\u0131mc\u0131s\u0131 Mehmet T\u00f6z\u00fcn Bing\u00f6l, Bursa Kent Konseyi Ba\u015fkan\u0131 Prof. Dr. Ertu\u011frul Aksoy, merkezi y\u00f6netim, yerel y\u00f6netim, meslek odalar\u0131, \u00fcniversiteler, \u00f6zel sekt\u00f6r ve sivil toplum kurulu\u015flar\u0131n\u0131n temsilcileri kat\u0131ld\u0131. Ge\u00e7ti\u011fimiz aylarda yap\u0131lan payda\u015f \u00e7al\u0131\u015ftaylar\u0131n\u0131n birincisinde Bursa\u2019n\u0131n g\u00fc\u00e7l\u00fc ve zay\u0131f y\u00f6nleri bilimsel ve yerel bilgiyle harmanlanarak analiz edilmi\u015fti. \u0130kinci toplant\u0131da ise uzmanlar taraf\u0131ndan verilerin sentezi yap\u0131larak stratejik \u00f6ncelikler ortaya konuldu. \u201cSTRATEJ\u0130K \u00d6NCEL\u0130KLER\u0130M\u0130Z\u0130 ORTAYA KOYUYORUZ\u201d Bursa B\u00fcy\u00fck\u015fehir Belediye Ba\u015fkan\u0131 Mustafa Bozbey, 2050 y\u0131l\u0131n\u0131n Bursa\u2019s\u0131n\u0131 hayal etmek ve bu hayali birlikte in\u015fa etmek i\u00e7in \u00e7al\u0131\u015fmalara devam &hellip;"}