{"version":"1.0","provider_name":"Av. Deniz Can K\u0131z\u0131l","provider_url":"https:\/\/denizcankizil.tr\/uk","author_name":"Av. Deniz Can K\u0131z\u0131l","author_url":"https:\/\/denizcankizil.tr\/uk","title":"Bursa tek y\u00fcrek Cumhuriyet'e sahip \u00e7\u0131kt\u0131","type":"rich","width":600,"height":338,"html":"<blockquote class=\"wp-embedded-content\" data-secret=\"tSgG6sXv9B\"><a href=\"https:\/\/denizcankizil.tr\/uk\/haberler\/gundem\/bursa-tek-yurek-cumhuriyete-sahip-cikti\/\">Bursa tek y\u00fcrek Cumhuriyet&#8217;e sahip \u00e7\u0131kt\u0131<\/a><\/blockquote><iframe sandbox=\"allow-scripts\" security=\"restricted\" src=\"https:\/\/denizcankizil.tr\/uk\/haberler\/gundem\/bursa-tek-yurek-cumhuriyete-sahip-cikti\/embed\/#?secret=tSgG6sXv9B\" width=\"600\" height=\"338\" title=\"&#8220;Bursa tek y\u00fcrek Cumhuriyet&#8217;e sahip \u00e7\u0131kt\u0131&#8221; &#8212; Av. Deniz Can K\u0131z\u0131l\" data-secret=\"tSgG6sXv9B\" frameborder=\"0\" marginwidth=\"0\" marginheight=\"0\" scrolling=\"no\" class=\"wp-embedded-content\"><\/iframe><script>\n\/*! This file is auto-generated *\/\n!function(d,l){\"use strict\";l.querySelector&&d.addEventListener&&\"undefined\"!=typeof URL&&(d.wp=d.wp||{},d.wp.receiveEmbedMessage||(d.wp.receiveEmbedMessage=function(e){var t=e.data;if((t||t.secret||t.message||t.value)&&!\/[^a-zA-Z0-9]\/.test(t.secret)){for(var s,r,n,a=l.querySelectorAll('iframe[data-secret=\"'+t.secret+'\"]'),o=l.querySelectorAll('blockquote[data-secret=\"'+t.secret+'\"]'),c=new RegExp(\"^https?:$\",\"i\"),i=0;i<o.length;i++)o[i].style.display=\"none\";for(i=0;i<a.length;i++)s=a[i],e.source===s.contentWindow&&(s.removeAttribute(\"style\"),\"height\"===t.message?(1e3<(r=parseInt(t.value,10))?r=1e3:~~r<200&&(r=200),s.height=r):\"link\"===t.message&&(r=new URL(s.getAttribute(\"src\")),n=new URL(t.value),c.test(n.protocol))&&n.host===r.host&&l.activeElement===s&&(d.top.location.href=t.value))}},d.addEventListener(\"message\",d.wp.receiveEmbedMessage,!1),l.addEventListener(\"DOMContentLoaded\",function(){for(var e,t,s=l.querySelectorAll(\"iframe.wp-embedded-content\"),r=0;r<s.length;r++)(t=(e=s[r]).getAttribute(\"data-secret\"))||(t=Math.random().toString(36).substring(2,12),e.src+=\"#?secret=\"+t,e.setAttribute(\"data-secret\",t)),e.contentWindow.postMessage({message:\"ready\",secret:t},\"*\")},!1)))}(window,document);\n\/\/# sourceURL=https:\/\/denizcankizil.tr\/wp-includes\/js\/wp-embed.min.js\n<\/script>","description":"Cumhuriyet\u2019in ilan\u0131n\u0131n 101. y\u0131l\u0131n\u0131 b\u00fct\u00fcn Bursa birlikte Nil\u00fcfer\u2019de kutlad\u0131. Bursa B\u00fcy\u00fck\u015fehir Belediyesi ve Nil\u00fcfer Belediyesi\u2019nin, bu y\u0131l bir ilki ger\u00e7ekle\u015ftirerek birlikte d\u00fczenledi\u011fi \u201cCumhuriyet Y\u00fcr\u00fcy\u00fc\u015f\u00fc\u201d, y\u00fcz binleri FSM\u2019de bulu\u015fturdu.BURSA (\u0130GFA) &#8211;\u00a0Bursa, \u015fimdiye kadar d\u00fczenlenen en g\u00f6rkemli Cumhuriyet Bayram\u0131 kutlamas\u0131na sahne oldu. Y\u00fcz binlerce Bursal\u0131, Nil\u00fcfer\u2019de her y\u0131l d\u00fczenlenen Cumhuriyet Y\u00fcr\u00fcy\u00fc\u015f\u00fc\u2019ne kat\u0131larak Cumhuriyet\u2019e nas\u0131l sahip \u00e7\u0131kt\u0131\u011f\u0131n\u0131 g\u00f6sterdi. Bursa B\u00fcy\u00fck\u015fehir Belediyesi ve Nil\u00fcfer Belediyesi\u2019nin bu y\u0131l bir ilki ger\u00e7ekle\u015ftirerek birlikte d\u00fczenledi\u011fi \u201cCumhuriyet Y\u00fcr\u00fcy\u00fc\u015f\u00fc\u201d \u00a0muhte\u015fem g\u00f6r\u00fcnt\u00fclere sahne oldu. FSM Bulvar\u0131\u2019n\u0131 ba\u015ftan sona dolduran Cumhuriyet sevdal\u0131lar\u0131, ellerinde Atat\u00fcrk ve T\u00fcrk bayraklar\u0131 ile alan\u0131 doldurdu. Y\u00fcz binlerce Bursal\u0131, mar\u015flarla, \u015fark\u0131larla y\u00fcr\u00fcyerek Cumhuriyet i\u00e7in kenetlendi. Ba\u015flang\u0131\u00e7 noktas\u0131, Fatih Sultan Mehmet Bulvar\u0131\u2019ndaki Ac\u0131badem Kav\u015fa\u011f\u0131 olan y\u00fcr\u00fcy\u00fc\u015f, Bursa B\u00fcy\u00fck\u015fehir Belediye Ba\u015fkan\u0131 Mustafa Bozbey ve e\u015fi Seden Bozbey ile Nil\u00fcfer Belediye Ba\u015fkan\u0131 \u015eadi \u00d6zdemir ve e\u015fi Nuray \u00d6zdemir\u2019in alana gelmesiyle ba\u015flad\u0131. Ba\u015fkan Mustafa Bozbey ve Ba\u015fkan \u015eadi \u00d6zdemir, y\u00fcr\u00fcy\u00fc\u015f \u00f6ncesi ortak a\u00e7\u0131klama yaparak Cumhuriyetin 101. y\u0131l\u0131nda Bursa B\u00fcy\u00fck\u015fehir Belediyesi ve Nil\u00fcfer Belediyesi\u2019nin birlikte d\u00fczenledi\u011fi y\u00fcr\u00fcy\u00fc\u015f\u00fcn, birlikteli\u011fin en g\u00fczel \u00f6rne\u011fini ya\u015fatt\u0131\u011f\u0131n\u0131 belirttiler. Bu \u00fclkenin her zorlu\u011fu birlikte a\u015faca\u011f\u0131na vurgu yapan Ba\u015fkan Mustafa Bozbey ve Ba\u015fkan \u015eadi \u00d6zdemir, Nil\u00fcfer ile \u00f6zde\u015fle\u015fen Cumhuriyet y\u00fcr\u00fcy\u00fc\u015f\u00fcne bu y\u0131l daha da b\u00fcy\u00fck ilgi g\u00f6sterilmesinin, halk\u0131n Cumhuriyeti her zamankinden \u00e7ok sahiplendi\u011fini de ortaya koydu\u011funu ifade ettiler. Gelene\u011fi &hellip;"}