{"version":"1.0","provider_name":"Av. Deniz Can K\u0131z\u0131l","provider_url":"https:\/\/denizcankizil.tr\/uk","author_name":"admin","author_url":"https:\/\/denizcankizil.tr\/uk\/author\/admin\/","title":"Bursa Nil\u00fcfer'de \u00e7ift\u00e7iye \u00f6rnek olacak","type":"rich","width":600,"height":338,"html":"<blockquote class=\"wp-embedded-content\" data-secret=\"4ZaRmnuk1f\"><a href=\"https:\/\/denizcankizil.tr\/uk\/haberler\/gundem\/bursa-niluferde-ciftciye-ornek-olacak\/\">Bursa Nil\u00fcfer&#8217;de \u00e7ift\u00e7iye \u00f6rnek olacak<\/a><\/blockquote><iframe sandbox=\"allow-scripts\" security=\"restricted\" src=\"https:\/\/denizcankizil.tr\/uk\/haberler\/gundem\/bursa-niluferde-ciftciye-ornek-olacak\/embed\/#?secret=4ZaRmnuk1f\" width=\"600\" height=\"338\" title=\"&#8220;Bursa Nil\u00fcfer&#8217;de \u00e7ift\u00e7iye \u00f6rnek olacak&#8221; &#8212; Av. Deniz Can K\u0131z\u0131l\" data-secret=\"4ZaRmnuk1f\" frameborder=\"0\" marginwidth=\"0\" marginheight=\"0\" scrolling=\"no\" class=\"wp-embedded-content\"><\/iframe><script>\n\/*! This file is auto-generated *\/\n!function(d,l){\"use strict\";l.querySelector&&d.addEventListener&&\"undefined\"!=typeof URL&&(d.wp=d.wp||{},d.wp.receiveEmbedMessage||(d.wp.receiveEmbedMessage=function(e){var t=e.data;if((t||t.secret||t.message||t.value)&&!\/[^a-zA-Z0-9]\/.test(t.secret)){for(var s,r,n,a=l.querySelectorAll('iframe[data-secret=\"'+t.secret+'\"]'),o=l.querySelectorAll('blockquote[data-secret=\"'+t.secret+'\"]'),c=new RegExp(\"^https?:$\",\"i\"),i=0;i<o.length;i++)o[i].style.display=\"none\";for(i=0;i<a.length;i++)s=a[i],e.source===s.contentWindow&&(s.removeAttribute(\"style\"),\"height\"===t.message?(1e3<(r=parseInt(t.value,10))?r=1e3:~~r<200&&(r=200),s.height=r):\"link\"===t.message&&(r=new URL(s.getAttribute(\"src\")),n=new URL(t.value),c.test(n.protocol))&&n.host===r.host&&l.activeElement===s&&(d.top.location.href=t.value))}},d.addEventListener(\"message\",d.wp.receiveEmbedMessage,!1),l.addEventListener(\"DOMContentLoaded\",function(){for(var e,t,s=l.querySelectorAll(\"iframe.wp-embedded-content\"),r=0;r<s.length;r++)(t=(e=s[r]).getAttribute(\"data-secret\"))||(t=Math.random().toString(36).substring(2,12),e.src+=\"#?secret=\"+t,e.setAttribute(\"data-secret\",t)),e.contentWindow.postMessage({message:\"ready\",secret:t},\"*\")},!1)))}(window,document);\n\/\/# sourceURL=https:\/\/denizcankizil.tr\/wp-includes\/js\/wp-embed.min.js\n<\/script>","description":"Bursa Nil\u00fcfer Belediyesi, \u00e7ift\u00e7ileri tar\u0131ma te\u015fvik etmek ve \u00f6rnek \u00fcretimler ger\u00e7ekle\u015ftirmek amac\u0131yla, Kadriye Mahallesi\u2019nde 6 dekarl\u0131k alanda ahududu \u00fcretimi i\u00e7in ilk ad\u0131m\u0131 att\u0131. N\u0130LKOOP i\u015f birli\u011fiyle ger\u00e7ekle\u015ftirilen proje kapsam\u0131nda, b\u00f6lgede ahududu \u00fcretiminin yayg\u0131nla\u015ft\u0131r\u0131lmas\u0131 hedefleniyor.BURSA (\u0130GFA) &#8211; Bursa\u00a0Nil\u00fcfer Belediyesi tar\u0131mda \u00f6rnek projelerine bir yenisini daha ekledi. \u00c7ift\u00e7iyi tar\u0131ma te\u015fvik etmek ve \u00fcretimi desteklemek amac\u0131yla \u00fcr\u00fcn denemelerini s\u00fcrd\u00fcren Nil\u00fcfer Belediyesi, Kadriye Mahallesi\u2019nde ahududu \u00fcretimini ba\u015flatmak i\u00e7in 6 dekarl\u0131k alana fidan dikimi ger\u00e7ekle\u015ftirdi. Nil\u00fcfer Tar\u0131msal Kalk\u0131nma Kooperatifi (N\u0130LKOOP) i\u015f birli\u011finde ger\u00e7ekle\u015ftirilen fidan dikim t\u00f6renine; Nil\u00fcfer Belediye Ba\u015fkan\u0131 \u015eadi \u00d6zdemir, Bursa B\u00fcy\u00fck\u015fehir Belediye Ba\u015fkan Vekili ve Tar\u0131m Peyzaj A.\u015e. Y\u00f6netim Kurulu Ba\u015fkan\u0131 Mehmet Ayd\u0131n Sald\u0131z, Osmangazi Belediye Ba\u015fkan Vekili Cemile Y\u0131lg\u00f6r, CHP Nil\u00fcfer \u0130l\u00e7e Ba\u015fkan\u0131 \u00d6zg\u00fcr \u015eahin, Nil\u00fcfer Ziraat Odas\u0131 Ba\u015fkan\u0131 \u015eenol Aybey, N\u0130LKOOP Y\u00f6netim Kurulu Ba\u015fkan\u0131 S\u00fcleyman Ayy\u0131lmaz, Kadriye Mahallesi Muhtar\u0131 Osman Oslu ve \u00e7ok say\u0131da mahalle muhtar\u0131 \u00a0ile vatanda\u015flar kat\u0131ld\u0131. \u201cKIRSALDAK\u0130 \u0130NSANLARIMIZIN KAZANMASINI SA\u011eLAMALIYIZ\u201d T\u00f6rende konu\u015fan Nil\u00fcfer Belediye Ba\u015fkan\u0131 \u015eadi \u00d6zdemir, tar\u0131m\u0131n kendileri i\u00e7in \u00e7ok k\u0131ymetli oldu\u011funu vurgulayarak, tar\u0131m alanlar\u0131n\u0131n b\u00fcy\u00fck bir bask\u0131 alt\u0131nda oldu\u011funa dikkat \u00e7ekti. Artan maliyetler ve verilen desteklerin azalmas\u0131 nedeniyle insanlar\u0131n, \u00f6zellikle gen\u00e7lerin tar\u0131mdan vazge\u00e7ti\u011fini belirten Ba\u015fkan \u015eadi \u00d6zdemir, \u201cTar\u0131m alanlar\u0131n\u0131 kaybetmemek i\u00e7in buralar\u0131n yeniden \u00fcretime girmesi gerekiyor. K\u0131rsal b\u00f6lgelerde ya\u015fayan insanlar\u0131m\u0131z\u0131n tar\u0131m ve turizm gelirleriyle kendilerine gelecek &hellip;"}