{"version":"1.0","provider_name":"Av. Deniz Can K\u0131z\u0131l","provider_url":"https:\/\/denizcankizil.tr\/uk","author_name":"admin","author_url":"https:\/\/denizcankizil.tr\/uk\/author\/admin\/","title":"Bursa B\u00fcy\u00fck\u015fehir\u2019den Cinu\u00e7en Tanr\u0131korur an\u0131s\u0131na konser","type":"rich","width":600,"height":338,"html":"<blockquote class=\"wp-embedded-content\" data-secret=\"yNbGhiIROz\"><a href=\"https:\/\/denizcankizil.tr\/uk\/haberler\/gundem\/bursa-buyuksehirden-cinucen-tanrikorur-anisina-konser\/\">Bursa B\u00fcy\u00fck\u015fehir\u2019den Cinu\u00e7en Tanr\u0131korur an\u0131s\u0131na konser<\/a><\/blockquote><iframe sandbox=\"allow-scripts\" security=\"restricted\" src=\"https:\/\/denizcankizil.tr\/uk\/haberler\/gundem\/bursa-buyuksehirden-cinucen-tanrikorur-anisina-konser\/embed\/#?secret=yNbGhiIROz\" width=\"600\" height=\"338\" title=\"&#8220;Bursa B\u00fcy\u00fck\u015fehir\u2019den Cinu\u00e7en Tanr\u0131korur an\u0131s\u0131na konser&#8221; &#8212; Av. Deniz Can K\u0131z\u0131l\" data-secret=\"yNbGhiIROz\" frameborder=\"0\" marginwidth=\"0\" marginheight=\"0\" scrolling=\"no\" class=\"wp-embedded-content\"><\/iframe><script>\n\/*! This file is auto-generated *\/\n!function(d,l){\"use strict\";l.querySelector&&d.addEventListener&&\"undefined\"!=typeof URL&&(d.wp=d.wp||{},d.wp.receiveEmbedMessage||(d.wp.receiveEmbedMessage=function(e){var t=e.data;if((t||t.secret||t.message||t.value)&&!\/[^a-zA-Z0-9]\/.test(t.secret)){for(var s,r,n,a=l.querySelectorAll('iframe[data-secret=\"'+t.secret+'\"]'),o=l.querySelectorAll('blockquote[data-secret=\"'+t.secret+'\"]'),c=new RegExp(\"^https?:$\",\"i\"),i=0;i<o.length;i++)o[i].style.display=\"none\";for(i=0;i<a.length;i++)s=a[i],e.source===s.contentWindow&&(s.removeAttribute(\"style\"),\"height\"===t.message?(1e3<(r=parseInt(t.value,10))?r=1e3:~~r<200&&(r=200),s.height=r):\"link\"===t.message&&(r=new URL(s.getAttribute(\"src\")),n=new URL(t.value),c.test(n.protocol))&&n.host===r.host&&l.activeElement===s&&(d.top.location.href=t.value))}},d.addEventListener(\"message\",d.wp.receiveEmbedMessage,!1),l.addEventListener(\"DOMContentLoaded\",function(){for(var e,t,s=l.querySelectorAll(\"iframe.wp-embedded-content\"),r=0;r<s.length;r++)(t=(e=s[r]).getAttribute(\"data-secret\"))||(t=Math.random().toString(36).substring(2,12),e.src+=\"#?secret=\"+t,e.setAttribute(\"data-secret\",t)),e.contentWindow.postMessage({message:\"ready\",secret:t},\"*\")},!1)))}(window,document);\n\/\/# sourceURL=https:\/\/denizcankizil.tr\/wp-includes\/js\/wp-embed.min.js\n<\/script>","description":"Bursa B\u00fcy\u00fck\u015fehir Belediyesi Orkestra \u015eube M\u00fcd\u00fcrl\u00fc\u011f\u00fc taraf\u0131ndan d\u00fczenlenen konserde, ut virt\u00fc\u00f6z\u00fc, bestekar, musiki hocas\u0131 ve yazar Cinu\u00e7en Tanr\u0131korur, vefat\u0131n\u0131n 25. y\u0131l\u0131nda kendi eserleriyle an\u0131ld\u0131.BURSA (\u0130GFA) &#8211;\u00a0Bursa B\u00fcy\u00fck\u015fehir Belediyesi Orkestra \u015eube M\u00fcd\u00fcrl\u00fc\u011f\u00fc T\u00fcrk Sanat M\u00fczi\u011fi B\u00f6l\u00fcm\u00fc taraf\u0131ndan Cinu\u00e7en Tanr\u0131korur&#8217;un vefat\u0131n\u0131n 25. y\u0131l\u0131nda anma konseri d\u00fczenlendi. Sunuculu\u011funu Nalan H\u00f6ke&#8217;nin \u00fcstlendi\u011fi Merinos Atat\u00fcrk Kongre K\u00fclt\u00fcr Merkezi\u2019ndeki konsere, usta sanat\u00e7\u0131n\u0131n e\u015fi Barih\u00fcda Tanr\u0131korur da kat\u0131l\u0131rken, sanatseverler yo\u011fun ilgi g\u00f6sterdi. \u015eef Salih Berkmen y\u00f6netiminde sahne alan T\u00fcrk Sanat M\u00fczi\u011fi B\u00f6l\u00fcm\u00fc sanat\u00e7\u0131lar\u0131, solo ve koro halinde Cinu\u00e7en Tanr\u0131korur\u2019un eserlerini okudu. Usta sanat\u00e7\u0131n\u0131n eserlerini seslendiren Kemal Alevli, Ay\u015fe Balkan, Serkan Gencer, Esranur \u00c7e\u011fil, Meri\u00e7\u00a0Ersal ve Ay\u015fe G\u00fcl Y\u00fczge\u00e7, performanslar\u0131yla dinleyenler taraf\u0131ndan alk\u0131\u015fland\u0131. Konserin sonunda \u015fef Salih Berkmen, solistler ve orkestra sanat\u00e7\u0131lar\u0131 sanatseverler taraf\u0131ndan uzun s\u00fcre alk\u0131\u015fland\u0131. Cinu\u00e7en Tanr\u0131korur\u2019un e\u015fi Barih\u00fcda Tanr\u0131korur, usta sanat\u00e7\u0131n\u0131n an\u0131s\u0131na d\u00fczenlenen konser dolay\u0131s\u0131yla b\u00fcy\u00fck bir mutluluk ya\u015fad\u0131\u011f\u0131n\u0131 dile getirerek Bursa B\u00fcy\u00fck\u015fehir Belediyesi\u2019ne te\u015fekk\u00fcr etti. \u200bBursa B\u00fcy\u00fck\u015fehir Belediyesi Orkestra \u015eube M\u00fcd\u00fcrl\u00fc\u011f\u00fc taraf\u0131ndan d\u00fczenlenen konserde, ut virt\u00fc\u00f6z\u00fc, bestekar, musiki hocas\u0131 ve yazar Cinu\u00e7en Tanr\u0131korur, vefat\u0131n\u0131n 25. y\u0131l\u0131nda kendi eserleriyle an\u0131ld\u0131.BURSA (\u0130GFA) &#8211;\u00a0Bursa B\u00fcy\u00fck\u015fehir Belediyesi Orkestra \u015eube M\u00fcd\u00fcrl\u00fc\u011f\u00fc T\u00fcrk Sanat M\u00fczi\u011fi B\u00f6l\u00fcm\u00fc taraf\u0131ndan Cinu\u00e7en Tanr\u0131korur&#8217;un vefat\u0131n\u0131n 25. y\u0131l\u0131nda anma konseri d\u00fczenlendi. Sunuculu\u011funu Nalan H\u00f6ke&#8217;nin \u00fcstlendi\u011fi Merinos Atat\u00fcrk Kongre K\u00fclt\u00fcr Merkezi\u2019ndeki konsere, usta sanat\u00e7\u0131n\u0131n e\u015fi Barih\u00fcda Tanr\u0131korur &hellip;"}