{"version":"1.0","provider_name":"Av. Deniz Can K\u0131z\u0131l","provider_url":"https:\/\/denizcankizil.tr\/uk","author_name":"Av. Deniz Can K\u0131z\u0131l","author_url":"https:\/\/denizcankizil.tr\/uk","title":"B\u00f6cek: \u00d6\u011fretmenlerin hakk\u0131 \u00f6denmez","type":"rich","width":600,"height":338,"html":"<blockquote class=\"wp-embedded-content\" data-secret=\"uWw7a3dZk3\"><a href=\"https:\/\/denizcankizil.tr\/uk\/haberler\/gundem\/bocek-ogretmenlerin-hakki-odenmez\/\">B\u00f6cek: \u00d6\u011fretmenlerin hakk\u0131 \u00f6denmez<\/a><\/blockquote><iframe sandbox=\"allow-scripts\" security=\"restricted\" src=\"https:\/\/denizcankizil.tr\/uk\/haberler\/gundem\/bocek-ogretmenlerin-hakki-odenmez\/embed\/#?secret=uWw7a3dZk3\" width=\"600\" height=\"338\" title=\"&#8220;B\u00f6cek: \u00d6\u011fretmenlerin hakk\u0131 \u00f6denmez&#8221; &#8212; Av. Deniz Can K\u0131z\u0131l\" data-secret=\"uWw7a3dZk3\" frameborder=\"0\" marginwidth=\"0\" marginheight=\"0\" scrolling=\"no\" class=\"wp-embedded-content\"><\/iframe><script>\n\/*! This file is auto-generated *\/\n!function(d,l){\"use strict\";l.querySelector&&d.addEventListener&&\"undefined\"!=typeof URL&&(d.wp=d.wp||{},d.wp.receiveEmbedMessage||(d.wp.receiveEmbedMessage=function(e){var t=e.data;if((t||t.secret||t.message||t.value)&&!\/[^a-zA-Z0-9]\/.test(t.secret)){for(var s,r,n,a=l.querySelectorAll('iframe[data-secret=\"'+t.secret+'\"]'),o=l.querySelectorAll('blockquote[data-secret=\"'+t.secret+'\"]'),c=new RegExp(\"^https?:$\",\"i\"),i=0;i<o.length;i++)o[i].style.display=\"none\";for(i=0;i<a.length;i++)s=a[i],e.source===s.contentWindow&&(s.removeAttribute(\"style\"),\"height\"===t.message?(1e3<(r=parseInt(t.value,10))?r=1e3:~~r<200&&(r=200),s.height=r):\"link\"===t.message&&(r=new URL(s.getAttribute(\"src\")),n=new URL(t.value),c.test(n.protocol))&&n.host===r.host&&l.activeElement===s&&(d.top.location.href=t.value))}},d.addEventListener(\"message\",d.wp.receiveEmbedMessage,!1),l.addEventListener(\"DOMContentLoaded\",function(){for(var e,t,s=l.querySelectorAll(\"iframe.wp-embedded-content\"),r=0;r<s.length;r++)(t=(e=s[r]).getAttribute(\"data-secret\"))||(t=Math.random().toString(36).substring(2,12),e.src+=\"#?secret=\"+t,e.setAttribute(\"data-secret\",t)),e.contentWindow.postMessage({message:\"ready\",secret:t},\"*\")},!1)))}(window,document);\n\/\/# sourceURL=https:\/\/denizcankizil.tr\/wp-includes\/js\/wp-embed.min.js\n<\/script>","description":"Antalya B\u00fcy\u00fck\u015fehir Belediye Ba\u015fkan\u0131 Muhittin B\u00f6cek, 24 Kas\u0131m \u00d6\u011fretmenler G\u00fcn\u00fc dolay\u0131s\u0131yla bir mesaj yay\u0131mlad\u0131. HAKLARI \u00d6DENMEZ Ba\u015fkan Muhittin B\u00f6cek, mesaj\u0131nda \u015fu ifadelere yer verdi: &#8220;Cumhuriyet sizden fikri h\u00fcr, vicdan\u0131 h\u00fcr, irfan\u0131 h\u00fcr nesiller ister&#8221; diyen Ata&#8217;m\u0131z\u0131n izinden ayr\u0131lmadan, gelece\u011fimizin teminat\u0131 \u00e7ocuklar\u0131m\u0131z\u0131 yar\u0131nlara haz\u0131rlayan k\u0131ymetli \u00f6\u011fretmenlerimizin 24 Kas\u0131m \u00d6\u011fretmenler G\u00fcn\u00fc&#8217;n\u00fc en i\u00e7ten duygular\u0131mla kutluyorum. \u00d6\u011fretmenler, \u00e7ocuklar\u0131m\u0131z\u0131 gelece\u011fe haz\u0131rlayan, onlar\u0131 yeti\u015ftiren toplumun en \u00f6nemli dinamik unsurlar\u0131d\u0131r. G\u00fcc\u00fcn\u00fc insandan ve sevgiden alan, her bir \u00f6\u011frencisini ayr\u0131 ayr\u0131 seven, onlar\u0131 ba\u011fr\u0131na basan elleri \u00f6p\u00fclesi \u00f6\u011fretmenlerimizin haklar\u0131 hi\u00e7bir \u015fekilde \u00f6denmez. ONLAR \u00c7OK DE\u011eERL\u0130 Bug\u00fcn\u00fcn \u00e7ocuklar\u0131 ve gen\u00e7lerini, vatan ve millet sevgisiyle yeti\u015ftiren \u00f6\u011fretmenlerimize \u015f\u00fckran bor\u00e7luyuz. Devrimleriyle e\u011fitim sisteminde yepyeni ufuklar a\u00e7an Ba\u015f\u00f6\u011fretmen Mustafa Kemal Atat\u00fcrk, \u00f6\u011fretmenlerin ne denli de\u011ferli oldu\u011funu ve bir toplumun, bir \u00fclkenin gelece\u011fini \u015fekillendirmede ne kadar \u00f6nemli roller \u00fcstlendiklerini say\u0131s\u0131z kez dile getirmi\u015ftir. Cumhuriyetimizin kurucusu Gazi Mustafa Kemal Atat\u00fcrk, yeni ve \u00e7a\u011fda\u015f bir T\u00fcrk toplumu yarat\u0131rken \u00f6\u011fretmenlere g\u00fcvenmi\u015f ve onlara inanm\u0131\u015ft\u0131r. ATAT\u00dcRK\u2019\u00dcN \u00d6N\u00dcNDE SAYGIYLA E\u011e\u0130L\u0130YORUZ Tam 101 y\u0131ld\u0131r yolumuzu ayd\u0131nlatmaya devam eden B\u00fcy\u00fck \u00d6nder Ba\u015f\u00f6\u011fretmen Gazi Mustafa Kemal Atat\u00fcrk&#8217;\u00fcn aziz hat\u0131ras\u0131 \u00f6n\u00fcnde sayg\u0131yla e\u011filiyor, bizleri yeti\u015ftiren ve bug\u00fcnlere gelmemize vesile olan t\u00fcm \u00f6\u011fretmenlerimizin ve e\u011fitim camiam\u0131z\u0131n 24 Kas\u0131m \u00d6\u011fretmenler G\u00fcn\u00fc&#8217;n\u00fc bir kez daha kutluyorum. E\u011fitime y\u0131llar\u0131n\u0131 veren emekli \u00f6\u011fretmenlerimize sa\u011fl\u0131kl\u0131 uzun y\u0131llar &hellip;"}