{"version":"1.0","provider_name":"Av. Deniz Can K\u0131z\u0131l","provider_url":"https:\/\/denizcankizil.tr\/uk","author_name":"admin","author_url":"https:\/\/denizcankizil.tr\/uk\/author\/admin\/","title":"Bilecik'te \u015farampole devrilen ara\u00e7ta 3 ki\u015fi yaraland\u0131","type":"rich","width":600,"height":338,"html":"<blockquote class=\"wp-embedded-content\" data-secret=\"CqaXUgB8TD\"><a href=\"https:\/\/denizcankizil.tr\/uk\/haberler\/gundem\/bilecikte-sarampole-devrilen-aracta-3-kisi-yaralandi\/\">Bilecik&#8217;te \u015farampole devrilen ara\u00e7ta 3 ki\u015fi yaraland\u0131<\/a><\/blockquote><iframe sandbox=\"allow-scripts\" security=\"restricted\" src=\"https:\/\/denizcankizil.tr\/uk\/haberler\/gundem\/bilecikte-sarampole-devrilen-aracta-3-kisi-yaralandi\/embed\/#?secret=CqaXUgB8TD\" width=\"600\" height=\"338\" title=\"&#8220;Bilecik&#8217;te \u015farampole devrilen ara\u00e7ta 3 ki\u015fi yaraland\u0131&#8221; &#8212; Av. Deniz Can K\u0131z\u0131l\" data-secret=\"CqaXUgB8TD\" frameborder=\"0\" marginwidth=\"0\" marginheight=\"0\" scrolling=\"no\" class=\"wp-embedded-content\"><\/iframe><script>\n\/*! This file is auto-generated *\/\n!function(d,l){\"use strict\";l.querySelector&&d.addEventListener&&\"undefined\"!=typeof URL&&(d.wp=d.wp||{},d.wp.receiveEmbedMessage||(d.wp.receiveEmbedMessage=function(e){var t=e.data;if((t||t.secret||t.message||t.value)&&!\/[^a-zA-Z0-9]\/.test(t.secret)){for(var s,r,n,a=l.querySelectorAll('iframe[data-secret=\"'+t.secret+'\"]'),o=l.querySelectorAll('blockquote[data-secret=\"'+t.secret+'\"]'),c=new RegExp(\"^https?:$\",\"i\"),i=0;i<o.length;i++)o[i].style.display=\"none\";for(i=0;i<a.length;i++)s=a[i],e.source===s.contentWindow&&(s.removeAttribute(\"style\"),\"height\"===t.message?(1e3<(r=parseInt(t.value,10))?r=1e3:~~r<200&&(r=200),s.height=r):\"link\"===t.message&&(r=new URL(s.getAttribute(\"src\")),n=new URL(t.value),c.test(n.protocol))&&n.host===r.host&&l.activeElement===s&&(d.top.location.href=t.value))}},d.addEventListener(\"message\",d.wp.receiveEmbedMessage,!1),l.addEventListener(\"DOMContentLoaded\",function(){for(var e,t,s=l.querySelectorAll(\"iframe.wp-embedded-content\"),r=0;r<s.length;r++)(t=(e=s[r]).getAttribute(\"data-secret\"))||(t=Math.random().toString(36).substring(2,12),e.src+=\"#?secret=\"+t,e.setAttribute(\"data-secret\",t)),e.contentWindow.postMessage({message:\"ready\",secret:t},\"*\")},!1)))}(window,document);\n\/\/# sourceURL=https:\/\/denizcankizil.tr\/wp-includes\/js\/wp-embed.min.js\n<\/script>","description":"Bilecik\u2019in Boz\u00fcy\u00fck il\u00e7esinde meydana gelen trafik kazas\u0131nda bir otomobil \u015farampole devrildi, ara\u00e7ta bulunan 3 ki\u015fi yaraland\u0131.Pazaryeri G\u00fcndem \/ B\u0130LEC\u0130K (\u0130GFA) &#8211; Kaza, Bilecik, Boz\u00fcy\u00fck karayolunun Bahar\u00f6z\u00fc mevkii yak\u0131nlar\u0131nda ger\u00e7ekle\u015fti. Edinilen bilgilere g\u00f6re, K.T. (53) idaresindeki 54 ALD 178 plakal\u0131 otomobil, s\u00fcr\u00fcc\u00fcs\u00fcn\u00fcn direksiyon hakimiyetini kaybetmesi sonucu kontrolden \u00e7\u0131karak yol kenar\u0131ndaki \u015farampole devrildi. Kazay\u0131 g\u00f6ren vatanda\u015flar\u0131n ihbar\u0131 \u00fczerine olay yerine 112 Acil Sa\u011fl\u0131k, jandarma ve itfaiye ekipleri sevk edildi. Ara\u00e7ta bulunan s\u00fcr\u00fcc\u00fc K.T. ile beraberindeki A.T. (27) ve E.T. (16), sa\u011fl\u0131k ekiplerince olay yerinde yap\u0131lan ilk m\u00fcdahalenin ard\u0131ndan Boz\u00fcy\u00fck Devlet Hastanesi\u2019ne kald\u0131r\u0131ld\u0131. Tedavi alt\u0131na al\u0131nan yaral\u0131lar\u0131n sa\u011fl\u0131k durumlar\u0131n\u0131n iyi oldu\u011fu \u00f6\u011frenilirken, polis ekipleri kaza ile ilgili inceleme ba\u015flatt\u0131. \u200bBilecik\u2019in Boz\u00fcy\u00fck il\u00e7esinde meydana gelen trafik kazas\u0131nda bir otomobil \u015farampole devrildi, ara\u00e7ta bulunan 3 ki\u015fi yaraland\u0131.Pazaryeri G\u00fcndem \/ B\u0130LEC\u0130K (\u0130GFA) &#8211; Kaza, Bilecik, Boz\u00fcy\u00fck karayolunun Bahar\u00f6z\u00fc mevkii yak\u0131nlar\u0131nda ger\u00e7ekle\u015fti. Edinilen bilgilere g\u00f6re, K.T. (53) idaresindeki 54 ALD 178 plakal\u0131 otomobil, s\u00fcr\u00fcc\u00fcs\u00fcn\u00fcn direksiyon hakimiyetini kaybetmesi sonucu kontrolden \u00e7\u0131karak yol kenar\u0131ndaki \u015farampole devrildi. Kazay\u0131 g\u00f6ren vatanda\u015flar\u0131n ihbar\u0131 \u00fczerine olay yerine 112 Acil Sa\u011fl\u0131k, jandarma ve itfaiye ekipleri sevk edildi. Ara\u00e7ta bulunan s\u00fcr\u00fcc\u00fc K.T. ile beraberindeki A.T. (27) ve E.T. (16), sa\u011fl\u0131k ekiplerince olay yerinde yap\u0131lan ilk m\u00fcdahalenin ard\u0131ndan Boz\u00fcy\u00fck Devlet Hastanesi\u2019ne kald\u0131r\u0131ld\u0131. Tedavi alt\u0131na al\u0131nan yaral\u0131lar\u0131n &hellip;"}