{"version":"1.0","provider_name":"Av. Deniz Can K\u0131z\u0131l","provider_url":"https:\/\/denizcankizil.tr\/uk","author_name":"admin","author_url":"https:\/\/denizcankizil.tr\/uk\/author\/admin\/","title":"Bayrakl\u0131\u2019dan Ad\u0131yaman\u2019a g\u00f6n\u00fcl k\u00f6pr\u00fcs\u00fc","type":"rich","width":600,"height":338,"html":"<blockquote class=\"wp-embedded-content\" data-secret=\"NsixE1t1rB\"><a href=\"https:\/\/denizcankizil.tr\/uk\/haberler\/gundem\/bayraklidan-adiyamana-gonul-koprusu\/\">Bayrakl\u0131\u2019dan Ad\u0131yaman\u2019a g\u00f6n\u00fcl k\u00f6pr\u00fcs\u00fc<\/a><\/blockquote><iframe sandbox=\"allow-scripts\" security=\"restricted\" src=\"https:\/\/denizcankizil.tr\/uk\/haberler\/gundem\/bayraklidan-adiyamana-gonul-koprusu\/embed\/#?secret=NsixE1t1rB\" width=\"600\" height=\"338\" title=\"&#8220;Bayrakl\u0131\u2019dan Ad\u0131yaman\u2019a g\u00f6n\u00fcl k\u00f6pr\u00fcs\u00fc&#8221; &#8212; Av. Deniz Can K\u0131z\u0131l\" data-secret=\"NsixE1t1rB\" frameborder=\"0\" marginwidth=\"0\" marginheight=\"0\" scrolling=\"no\" class=\"wp-embedded-content\"><\/iframe><script>\n\/*! This file is auto-generated *\/\n!function(d,l){\"use strict\";l.querySelector&&d.addEventListener&&\"undefined\"!=typeof URL&&(d.wp=d.wp||{},d.wp.receiveEmbedMessage||(d.wp.receiveEmbedMessage=function(e){var t=e.data;if((t||t.secret||t.message||t.value)&&!\/[^a-zA-Z0-9]\/.test(t.secret)){for(var s,r,n,a=l.querySelectorAll('iframe[data-secret=\"'+t.secret+'\"]'),o=l.querySelectorAll('blockquote[data-secret=\"'+t.secret+'\"]'),c=new RegExp(\"^https?:$\",\"i\"),i=0;i<o.length;i++)o[i].style.display=\"none\";for(i=0;i<a.length;i++)s=a[i],e.source===s.contentWindow&&(s.removeAttribute(\"style\"),\"height\"===t.message?(1e3<(r=parseInt(t.value,10))?r=1e3:~~r<200&&(r=200),s.height=r):\"link\"===t.message&&(r=new URL(s.getAttribute(\"src\")),n=new URL(t.value),c.test(n.protocol))&&n.host===r.host&&l.activeElement===s&&(d.top.location.href=t.value))}},d.addEventListener(\"message\",d.wp.receiveEmbedMessage,!1),l.addEventListener(\"DOMContentLoaded\",function(){for(var e,t,s=l.querySelectorAll(\"iframe.wp-embedded-content\"),r=0;r<s.length;r++)(t=(e=s[r]).getAttribute(\"data-secret\"))||(t=Math.random().toString(36).substring(2,12),e.src+=\"#?secret=\"+t,e.setAttribute(\"data-secret\",t)),e.contentWindow.postMessage({message:\"ready\",secret:t},\"*\")},!1)))}(window,document);\n\/\/# sourceURL=https:\/\/denizcankizil.tr\/wp-includes\/js\/wp-embed.min.js\n<\/script>","description":"Bayrakl\u0131 Belediyesi, 8 Mart D\u00fcnya Emek\u00e7i Kad\u0131nlar G\u00fcn\u00fc ve Deprem Haftas\u0131 kapsam\u0131nda, depremzede kad\u0131nlar\u0131n ya\u015fad\u0131\u011f\u0131 zorluklara, kad\u0131n dayan\u0131\u015fmas\u0131n\u0131n g\u00fcc\u00fcne dikkat \u00e7ekmek ve deprem bilinci konusunda fark\u0131ndal\u0131k yaratmak amac\u0131yla anlaml\u0131 bir etkinli\u011fe ev sahipli\u011fi yapt\u0131. \u200bBayrakl\u0131 Belediyesi, 8 Mart D\u00fcnya Emek\u00e7i Kad\u0131nlar G\u00fcn\u00fc ve Deprem Haftas\u0131 kapsam\u0131nda, depremzede kad\u0131nlar\u0131n ya\u015fad\u0131\u011f\u0131 zorluklara, kad\u0131n dayan\u0131\u015fmas\u0131n\u0131n g\u00fcc\u00fcne dikkat \u00e7ekmek ve deprem bilinci konusunda fark\u0131ndal\u0131k yaratmak amac\u0131yla anlaml\u0131 bir etkinli\u011fe ev sahipli\u011fi yapt\u0131.\u00a0 \u200bHaberin Al\u0131nt\u0131land\u0131\u011f\u0131 Kaynak: www.iskenderun.org"}