{"version":"1.0","provider_name":"Av. Deniz Can K\u0131z\u0131l","provider_url":"https:\/\/denizcankizil.tr\/uk","author_name":"admin","author_url":"https:\/\/denizcankizil.tr\/uk\/author\/admin\/","title":"Ba\u015fkanvekili Gazio\u011flu: Biz Bursal\u0131lara kar\u015f\u0131 sorumluyuz","type":"rich","width":600,"height":338,"html":"<blockquote class=\"wp-embedded-content\" data-secret=\"IE92SIMLba\"><a href=\"https:\/\/denizcankizil.tr\/uk\/haberler\/gundem\/baskanvekili-gazioglu-biz-bursalilara-karsi-sorumluyuz\/\">Ba\u015fkanvekili Gazio\u011flu: Biz Bursal\u0131lara kar\u015f\u0131 sorumluyuz<\/a><\/blockquote><iframe sandbox=\"allow-scripts\" security=\"restricted\" src=\"https:\/\/denizcankizil.tr\/uk\/haberler\/gundem\/baskanvekili-gazioglu-biz-bursalilara-karsi-sorumluyuz\/embed\/#?secret=IE92SIMLba\" width=\"600\" height=\"338\" title=\"&#8220;Ba\u015fkanvekili Gazio\u011flu: Biz Bursal\u0131lara kar\u015f\u0131 sorumluyuz&#8221; &#8212; Av. Deniz Can K\u0131z\u0131l\" data-secret=\"IE92SIMLba\" frameborder=\"0\" marginwidth=\"0\" marginheight=\"0\" scrolling=\"no\" class=\"wp-embedded-content\"><\/iframe><script>\n\/*! This file is auto-generated *\/\n!function(d,l){\"use strict\";l.querySelector&&d.addEventListener&&\"undefined\"!=typeof URL&&(d.wp=d.wp||{},d.wp.receiveEmbedMessage||(d.wp.receiveEmbedMessage=function(e){var t=e.data;if((t||t.secret||t.message||t.value)&&!\/[^a-zA-Z0-9]\/.test(t.secret)){for(var s,r,n,a=l.querySelectorAll('iframe[data-secret=\"'+t.secret+'\"]'),o=l.querySelectorAll('blockquote[data-secret=\"'+t.secret+'\"]'),c=new RegExp(\"^https?:$\",\"i\"),i=0;i<o.length;i++)o[i].style.display=\"none\";for(i=0;i<a.length;i++)s=a[i],e.source===s.contentWindow&&(s.removeAttribute(\"style\"),\"height\"===t.message?(1e3<(r=parseInt(t.value,10))?r=1e3:~~r<200&&(r=200),s.height=r):\"link\"===t.message&&(r=new URL(s.getAttribute(\"src\")),n=new URL(t.value),c.test(n.protocol))&&n.host===r.host&&l.activeElement===s&&(d.top.location.href=t.value))}},d.addEventListener(\"message\",d.wp.receiveEmbedMessage,!1),l.addEventListener(\"DOMContentLoaded\",function(){for(var e,t,s=l.querySelectorAll(\"iframe.wp-embedded-content\"),r=0;r<s.length;r++)(t=(e=s[r]).getAttribute(\"data-secret\"))||(t=Math.random().toString(36).substring(2,12),e.src+=\"#?secret=\"+t,e.setAttribute(\"data-secret\",t)),e.contentWindow.postMessage({message:\"ready\",secret:t},\"*\")},!1)))}(window,document);\n\/\/# sourceURL=https:\/\/denizcankizil.tr\/wp-includes\/js\/wp-embed.min.js\n<\/script>","description":"Bursa B\u00fcy\u00fck\u015fehir Belediyesi \u00f6nceki d\u00f6nem ba\u015fkan\u0131 Alinur Akta\u015f&#8217;\u0131n CHP Genel Ba\u015fkan\u0131 \u00d6zg\u00fcr \u00d6zel&#8217;in Bursa&#8217;da a\u011f\u0131rlanmas\u0131 giderleriyle ilgili payla\u015f\u0131m\u0131nda usuls\u00fczl\u00fck varm\u0131\u015f gibi alg\u0131 olu\u015fturma \u00e7abas\u0131n\u0131n son derece yanl\u0131\u015f bulduklar\u0131n\u0131 ifade eden B\u00fcy\u00fck\u015fehir Belediye Ba\u015fkanvekili Mustafa Orkun Gazio\u011flu, &#8220;Hesab\u0131n\u0131 vermeyece\u011fimiz bir durum yok&#8221; diyerek &#8220;Biz Bursal\u0131lara kar\u015f\u0131 sorumluyuz. Hesab\u0131m\u0131z\u0131 da her zaman onlara vermek zorunday\u0131z&#8221; dedi.BURSA (\u0130GFA) &#8211; Bursa B\u00fcy\u00fck\u015fehir Belediye Meclisi\u2019nin Mart ay\u0131 ikinci toplant\u0131s\u0131, B\u00fcy\u00fck\u015fehir Belediyesi Ba\u015fkanvekili Mustafa Orkun Gazio\u011flu\u2019nun ba\u015fkanl\u0131\u011f\u0131nda yap\u0131ld\u0131. G\u00fcndem maddelerinin ve \u00f6nergelerin g\u00f6r\u00fc\u015f\u00fcld\u00fc\u011f\u00fc toplant\u0131da konu\u015fan Ba\u015fkanvekili Mustafa Orkun Gazio\u011flu, Mart ay\u0131 i\u00e7erisinde yap\u0131lan B\u00fcy\u00fck\u015fehir Belediyesi etkinlikleri ve hizmetleri hakk\u0131nda bilgi verdi. Ba\u015fkanvekili Gazio\u011flu, eski d\u00f6nem B\u00fcy\u00fck\u015fehir Belediye Ba\u015fkan\u0131 Alinur Akta\u015f\u2019\u0131n sosyal medya hesab\u0131 \u00fczerinden CHP Genel Ba\u015fkan\u0131 \u00d6zg\u00fcr \u00d6zel\u2019in Bursa\u2019da a\u011f\u0131rlanmas\u0131 giderleriyle payla\u015f\u0131mlar hakk\u0131nda da a\u00e7\u0131klamalarda bulundu. Bursa B\u00fcy\u00fck\u015fehir Belediye Ba\u015fkan\u0131 Mustafa Bozbey\u2019in konuyla ilgili gerekli a\u00e7\u0131klamalar\u0131 yapt\u0131\u011f\u0131n\u0131 ancak alt\u0131n\u0131 \u00e7izmek istedi\u011fi bir konu oldu\u011funu dile getiren Meclis Ba\u015fkan\u0131 Gazio\u011flu, \u201cHepimizin bildi\u011fi \u00fczere her kamu kurumu temsil ve a\u011f\u0131rlama yapar. Burada usuls\u00fczl\u00fck varm\u0131\u015f gibi bir alg\u0131 olu\u015fturma \u00e7abas\u0131na girilmesini son derece yanl\u0131\u015f buluyoruz. Alinur Akta\u015f\u2019\u0131n payla\u015ft\u0131\u011f\u0131 belge bizim i\u00e7in gizli de\u011fil. T\u00fcm Bursa emin olabilir. Bizim d\u00f6nemimizden itibaren t\u00fcm gider kalemlerimizi \u015feffafl\u0131kla payla\u015fabiliriz. \u00c7\u00fcnk\u00fc kendimizden eminiz. Yine ba\u015fkan\u0131m\u0131z\u0131n ifade etti\u011fi gibi hangi partiye mensup olursa olsun &hellip;"}