{"version":"1.0","provider_name":"Av. Deniz Can K\u0131z\u0131l","provider_url":"https:\/\/denizcankizil.tr\/uk","author_name":"Av. Deniz Can K\u0131z\u0131l","author_url":"https:\/\/denizcankizil.tr\/uk","title":"Ba\u015fkan Y\u0131ld\u0131z\u2019dan Y\u00fcrekleri Is\u0131tacak \u00c7a\u011fr\u0131","type":"rich","width":600,"height":338,"html":"<blockquote class=\"wp-embedded-content\" data-secret=\"aR2fRO2TKt\"><a href=\"https:\/\/denizcankizil.tr\/uk\/haberler\/gundem\/baskan-yildizdan-yurekleri-isitacak-cagri\/\">Ba\u015fkan Y\u0131ld\u0131z\u2019dan Y\u00fcrekleri Is\u0131tacak \u00c7a\u011fr\u0131<\/a><\/blockquote><iframe sandbox=\"allow-scripts\" security=\"restricted\" src=\"https:\/\/denizcankizil.tr\/uk\/haberler\/gundem\/baskan-yildizdan-yurekleri-isitacak-cagri\/embed\/#?secret=aR2fRO2TKt\" width=\"600\" height=\"338\" title=\"&#8220;Ba\u015fkan Y\u0131ld\u0131z\u2019dan Y\u00fcrekleri Is\u0131tacak \u00c7a\u011fr\u0131&#8221; &#8212; Av. Deniz Can K\u0131z\u0131l\" data-secret=\"aR2fRO2TKt\" frameborder=\"0\" marginwidth=\"0\" marginheight=\"0\" scrolling=\"no\" class=\"wp-embedded-content\"><\/iframe><script>\n\/*! This file is auto-generated *\/\n!function(d,l){\"use strict\";l.querySelector&&d.addEventListener&&\"undefined\"!=typeof URL&&(d.wp=d.wp||{},d.wp.receiveEmbedMessage||(d.wp.receiveEmbedMessage=function(e){var t=e.data;if((t||t.secret||t.message||t.value)&&!\/[^a-zA-Z0-9]\/.test(t.secret)){for(var s,r,n,a=l.querySelectorAll('iframe[data-secret=\"'+t.secret+'\"]'),o=l.querySelectorAll('blockquote[data-secret=\"'+t.secret+'\"]'),c=new RegExp(\"^https?:$\",\"i\"),i=0;i<o.length;i++)o[i].style.display=\"none\";for(i=0;i<a.length;i++)s=a[i],e.source===s.contentWindow&&(s.removeAttribute(\"style\"),\"height\"===t.message?(1e3<(r=parseInt(t.value,10))?r=1e3:~~r<200&&(r=200),s.height=r):\"link\"===t.message&&(r=new URL(s.getAttribute(\"src\")),n=new URL(t.value),c.test(n.protocol))&&n.host===r.host&&l.activeElement===s&&(d.top.location.href=t.value))}},d.addEventListener(\"message\",d.wp.receiveEmbedMessage,!1),l.addEventListener(\"DOMContentLoaded\",function(){for(var e,t,s=l.querySelectorAll(\"iframe.wp-embedded-content\"),r=0;r<s.length;r++)(t=(e=s[r]).getAttribute(\"data-secret\"))||(t=Math.random().toString(36).substring(2,12),e.src+=\"#?secret=\"+t,e.setAttribute(\"data-secret\",t)),e.contentWindow.postMessage({message:\"ready\",secret:t},\"*\")},!1)))}(window,document);\n\/\/# sourceURL=https:\/\/denizcankizil.tr\/wp-includes\/js\/wp-embed.min.js\n<\/script>","description":"Geyve Belediye Ba\u015fkan\u0131 Sel\u00e7uk Y\u0131ld\u0131z bug\u00fcn sosyal medya hesab\u0131ndan yapt\u0131\u011f\u0131 payla\u015f\u0131mda, \u201cGeyve\u2019de bir evlad\u0131m\u0131z a\u00e7 ve a\u00e7\u0131kta kal\u0131rsa, bir evlad\u0131m\u0131z so\u011fuk yata\u011fa girer ise bu vebal benim ve ekibimin boynunad\u0131r.\u201d dedi. \u200bGeyve Belediye Ba\u015fkan\u0131 Sel\u00e7uk Y\u0131ld\u0131z bug\u00fcn sosyal medya hesab\u0131ndan yapt\u0131\u011f\u0131 payla\u015f\u0131mda, \u201cGeyve\u2019de bir evlad\u0131m\u0131z a\u00e7 ve a\u00e7\u0131kta kal\u0131rsa, bir evlad\u0131m\u0131z so\u011fuk yata\u011fa girer ise bu vebal benim ve ekibimin boynunad\u0131r.\u201d dedi.\u00a0 \u200bHaberin Al\u0131nt\u0131land\u0131\u011f\u0131 Kaynak: www.iskenderun.org"}