{"version":"1.0","provider_name":"Av. Deniz Can K\u0131z\u0131l","provider_url":"https:\/\/denizcankizil.tr\/uk","author_name":"admin","author_url":"https:\/\/denizcankizil.tr\/uk\/author\/admin\/","title":"Ba\u015fkan G\u00fcl\u2019den \u00d6z\u00e7elik-\u0130\u015f\u2019e destek ziyareti\u2026","type":"rich","width":600,"height":338,"html":"<blockquote class=\"wp-embedded-content\" data-secret=\"NhTBUsSJdq\"><a href=\"https:\/\/denizcankizil.tr\/uk\/haberler\/gundem\/baskan-gulden-ozcelik-ise-destek-ziyareti\/\">Ba\u015fkan G\u00fcl\u2019den \u00d6z\u00e7elik-\u0130\u015f\u2019e destek ziyareti\u2026<\/a><\/blockquote><iframe sandbox=\"allow-scripts\" security=\"restricted\" src=\"https:\/\/denizcankizil.tr\/uk\/haberler\/gundem\/baskan-gulden-ozcelik-ise-destek-ziyareti\/embed\/#?secret=NhTBUsSJdq\" width=\"600\" height=\"338\" title=\"&#8220;Ba\u015fkan G\u00fcl\u2019den \u00d6z\u00e7elik-\u0130\u015f\u2019e destek ziyareti\u2026&#8221; &#8212; Av. Deniz Can K\u0131z\u0131l\" data-secret=\"NhTBUsSJdq\" frameborder=\"0\" marginwidth=\"0\" marginheight=\"0\" scrolling=\"no\" class=\"wp-embedded-content\"><\/iframe><script>\n\/*! This file is auto-generated *\/\n!function(d,l){\"use strict\";l.querySelector&&d.addEventListener&&\"undefined\"!=typeof URL&&(d.wp=d.wp||{},d.wp.receiveEmbedMessage||(d.wp.receiveEmbedMessage=function(e){var t=e.data;if((t||t.secret||t.message||t.value)&&!\/[^a-zA-Z0-9]\/.test(t.secret)){for(var s,r,n,a=l.querySelectorAll('iframe[data-secret=\"'+t.secret+'\"]'),o=l.querySelectorAll('blockquote[data-secret=\"'+t.secret+'\"]'),c=new RegExp(\"^https?:$\",\"i\"),i=0;i<o.length;i++)o[i].style.display=\"none\";for(i=0;i<a.length;i++)s=a[i],e.source===s.contentWindow&&(s.removeAttribute(\"style\"),\"height\"===t.message?(1e3<(r=parseInt(t.value,10))?r=1e3:~~r<200&&(r=200),s.height=r):\"link\"===t.message&&(r=new URL(s.getAttribute(\"src\")),n=new URL(t.value),c.test(n.protocol))&&n.host===r.host&&l.activeElement===s&&(d.top.location.href=t.value))}},d.addEventListener(\"message\",d.wp.receiveEmbedMessage,!1),l.addEventListener(\"DOMContentLoaded\",function(){for(var e,t,s=l.querySelectorAll(\"iframe.wp-embedded-content\"),r=0;r<s.length;r++)(t=(e=s[r]).getAttribute(\"data-secret\"))||(t=Math.random().toString(36).substring(2,12),e.src+=\"#?secret=\"+t,e.setAttribute(\"data-secret\",t)),e.contentWindow.postMessage({message:\"ready\",secret:t},\"*\")},!1)))}(window,document);\n\/\/# sourceURL=https:\/\/denizcankizil.tr\/wp-includes\/js\/wp-embed.min.js\n<\/script>","description":"Ba\u015fkan G\u00fcl\u2019e Belen Belediyesi Meclis \u00dcyeleri, AK Parti Belen \u0130l\u00e7e Ba\u015fkan\u0131 Abdullah \u00d6nder, MHP \u0130skenderun \u0130l\u00e7e Ba\u015fkan\u0131 Turan Bozkurt ve \u0130skenderun Belediyesi Ba\u015fkan Yard\u0131mc\u0131s\u0131 Cihan Aky\u00fcreko\u011flu da e\u015flik etti. Ziyaret kapsam\u0131nda, \u00d6z\u00e7elik-\u0130\u015f Sendikas\u0131 \u0130skenderun \u015eube Ba\u015fkan\u0131 Mehmet G\u00fcng\u00f6r ve sendika y\u00f6neticileriyle bir toplant\u0131 ger\u00e7ekle\u015ftirildi. Sendikan\u0131n \u015eube Ba\u015fkan\u0131 Mehmet G\u00fcng\u00f6r, \u00d6z\u00e7elik-\u0130\u015f\u2019in 17 bin \u00fcyesiyle b\u00f6lgenin ve metal sekt\u00f6r\u00fcn\u00fcn g\u00fc\u00e7l\u00fc sesi oldu\u011funa dikkat \u00e7ekerek, \u201c\u00d6zellikle son deprem felaketi sonras\u0131 sekt\u00f6r ciddi s\u0131k\u0131nt\u0131larla kar\u015f\u0131 kar\u015f\u0131ya kald\u0131. Yolbulan\u2019da yakla\u015f\u0131k 343 g\u00fcnd\u00fcr sahaday\u0131z ve \u00fcyelerimizin haklar\u0131 i\u00e7in m\u00fccadele ediyoruz. 35 bin liral\u0131k bir kazan\u0131m i\u00e7in verdi\u011fimiz \u00e7aban\u0131n k\u0131sa s\u00fcrede olumlu sonu\u00e7lanmas\u0131n\u0131 temenni ediyoruz\u201d dedi. Belen Belediye Ba\u015fkan\u0131 \u0130brahim G\u00fcl de, \u00d6z\u00e7elik-\u0130\u015f Sendikas\u0131\u2019n\u0131n verdi\u011fi m\u00fccadelenin kamuoyu taraf\u0131ndan dikkatle takip edildi\u011fini belirterek, \u201cGer\u00e7ek manada bir hak m\u00fccadelesi verdi\u011finizi, yap\u0131lan \u00e7al\u0131\u015fmalarla ve g\u00f6sterilen azimle t\u00fcm b\u00f6lgeye kan\u0131tlad\u0131n\u0131z. Bu onurlu duru\u015funuzu ve \u00e7abalar\u0131n\u0131z\u0131 y\u00fcrekten tebrik ediyorum. Verilen emeklerin bo\u015fa gitmeyece\u011fine ve Allah\u2019\u0131n bu \u00e7aban\u0131n kar\u015f\u0131l\u0131\u011f\u0131n\u0131 mutlaka verece\u011fine inan\u0131yorum,\u201d diye konu\u015ftu. AK Parti Belen \u0130l\u00e7e Ba\u015fkan\u0131 Abdullah \u00d6nder, sendikan\u0131n Demir \u00c7elik sekt\u00f6r\u00fcndeki \u00f6nemine dikkat \u00e7ekerek, AK Parti te\u015fkilat\u0131 olarak bu hakl\u0131 m\u00fccadelede sonuna kadar i\u015f\u00e7i s\u0131n\u0131f\u0131n\u0131n yan\u0131n\u0131zda yer ald\u0131klar\u0131n\u0131, \u00fczerimize d\u00fc\u015fen her g\u00f6revi yerine getirmeye haz\u0131r olduklar\u0131n\u0131 s\u00f6yledi. MHP \u0130skenderun \u0130l\u00e7e Ba\u015fkan\u0131 Turan Bozkurt ise sendikan\u0131n dayan\u0131\u015fma ve birlik i\u00e7inde &hellip;"}