{"version":"1.0","provider_name":"Av. Deniz Can K\u0131z\u0131l","provider_url":"https:\/\/denizcankizil.tr\/uk","author_name":"admin","author_url":"https:\/\/denizcankizil.tr\/uk\/author\/admin\/","title":"Bakan Kurum payla\u015ft\u0131... T\u00fcrkiye'nin ilk k\u0131rsal uydu kenti!","type":"rich","width":600,"height":338,"html":"<blockquote class=\"wp-embedded-content\" data-secret=\"iqVioq293O\"><a href=\"https:\/\/denizcankizil.tr\/uk\/haberler\/gundem\/bakan-kurum-paylasti-turkiyenin-ilk-kirsal-uydu-kenti\/\">Bakan Kurum payla\u015ft\u0131&#8230; T\u00fcrkiye&#8217;nin ilk k\u0131rsal uydu kenti!<\/a><\/blockquote><iframe sandbox=\"allow-scripts\" security=\"restricted\" src=\"https:\/\/denizcankizil.tr\/uk\/haberler\/gundem\/bakan-kurum-paylasti-turkiyenin-ilk-kirsal-uydu-kenti\/embed\/#?secret=iqVioq293O\" width=\"600\" height=\"338\" title=\"&#8220;Bakan Kurum payla\u015ft\u0131&#8230; T\u00fcrkiye&#8217;nin ilk k\u0131rsal uydu kenti!&#8221; &#8212; Av. Deniz Can K\u0131z\u0131l\" data-secret=\"iqVioq293O\" frameborder=\"0\" marginwidth=\"0\" marginheight=\"0\" scrolling=\"no\" class=\"wp-embedded-content\"><\/iframe><script>\n\/*! This file is auto-generated *\/\n!function(d,l){\"use strict\";l.querySelector&&d.addEventListener&&\"undefined\"!=typeof URL&&(d.wp=d.wp||{},d.wp.receiveEmbedMessage||(d.wp.receiveEmbedMessage=function(e){var t=e.data;if((t||t.secret||t.message||t.value)&&!\/[^a-zA-Z0-9]\/.test(t.secret)){for(var s,r,n,a=l.querySelectorAll('iframe[data-secret=\"'+t.secret+'\"]'),o=l.querySelectorAll('blockquote[data-secret=\"'+t.secret+'\"]'),c=new RegExp(\"^https?:$\",\"i\"),i=0;i<o.length;i++)o[i].style.display=\"none\";for(i=0;i<a.length;i++)s=a[i],e.source===s.contentWindow&&(s.removeAttribute(\"style\"),\"height\"===t.message?(1e3<(r=parseInt(t.value,10))?r=1e3:~~r<200&&(r=200),s.height=r):\"link\"===t.message&&(r=new URL(s.getAttribute(\"src\")),n=new URL(t.value),c.test(n.protocol))&&n.host===r.host&&l.activeElement===s&&(d.top.location.href=t.value))}},d.addEventListener(\"message\",d.wp.receiveEmbedMessage,!1),l.addEventListener(\"DOMContentLoaded\",function(){for(var e,t,s=l.querySelectorAll(\"iframe.wp-embedded-content\"),r=0;r<s.length;r++)(t=(e=s[r]).getAttribute(\"data-secret\"))||(t=Math.random().toString(36).substring(2,12),e.src+=\"#?secret=\"+t,e.setAttribute(\"data-secret\",t)),e.contentWindow.postMessage({message:\"ready\",secret:t},\"*\")},!1)))}(window,document);\n\/\/# sourceURL=https:\/\/denizcankizil.tr\/wp-includes\/js\/wp-embed.min.js\n<\/script>","description":"\u00c7evre, \u015eehircilik ve \u0130klim De\u011fi\u015fikli\u011fi Bakan\u0131 Murat Kurum, Hatay\u2019\u0131n Kumlu il\u00e7esine ba\u011fl\u0131 Cumhuriyet Mahallesi\u2019nde in\u015fa edilen T\u00fcrkiye\u2019nin ilk k\u0131rsal uydu kentinin g\u00f6r\u00fcnt\u00fclerini payla\u015ft\u0131.ANKARA (\u0130GFA) &#8211; Kahramanmara\u015f merkezli 6 \u015eubat depremlerinin ard\u0131ndan y\u0131k\u0131ma u\u011frayan k\u00f6ylerde modern k\u00f6y konutlar\u0131n\u0131n yap\u0131m\u0131 h\u0131zla tamamlan\u0131yor. \u00c7evre \u015eehircilik ve \u0130klim De\u011fi\u015fikli\u011fi Bakanl\u0131\u011f\u0131\u2019na ba\u011fl\u0131 Yap\u0131 \u0130\u015fleri Genel M\u00fcd\u00fcrl\u00fc\u011f\u00fc, Hatay\u2019\u0131n Kumlu, Reyhanl\u0131 ve Antakya il\u00e7elerindeki 16 mahallede y\u0131k\u0131lan evlerin yerine Kumlu\u2019nun Cumhuriyet Mahallesi&#8217;nde T\u00fcrkiye\u2019nin ilk k\u0131rsal uydu kentini kurdu. B etonarme ve \u00e7elik karkastan yap\u0131lan evler, 100 ile 125 metrekare aral\u0131\u011f\u0131nda 3+1 olarak in\u015fa edildi. \u0130n\u015fas\u0131 tamamlanan 692 k\u00f6y evi hak sahiplerine etap etap teslim ediliyor. Uydu kentte altyap\u0131, zemin iyile\u015ftirmeleri ve yollar da h\u0131zla tamamlan\u0131yor. Ayr\u0131ca b\u00f6lgede okul, sa\u011fl\u0131k oca\u011f\u0131 ve ibadethane i\u00e7in de yer ayr\u0131ld\u0131. Hatay Kumlu\u2019da vatanda\u015f\u0131m\u0131z\u0131n da istedi\u011fi gibi 16 mahalleyi birle\u015ftirdik, k\u0131rsal uydu kentimizi kurduk. Yap\u0131 \u0130\u015fleri Genel M\u00fcd\u00fcrl\u00fc\u011f\u00fcm\u00fcz ile do\u011fal dokuyla uyumlu, y\u00f6resel mimariyle 692 k\u00f6y evi in\u015fa ettik. Vatanda\u015flar\u0131m\u0131z memnun, biz de memnunuz. Ahmet a\u011fabeyimizin de dedi\u011fi\u2026 pic.twitter.com\/0b4ZTLkouc\u2014 Murat KURUM (@murat_kurum) March 4, 2025 BAKAN KURUM: VATANDA\u015eLARIMIZ MEMNUN, B\u0130Z DE MEMNUNUZ \u00c7evre, \u015eehircilik ve \u0130klim De\u011fi\u015fikli\u011fi Bakan\u0131 Murat Kurum, Cumhuriyet Mahallesi\u2019nde in\u015fa edilen k\u00f6y evlerinin g\u00f6r\u00fcnt\u00fclerini sosyla medya hesab\u0131ndan payla\u015ft\u0131. Hatay Kumlu\u2019da vatanda\u015flar\u0131n da istedi\u011fi gibi 16 mahalleyi birle\u015ftirerek k\u0131rsal uydu &hellip;"}