{"version":"1.0","provider_name":"Av. Deniz Can K\u0131z\u0131l","provider_url":"https:\/\/denizcankizil.tr\/uk","author_name":"Antalya K\u00f6rfez","author_url":"https:\/\/denizcankizil.tr\/uk\/author\/www-antalyakorfez-com\/","title":"Atay Uslu: \u0130stiklal Mar\u015f\u0131, m\u00fccadele ruhunun simgesi","type":"rich","width":600,"height":338,"html":"<blockquote class=\"wp-embedded-content\" data-secret=\"lvXCtZhODH\"><a href=\"https:\/\/denizcankizil.tr\/uk\/haberler\/gundem\/atay-uslu-istiklal-marsi-mucadele-ruhunun-simgesi\/\">Atay Uslu: \u0130stiklal Mar\u015f\u0131, m\u00fccadele ruhunun simgesi<\/a><\/blockquote><iframe sandbox=\"allow-scripts\" security=\"restricted\" src=\"https:\/\/denizcankizil.tr\/uk\/haberler\/gundem\/atay-uslu-istiklal-marsi-mucadele-ruhunun-simgesi\/embed\/#?secret=lvXCtZhODH\" width=\"600\" height=\"338\" title=\"&#8220;Atay Uslu: \u0130stiklal Mar\u015f\u0131, m\u00fccadele ruhunun simgesi&#8221; &#8212; Av. Deniz Can K\u0131z\u0131l\" data-secret=\"lvXCtZhODH\" frameborder=\"0\" marginwidth=\"0\" marginheight=\"0\" scrolling=\"no\" class=\"wp-embedded-content\"><\/iframe><script>\n\/*! This file is auto-generated *\/\n!function(d,l){\"use strict\";l.querySelector&&d.addEventListener&&\"undefined\"!=typeof URL&&(d.wp=d.wp||{},d.wp.receiveEmbedMessage||(d.wp.receiveEmbedMessage=function(e){var t=e.data;if((t||t.secret||t.message||t.value)&&!\/[^a-zA-Z0-9]\/.test(t.secret)){for(var s,r,n,a=l.querySelectorAll('iframe[data-secret=\"'+t.secret+'\"]'),o=l.querySelectorAll('blockquote[data-secret=\"'+t.secret+'\"]'),c=new RegExp(\"^https?:$\",\"i\"),i=0;i<o.length;i++)o[i].style.display=\"none\";for(i=0;i<a.length;i++)s=a[i],e.source===s.contentWindow&&(s.removeAttribute(\"style\"),\"height\"===t.message?(1e3<(r=parseInt(t.value,10))?r=1e3:~~r<200&&(r=200),s.height=r):\"link\"===t.message&&(r=new URL(s.getAttribute(\"src\")),n=new URL(t.value),c.test(n.protocol))&&n.host===r.host&&l.activeElement===s&&(d.top.location.href=t.value))}},d.addEventListener(\"message\",d.wp.receiveEmbedMessage,!1),l.addEventListener(\"DOMContentLoaded\",function(){for(var e,t,s=l.querySelectorAll(\"iframe.wp-embedded-content\"),r=0;r<s.length;r++)(t=(e=s[r]).getAttribute(\"data-secret\"))||(t=Math.random().toString(36).substring(2,12),e.src+=\"#?secret=\"+t,e.setAttribute(\"data-secret\",t)),e.contentWindow.postMessage({message:\"ready\",secret:t},\"*\")},!1)))}(window,document);\n\/\/# sourceURL=https:\/\/denizcankizil.tr\/wp-includes\/js\/wp-embed.min.js\n<\/script>","description":"AK Parti Antalya Milletvekili ve TBMM Akdeniz Parlamenterler Asamblesi T\u00fcrk Grubu Ba\u015fkan\u0131 Atay Uslu \u0130stiklal Mar\u015f\u0131\u2019n\u0131n Kabul\u00fcn\u00fcn 104. Y\u0131l\u0131 ve Mehmet Akif Ersoy\u2019u anma g\u00fcn\u00fc nedeniyle bir mesaj yay\u0131nlad\u0131. MISRALARLA DESTANLA\u015eTIK\u00a0 Milli m\u00fccadele ruhunun, milletin vatan sevgisinin ve \u0130stiklal a\u015fk\u0131n\u0131n en veciz halinin \u0130stiklal Mar\u015f\u0131 m\u0131sralar\u0131nda yer buldu\u011funu belirten Uslu, &#8220;Vatan \u015fairimiz Mehmet Akif Ersoy, azimle, inan\u00e7la, b\u00fcy\u00fck fedak\u00e2rl\u0131klarla y\u00fcr\u00fct\u00fclen istiklal m\u00fccadelemizi, yazd\u0131\u011f\u0131 muhte\u015fem m\u0131sralarla destanla\u015ft\u0131rm\u0131\u015f ve ebedile\u015ftirmi\u015ftir&#8221; ifadelerini kulland\u0131. D\u0130R\u0130L\u0130\u015e HAREKATI BA\u015eLADI\u00a0 Mehmet Akif Ersoy&#8217;un milletin milli ve manevi de\u011ferlerini, ac\u0131lar\u0131n\u0131 ve duygular\u0131n\u0131 y\u00fcre\u011finde hisseden bir \u015fair oldu\u011funa dikkat \u00e7eken Uslu, \u015f\u00f6yle devam etti: &#8220;Mehmet Akif Ersoy, bilgisini, heyecan\u0131n\u0131, umudunu milletiyle payla\u015fm\u0131\u015f; dirili\u015f harek\u00e2t\u0131n\u0131n ba\u015flamas\u0131na, milli m\u00fccadele ruhunun alevlenmesine de \u00f6nc\u00fcl\u00fck etmi\u015ftir. Mehmet Akif Ersoy ba\u015fta olmak \u00fczere, istiklal m\u00fccadelemizin t\u00fcm kahramanlar\u0131n\u0131 rahmet ve minnetle an\u0131yor, t\u00fcm vatanda\u015flar\u0131ma sevgi ve selamlar\u0131m\u0131 sunuyorum.&#8221;\u00a0 \u200bAK Parti Antalya Milletvekili ve TBMM Akdeniz Parlamenterler Asamblesi T\u00fcrk Grubu Ba\u015fkan\u0131 Atay Uslu, milli m\u00fccadele ruhunun, milletin vatan sevgisinin ve \u0130stiklal a\u015fk\u0131n\u0131n, en de\u011ferli ifadesinin \u0130stiklal Mar\u015f\u0131 m\u0131sralar\u0131nda bulundu\u011funu kaydetti\u00a0 \u200bHaberin Al\u0131nt\u0131land\u0131\u011f\u0131 Kaynak: www.antalyakorfez.com"}