{"version":"1.0","provider_name":"Av. Deniz Can K\u0131z\u0131l","provider_url":"https:\/\/denizcankizil.tr\/uk","author_name":"admin","author_url":"https:\/\/denizcankizil.tr\/uk\/author\/admin\/","title":"As\u0131rl\u0131k tarifler Bursa Osmangazi\u2019de lezzetlendi","type":"rich","width":600,"height":338,"html":"<blockquote class=\"wp-embedded-content\" data-secret=\"caymcfvq6q\"><a href=\"https:\/\/denizcankizil.tr\/uk\/haberler\/gundem\/asirlik-tarifler-bursa-osmangazide-lezzetlendi\/\">As\u0131rl\u0131k tarifler Bursa Osmangazi\u2019de lezzetlendi<\/a><\/blockquote><iframe sandbox=\"allow-scripts\" security=\"restricted\" src=\"https:\/\/denizcankizil.tr\/uk\/haberler\/gundem\/asirlik-tarifler-bursa-osmangazide-lezzetlendi\/embed\/#?secret=caymcfvq6q\" width=\"600\" height=\"338\" title=\"&#8220;As\u0131rl\u0131k tarifler Bursa Osmangazi\u2019de lezzetlendi&#8221; &#8212; Av. Deniz Can K\u0131z\u0131l\" data-secret=\"caymcfvq6q\" frameborder=\"0\" marginwidth=\"0\" marginheight=\"0\" scrolling=\"no\" class=\"wp-embedded-content\"><\/iframe><script>\n\/*! This file is auto-generated *\/\n!function(d,l){\"use strict\";l.querySelector&&d.addEventListener&&\"undefined\"!=typeof URL&&(d.wp=d.wp||{},d.wp.receiveEmbedMessage||(d.wp.receiveEmbedMessage=function(e){var t=e.data;if((t||t.secret||t.message||t.value)&&!\/[^a-zA-Z0-9]\/.test(t.secret)){for(var s,r,n,a=l.querySelectorAll('iframe[data-secret=\"'+t.secret+'\"]'),o=l.querySelectorAll('blockquote[data-secret=\"'+t.secret+'\"]'),c=new RegExp(\"^https?:$\",\"i\"),i=0;i<o.length;i++)o[i].style.display=\"none\";for(i=0;i<a.length;i++)s=a[i],e.source===s.contentWindow&&(s.removeAttribute(\"style\"),\"height\"===t.message?(1e3<(r=parseInt(t.value,10))?r=1e3:~~r<200&&(r=200),s.height=r):\"link\"===t.message&&(r=new URL(s.getAttribute(\"src\")),n=new URL(t.value),c.test(n.protocol))&&n.host===r.host&&l.activeElement===s&&(d.top.location.href=t.value))}},d.addEventListener(\"message\",d.wp.receiveEmbedMessage,!1),l.addEventListener(\"DOMContentLoaded\",function(){for(var e,t,s=l.querySelectorAll(\"iframe.wp-embedded-content\"),r=0;r<s.length;r++)(t=(e=s[r]).getAttribute(\"data-secret\"))||(t=Math.random().toString(36).substring(2,12),e.src+=\"#?secret=\"+t,e.setAttribute(\"data-secret\",t)),e.contentWindow.postMessage({message:\"ready\",secret:t},\"*\")},!1)))}(window,document);\n\/\/# sourceURL=https:\/\/denizcankizil.tr\/wp-includes\/js\/wp-embed.min.js\n<\/script>","description":"T\u00fcrk mutfa\u011f\u0131n\u0131n as\u0131rl\u0131k lezzetlerinin sergilendi\u011fi 21-27 May\u0131s tarihlerinde bu y\u0131l \u201cAs\u0131rl\u0131k Tariflerle T\u00fcrk Mutfa\u011f\u0131\u201d temas\u0131yla ger\u00e7ekle\u015ftirilen T\u00fcrk Mutfa\u011f\u0131 Haftas\u0131, etkinlikleri Bursa&#8217;da Tophane Meydan\u0131&#8217;nda d\u00fczenlenen a\u00e7\u0131l\u0131\u015f t\u00f6reniyle kap\u0131lar\u0131n\u0131 ziyaret\u00e7ilerine a\u00e7t\u0131.BURSA (\u0130GFA) &#8211; Osmangazi Belediyesi ev sahipli\u011finde K\u00fclt\u00fcr ve Turizm Bakanl\u0131\u011f\u0131 \u00f6nc\u00fcl\u00fc\u011f\u00fc ile Bursa Valili\u011fi Koordinasyonuyla bu y\u0131l d\u00f6rd\u00fcnc\u00fcs\u00fc kutlanan T\u00fcrk Mutfa\u011f\u0131 Haftas\u0131, etkinlikleri Osmangazi il\u00e7esinde d\u00fczenlenen t\u00f6renle ba\u015flad\u0131. T\u00fcrk mutfa\u011f\u0131n\u0131n tarihi ve k\u00fclt\u00fcrel miras\u0131n\u0131 tan\u0131tmak amac\u0131yla, d\u00fczenlenen T\u00fcrk Mutfa\u011f\u0131 Haftas\u0131, etkinliklerine Osmangazi Belediye Ba\u015fkan\u0131 Erkan Ayd\u0131n, Bursa Vali Yard\u0131mc\u0131s\u0131 R\u0131za Gen\u00e7o\u011flu, Bursa \u0130l K\u00fclt\u00fcr ve Turizm M\u00fcd\u00fcr\u00fc Kamil \u00d6zer, Gastro Bursa Dergisi \u0130mtiyaz Sahibi \u00d6nder U\u00e7ar, k\u00f6y kad\u0131nlar\u0131 kooperatifleri ve \u00e7ok say\u0131da vatanda\u015f kat\u0131ld\u0131. A\u00e7\u0131l\u0131\u015f\u0131n ard\u0131ndan Osmangazi Belediye Ba\u015fkan\u0131 Erkan Ayd\u0131n ve protokol \u00fcyeleri Tophane Meydan\u0131\u2019nda kurulan stantlar\u0131 tek tek gezerek y\u00f6resel lezzetleri tatt\u0131. Birlik ve beraberlik sofrada ba\u015flad\u0131\u011f\u0131n\u0131 ifade eden Osmangazi Belediye Ba\u015fkan\u0131 Erkan Ayd\u0131n, \u201cOrtak sofralar, ortak de\u011ferler demek. Bizleri bir araya getiren yeme\u011fin etraf\u0131nda kurulan muhabbet, payla\u015f\u0131m ve k\u00fclt\u00fcr g\u00fcn\u00fcm\u00fczde h\u0131zl\u0131 ya\u015fam tarz\u0131 ve ekonomik zorluklar geleneksel sofralar\u0131 g\u00f6lgede b\u0131raksa da, bizler k\u00f6klerimizden ald\u0131\u011f\u0131m\u0131z g\u00fc\u00e7le k\u00fclt\u00fcr\u00fcm\u00fcze sahip \u00e7\u0131kmaya devam ediyoruz. Bursa mutfa\u011f\u0131n\u0131n kendine has tatlar\u0131; kuzu etiyle haz\u0131rlanan nefis yemekler, kestane ve enginar\u0131n uyumuyla ortaya \u00e7\u0131kan \u00f6zel lezzetler, Bursa inciriyle ta\u00e7lanan tatl\u0131lar yaln\u0131zca damaklar\u0131m\u0131z\u0131 de\u011fil, kalplerimizi de doyuruyor. &hellip;"}