{"version":"1.0","provider_name":"Av. Deniz Can K\u0131z\u0131l","provider_url":"https:\/\/denizcankizil.tr\/uk","author_name":"admin","author_url":"https:\/\/denizcankizil.tr\/uk\/author\/admin\/","title":"Arsuz Kaymakam\u0131 Ero\u011flu G\u00f6revine Ba\u015flad\u0131","type":"rich","width":600,"height":338,"html":"<blockquote class=\"wp-embedded-content\" data-secret=\"TmA8aRwrr3\"><a href=\"https:\/\/denizcankizil.tr\/uk\/haberler\/gundem\/arsuz-kaymakami-eroglu-gorevine-basladi\/\">Arsuz Kaymakam\u0131 Ero\u011flu G\u00f6revine Ba\u015flad\u0131<\/a><\/blockquote><iframe sandbox=\"allow-scripts\" security=\"restricted\" src=\"https:\/\/denizcankizil.tr\/uk\/haberler\/gundem\/arsuz-kaymakami-eroglu-gorevine-basladi\/embed\/#?secret=TmA8aRwrr3\" width=\"600\" height=\"338\" title=\"&#8220;Arsuz Kaymakam\u0131 Ero\u011flu G\u00f6revine Ba\u015flad\u0131&#8221; &#8212; Av. Deniz Can K\u0131z\u0131l\" data-secret=\"TmA8aRwrr3\" frameborder=\"0\" marginwidth=\"0\" marginheight=\"0\" scrolling=\"no\" class=\"wp-embedded-content\"><\/iframe><script>\n\/*! This file is auto-generated *\/\n!function(d,l){\"use strict\";l.querySelector&&d.addEventListener&&\"undefined\"!=typeof URL&&(d.wp=d.wp||{},d.wp.receiveEmbedMessage||(d.wp.receiveEmbedMessage=function(e){var t=e.data;if((t||t.secret||t.message||t.value)&&!\/[^a-zA-Z0-9]\/.test(t.secret)){for(var s,r,n,a=l.querySelectorAll('iframe[data-secret=\"'+t.secret+'\"]'),o=l.querySelectorAll('blockquote[data-secret=\"'+t.secret+'\"]'),c=new RegExp(\"^https?:$\",\"i\"),i=0;i<o.length;i++)o[i].style.display=\"none\";for(i=0;i<a.length;i++)s=a[i],e.source===s.contentWindow&&(s.removeAttribute(\"style\"),\"height\"===t.message?(1e3<(r=parseInt(t.value,10))?r=1e3:~~r<200&&(r=200),s.height=r):\"link\"===t.message&&(r=new URL(s.getAttribute(\"src\")),n=new URL(t.value),c.test(n.protocol))&&n.host===r.host&&l.activeElement===s&&(d.top.location.href=t.value))}},d.addEventListener(\"message\",d.wp.receiveEmbedMessage,!1),l.addEventListener(\"DOMContentLoaded\",function(){for(var e,t,s=l.querySelectorAll(\"iframe.wp-embedded-content\"),r=0;r<s.length;r++)(t=(e=s[r]).getAttribute(\"data-secret\"))||(t=Math.random().toString(36).substring(2,12),e.src+=\"#?secret=\"+t,e.setAttribute(\"data-secret\",t)),e.contentWindow.postMessage({message:\"ready\",secret:t},\"*\")},!1)))}(window,document);\n\/\/# sourceURL=https:\/\/denizcankizil.tr\/wp-includes\/js\/wp-embed.min.js\n<\/script>","description":"Arsuz\u2019a gelen yeni Kaymakam Fatih Ero\u011flu, il\u00e7e daire amirleri taraf\u0131ndan kaymakaml\u0131k binas\u0131 \u00f6n\u00fcnde kar\u015f\u0131land\u0131. \u00d6\u011frencilerin \u00e7i\u00e7ek takdim etti\u011fi Kaymakam Ero\u011flu, ilk a\u00e7\u0131klamas\u0131nda, Arsuz\u2019un geli\u015fimi ve halk\u0131n refah\u0131 i\u00e7in t\u00fcm gayretiyle \u00e7al\u0131\u015faca\u011f\u0131n\u0131 belirterek \u201cArsuz\u2019a hizmet etmek, bu g\u00fczel il\u00e7eye katk\u0131 sunmak benim i\u00e7in b\u00fcy\u00fck bir onur. Daha \u00f6nce farkl\u0131 g\u00f6rev yerlerimde oldu\u011fu gibi, ayn\u0131 sorumluluk ve bilin\u00e7le \u00e7al\u0131\u015faca\u011f\u0131m\u201d dedi. \u00a0 ARSUZ&#8217;A YABANCI DE\u011e\u0130L Fatih Ero\u011flu, Kaymakaml\u0131k mesle\u011fine ba\u015flad\u0131\u011f\u0131 d\u00f6nemde Arsuz\u2019da Kaymakam Refikli\u011fi staj\u0131n\u0131 yapm\u0131\u015ft\u0131. O d\u00f6nemde il\u00e7ede g\u00f6rev yapan bug\u00fcnk\u00fc \u0130zmir Kemalpa\u015fa Kaymakam\u0131 Musa Sar\u0131\u2019n\u0131n yan\u0131nda staj g\u00f6ren Ero\u011flu\u2019nun Arsuz\u2019a a\u015fina oldu\u011fu biliniyor. Fatih Ero\u011flu Kimdir? 1992 y\u0131l\u0131nda Bal\u0131kesir\u2019in Bigadi\u00e7 il\u00e7esinde do\u011fan Fatih Ero\u011flu, e\u011fitim hayat\u0131nda \u00f6nemli ba\u015far\u0131lar elde etti. \u0130ngiltere\u2019nin Manchester Metropolitan \u00dcniversitesi\u2019nde sekiz ay s\u00fcreyle yabanc\u0131 dil e\u011fitimi ald\u0131. Meslek hayat\u0131na 2016 y\u0131l\u0131nda \u0130stanbul B\u00fcy\u00fck M\u00fckellefler Vergi Dairesi Ba\u015fkanl\u0131\u011f\u0131\u2019nda Gelir Uzman Yard\u0131mc\u0131s\u0131 olarak ba\u015flayan Ero\u011flu, 27 Temmuz 2017\u2019de 105. D\u00f6nem Kaymakam Aday\u0131 olarak m\u00fclki idare amirli\u011fi g\u00f6revine ad\u0131m att\u0131. Kaymakam adayl\u0131\u011f\u0131 s\u00fcrecinde Bal\u0131kesir\u2019de il merkez staj\u0131, Manisa Ala\u015fehir ve Hatay Arsuz\u2019da Kaymakam Refikli\u011fi staj\u0131, ard\u0131ndan sekiz ay s\u00fcreyle Yozgat\u2019\u0131n \u00c7ay\u0131ralan il\u00e7esinde Kaymakam Vekilli\u011fi yapt\u0131. \u200bCumhurba\u015fkanl\u0131\u011f\u0131 kararnamesiyle Sakarya Hendek Kaymakaml\u0131\u011f\u0131\u2019na giden Hac\u0131 Hasan G\u00f6kp\u0131nar\u2019\u0131n yerine Arsuz Kaymakaml\u0131\u011f\u0131 g\u00f6revine getirilen Mardin Vali Yard\u0131mc\u0131s\u0131 Fatih Ero\u011flu, g\u00f6reve ba\u015flad\u0131.\u00a0 \u200bHaberin Al\u0131nt\u0131land\u0131\u011f\u0131 Kaynak: www.iskenderun.org"}