{"version":"1.0","provider_name":"Av. Deniz Can K\u0131z\u0131l","provider_url":"https:\/\/denizcankizil.tr\/uk","author_name":"Antalya K\u00f6rfez","author_url":"https:\/\/denizcankizil.tr\/uk\/author\/www-antalyakorfez-com\/","title":"Antalya\u2019da tescilli iftar yeme\u011fi!","type":"rich","width":600,"height":338,"html":"<blockquote class=\"wp-embedded-content\" data-secret=\"Mgtgl98Pwd\"><a href=\"https:\/\/denizcankizil.tr\/uk\/haberler\/gundem\/antalyada-tescilli-iftar-yemegi\/\">Antalya\u2019da tescilli iftar yeme\u011fi!<\/a><\/blockquote><iframe sandbox=\"allow-scripts\" security=\"restricted\" src=\"https:\/\/denizcankizil.tr\/uk\/haberler\/gundem\/antalyada-tescilli-iftar-yemegi\/embed\/#?secret=Mgtgl98Pwd\" width=\"600\" height=\"338\" title=\"&#8220;Antalya\u2019da tescilli iftar yeme\u011fi!&#8221; &#8212; Av. Deniz Can K\u0131z\u0131l\" data-secret=\"Mgtgl98Pwd\" frameborder=\"0\" marginwidth=\"0\" marginheight=\"0\" scrolling=\"no\" class=\"wp-embedded-content\"><\/iframe><script>\n\/*! This file is auto-generated *\/\n!function(d,l){\"use strict\";l.querySelector&&d.addEventListener&&\"undefined\"!=typeof URL&&(d.wp=d.wp||{},d.wp.receiveEmbedMessage||(d.wp.receiveEmbedMessage=function(e){var t=e.data;if((t||t.secret||t.message||t.value)&&!\/[^a-zA-Z0-9]\/.test(t.secret)){for(var s,r,n,a=l.querySelectorAll('iframe[data-secret=\"'+t.secret+'\"]'),o=l.querySelectorAll('blockquote[data-secret=\"'+t.secret+'\"]'),c=new RegExp(\"^https?:$\",\"i\"),i=0;i<o.length;i++)o[i].style.display=\"none\";for(i=0;i<a.length;i++)s=a[i],e.source===s.contentWindow&&(s.removeAttribute(\"style\"),\"height\"===t.message?(1e3<(r=parseInt(t.value,10))?r=1e3:~~r<200&&(r=200),s.height=r):\"link\"===t.message&&(r=new URL(s.getAttribute(\"src\")),n=new URL(t.value),c.test(n.protocol))&&n.host===r.host&&l.activeElement===s&&(d.top.location.href=t.value))}},d.addEventListener(\"message\",d.wp.receiveEmbedMessage,!1),l.addEventListener(\"DOMContentLoaded\",function(){for(var e,t,s=l.querySelectorAll(\"iframe.wp-embedded-content\"),r=0;r<s.length;r++)(t=(e=s[r]).getAttribute(\"data-secret\"))||(t=Math.random().toString(36).substring(2,12),e.src+=\"#?secret=\"+t,e.setAttribute(\"data-secret\",t)),e.contentWindow.postMessage({message:\"ready\",secret:t},\"*\")},!1)))}(window,document);\n\/\/# sourceURL=https:\/\/denizcankizil.tr\/wp-includes\/js\/wp-embed.min.js\n<\/script>","description":"Antalya Ticaret ve Sanayi Odas\u0131 (ATSO) iftar program\u0131 d\u00fczenledi. \u0130ftar program\u0131nda kat\u0131l\u0131mc\u0131lara Antalya\u2019da co\u011frafi i\u015faret \u00fcr\u00fcn\u00fc alm\u0131\u015f G\u00fcl\u00fckl\u00fc \u00c7orba ve Kabak Tatl\u0131s\u0131 ba\u015fta olmak \u00fczere y\u00f6reye \u00f6zg\u00fc Elmal\u0131 Usul\u00fc K\u0131rm\u0131z\u0131 Et, G\u00f6k\u00e7esu Pilav\u0131, Mevsim Salata ikram edildi. ATSO\u2019nun iftar program\u0131nda, misafirlere Antalya mutfa\u011f\u0131n\u0131n co\u011frafi i\u015faret tescilli yemekleri ikram edildi. Men\u00fcn\u00fcn en dikkat \u00e7eken tatlar\u0131 aras\u0131nda G\u00fcl\u00fckl\u00fc \u00c7orba ve Kabak Tatl\u0131s\u0131 yer ald\u0131. Ayr\u0131ca, Elmal\u0131 Usul\u00fc K\u0131rm\u0131z\u0131 Et, G\u00f6k\u00e7esu Pilav\u0131 ve Mevsim Salata da davetlilere sunuldu.\u00a0 \u00c7OK SAYIDA \u0130\u015e \u0130NSANI KATILDI \u0130ftar program\u0131na, Antalya Valisi Hulusi \u015eahin, B\u00fcy\u00fck\u015fehir Belediye Ba\u015fkan\u0131 Muhittin B\u00f6cek, \u0130l Emniyet M\u00fcd\u00fcr\u00fc \u0130lker Arslan, \u0130l Jandarma Komutan\u0131 Tar\u0131k Hekimo\u011flu, milletvekilleri, oda ba\u015fkanlar\u0131 ve \u00e7ok say\u0131da i\u015f insan\u0131 kat\u0131ld\u0131. Ramazan ay\u0131n\u0131n yard\u0131mla\u015fma ve payla\u015fma ay\u0131 oldu\u011funu belirten Antalya Valisi Hulusi \u015eahin, yar\u0131n idrak edilecek olan Kadir Gecesi\u2019nin sa\u011fl\u0131k, huzur ve mutluluk getirmesini temenni etti. B\u00dcY\u00dcK B\u0130R MUTLULUK Antalya B\u00fcy\u00fck\u015fehir Belediye Ba\u015fkan\u0131 Muhittin B\u00f6cek, konu\u015fmas\u0131nda birlik ve beraberli\u011fin \u00f6nemine vurgu yaparak, \u201cAtam\u0131z\u0131n s\u00f6yledi\u011fi gibi, \u015f\u00fcphesiz d\u00fcnyan\u0131n en g\u00fczel yeri olan Antalya\u2019m\u0131zda hep birlikte olmak b\u00fcy\u00fck bir mutluluk. Tar\u0131m\u0131n ba\u015fkentinde i\u015f insanlar\u0131m\u0131zla el ele vererek \u00e7al\u0131\u015fmaya devam ediyoruz\u201d dedi.\u00a0 DAYANI\u015eMA RUHU ATSO Ba\u015fkan\u0131 Yusuf Hac\u0131s\u00fcleyman, iftar program\u0131nda yapt\u0131\u011f\u0131 konu\u015fmada, sofrada yer alan bir\u00e7ok \u00fcr\u00fcn\u00fcn meclis \u00fcyelerinin katk\u0131lar\u0131yla sa\u011fland\u0131\u011f\u0131n\u0131 belirtti. \u201cBug\u00fcn sofram\u0131zda &hellip;"}