{"version":"1.0","provider_name":"Av. Deniz Can K\u0131z\u0131l","provider_url":"https:\/\/denizcankizil.tr\/uk","author_name":"Antalya K\u00f6rfez","author_url":"https:\/\/denizcankizil.tr\/uk\/author\/www-antalyakorfez-com\/","title":"Antalya\u2019da emek\u00e7iler i\u015f b\u0131rakma eylemine haz\u0131rlan\u0131yor!","type":"rich","width":600,"height":338,"html":"<blockquote class=\"wp-embedded-content\" data-secret=\"aShlbHNsdu\"><a href=\"https:\/\/denizcankizil.tr\/uk\/haberler\/gundem\/antalyada-emekciler-is-birakma-eylemine-hazirlaniyor\/\">Antalya\u2019da emek\u00e7iler i\u015f b\u0131rakma eylemine haz\u0131rlan\u0131yor!<\/a><\/blockquote><iframe sandbox=\"allow-scripts\" security=\"restricted\" src=\"https:\/\/denizcankizil.tr\/uk\/haberler\/gundem\/antalyada-emekciler-is-birakma-eylemine-hazirlaniyor\/embed\/#?secret=aShlbHNsdu\" width=\"600\" height=\"338\" title=\"&#8220;Antalya\u2019da emek\u00e7iler i\u015f b\u0131rakma eylemine haz\u0131rlan\u0131yor!&#8221; &#8212; Av. Deniz Can K\u0131z\u0131l\" data-secret=\"aShlbHNsdu\" frameborder=\"0\" marginwidth=\"0\" marginheight=\"0\" scrolling=\"no\" class=\"wp-embedded-content\"><\/iframe><script>\n\/*! This file is auto-generated *\/\n!function(d,l){\"use strict\";l.querySelector&&d.addEventListener&&\"undefined\"!=typeof URL&&(d.wp=d.wp||{},d.wp.receiveEmbedMessage||(d.wp.receiveEmbedMessage=function(e){var t=e.data;if((t||t.secret||t.message||t.value)&&!\/[^a-zA-Z0-9]\/.test(t.secret)){for(var s,r,n,a=l.querySelectorAll('iframe[data-secret=\"'+t.secret+'\"]'),o=l.querySelectorAll('blockquote[data-secret=\"'+t.secret+'\"]'),c=new RegExp(\"^https?:$\",\"i\"),i=0;i<o.length;i++)o[i].style.display=\"none\";for(i=0;i<a.length;i++)s=a[i],e.source===s.contentWindow&&(s.removeAttribute(\"style\"),\"height\"===t.message?(1e3<(r=parseInt(t.value,10))?r=1e3:~~r<200&&(r=200),s.height=r):\"link\"===t.message&&(r=new URL(s.getAttribute(\"src\")),n=new URL(t.value),c.test(n.protocol))&&n.host===r.host&&l.activeElement===s&&(d.top.location.href=t.value))}},d.addEventListener(\"message\",d.wp.receiveEmbedMessage,!1),l.addEventListener(\"DOMContentLoaded\",function(){for(var e,t,s=l.querySelectorAll(\"iframe.wp-embedded-content\"),r=0;r<s.length;r++)(t=(e=s[r]).getAttribute(\"data-secret\"))||(t=Math.random().toString(36).substring(2,12),e.src+=\"#?secret=\"+t,e.setAttribute(\"data-secret\",t)),e.contentWindow.postMessage({message:\"ready\",secret:t},\"*\")},!1)))}(window,document);\n\/\/# sourceURL=https:\/\/denizcankizil.tr\/wp-includes\/js\/wp-embed.min.js\n<\/script>","description":"3 Ocak\u2019ta T\u00dc\u0130K\u2019in Aral\u0131k ay\u0131 enflasyon rakamlar\u0131n\u0131 a\u00e7\u0131klamas\u0131 ile kamu emek\u00e7isi ve emeklilerin maa\u015f zamlar\u0131n\u0131n netle\u015fti. Ancak a\u00e7\u0131klanan rakamlardan memnun olmayan sendikalar i\u015f b\u0131rakma eylemi yapma karar\u0131 verdi. Birle\u015fik Kamu \u0130\u015f Konfederesyonu Antalya \u0130l Ba\u015fkanl\u0131\u011f\u0131\u2019n\u0131n yapt\u0131\u011f\u0131 a\u00e7\u0131klamada, \u201cMaa\u015f\u0131m\u0131z mum gibi eriyor ve emek\u00e7iler olarak h\u0131zla sefalete s\u00fcr\u00fckleniyoruz\u201d denildi.\u00a0 \u00dcRET\u0130MDEN GELEN G\u00dcC\u00dcM\u00dcZ\u00dc KULLANARAK \u0130\u015e BIRAKIYORUZ 5 Kamu Konfederasyonu ile birlikte 13 Ocak Pazartesi g\u00fcn\u00fc t\u00fcm i\u015fyerlerimizde i\u015f b\u0131rakmaya haz\u0131rland\u0131klar\u0131n\u0131 a\u00e7\u0131klayan Birle\u015fik Kamu \u0130\u015f Konfederesyonu Antalya \u0130l Ba\u015fkanl\u0131\u011f\u0131 \u015fu ifadeler yer verdi: \u201cKamu emek\u00e7ileri olarak toplumun di\u011fer kesimleri gibi, y\u0131llard\u0131r artan enflasyon, hayat pahal\u0131l\u0131\u011f\u0131 ve d\u00fc\u015f\u00fck \u00fccret zamlar\u0131 kar\u015f\u0131s\u0131nda yoksulla\u015fmaya mahkum ediliyoruz. \u00a0Al\u0131m g\u00fcc\u00fcm\u00fcz d\u00fc\u015ferken, en temel ihtiya\u00e7lar\u0131m\u0131z\u0131 bile kar\u015f\u0131lamakta zorlan\u0131yoruz. T\u00dc\u0130K taraf\u0131ndan a\u00e7\u0131klanan enflasyon rakamlar\u0131 ger\u00e7e\u011fin biraz\u0131n\u0131 bile yans\u0131tmazken, maa\u015f\u0131m\u0131z mum gibi eriyor ve emek\u00e7iler olarak h\u0131zla sefalete s\u00fcr\u00fckleniyoruz. Bu sefalet d\u00fczenine kar\u015f\u0131 5 Kamu Konfederasyonu olarak 13 Ocak Pazartesi g\u00fcn\u00fc \u00fcretimden gelen g\u00fcc\u00fcm\u00fcz\u00fc kullanarak, t\u00fcm i\u015fyerlerimizde i\u015f b\u0131rak\u0131yoruz. Bu do\u011frultuda KESK ve AS\u0130M-SEN olarak, a\u015fa\u011f\u0131da belirtti\u011fimiz yer ve zamanda ger\u00e7ekle\u015ftirece\u011fimiz ortak bas\u0131n a\u00e7\u0131klamas\u0131na kat\u0131lman\u0131z\u0131 bekleriz.\u201d Ayd\u0131n Kanza Park\u0131 \u00f6n\u00fcnde ba\u015flayacak olan eylem saat 11.30\u2019da ba\u015flayacak. G\u00fcll\u00fck Caddesi\u2019nde 11.54 saatinde y\u00fcr\u00fcy\u00fc\u015f ger\u00e7ekle\u015ftirilecek. Cumhuriyet Meydan\u0131\u2019nda bas\u0131n a\u00e7\u0131klamas\u0131yla son bulacak.\u00a0 \u00a0 \u200bAntalya\u2019da 13 Ocak Pazartesi g\u00fcn\u00fc i\u015f b\u0131rakma eylemine haz\u0131rland\u0131klar\u0131n\u0131 a\u00e7\u0131klayan Birle\u015fik Kamu &hellip;"}