{"version":"1.0","provider_name":"Av. Deniz Can K\u0131z\u0131l","provider_url":"https:\/\/denizcankizil.tr\/uk","author_name":"Antalya K\u00f6rfez","author_url":"https:\/\/denizcankizil.tr\/uk\/author\/www-antalyakorfez-com\/","title":"Antalya\u2019da Co\u011frafi \u0130\u015faretler Zirvesi ba\u015fl\u0131yor","type":"rich","width":600,"height":338,"html":"<blockquote class=\"wp-embedded-content\" data-secret=\"Cu7ak5Bgz1\"><a href=\"https:\/\/denizcankizil.tr\/uk\/haberler\/gundem\/antalyada-cografi-isaretler-zirvesi-basliyor\/\">Antalya\u2019da Co\u011frafi \u0130\u015faretler Zirvesi ba\u015fl\u0131yor<\/a><\/blockquote><iframe sandbox=\"allow-scripts\" security=\"restricted\" src=\"https:\/\/denizcankizil.tr\/uk\/haberler\/gundem\/antalyada-cografi-isaretler-zirvesi-basliyor\/embed\/#?secret=Cu7ak5Bgz1\" width=\"600\" height=\"338\" title=\"&#8220;Antalya\u2019da Co\u011frafi \u0130\u015faretler Zirvesi ba\u015fl\u0131yor&#8221; &#8212; Av. Deniz Can K\u0131z\u0131l\" data-secret=\"Cu7ak5Bgz1\" frameborder=\"0\" marginwidth=\"0\" marginheight=\"0\" scrolling=\"no\" class=\"wp-embedded-content\"><\/iframe><script>\n\/*! This file is auto-generated *\/\n!function(d,l){\"use strict\";l.querySelector&&d.addEventListener&&\"undefined\"!=typeof URL&&(d.wp=d.wp||{},d.wp.receiveEmbedMessage||(d.wp.receiveEmbedMessage=function(e){var t=e.data;if((t||t.secret||t.message||t.value)&&!\/[^a-zA-Z0-9]\/.test(t.secret)){for(var s,r,n,a=l.querySelectorAll('iframe[data-secret=\"'+t.secret+'\"]'),o=l.querySelectorAll('blockquote[data-secret=\"'+t.secret+'\"]'),c=new RegExp(\"^https?:$\",\"i\"),i=0;i<o.length;i++)o[i].style.display=\"none\";for(i=0;i<a.length;i++)s=a[i],e.source===s.contentWindow&&(s.removeAttribute(\"style\"),\"height\"===t.message?(1e3<(r=parseInt(t.value,10))?r=1e3:~~r<200&&(r=200),s.height=r):\"link\"===t.message&&(r=new URL(s.getAttribute(\"src\")),n=new URL(t.value),c.test(n.protocol))&&n.host===r.host&&l.activeElement===s&&(d.top.location.href=t.value))}},d.addEventListener(\"message\",d.wp.receiveEmbedMessage,!1),l.addEventListener(\"DOMContentLoaded\",function(){for(var e,t,s=l.querySelectorAll(\"iframe.wp-embedded-content\"),r=0;r<s.length;r++)(t=(e=s[r]).getAttribute(\"data-secret\"))||(t=Math.random().toString(36).substring(2,12),e.src+=\"#?secret=\"+t,e.setAttribute(\"data-secret\",t)),e.contentWindow.postMessage({message:\"ready\",secret:t},\"*\")},!1)))}(window,document);\n\/\/# sourceURL=https:\/\/denizcankizil.tr\/wp-includes\/js\/wp-embed.min.js\n<\/script>","description":"Co\u011frafi i\u015faretlerin \u00f6nemi, korunmas\u0131 ve ekonomik de\u011ferine dikkat \u00e7ekmek amac\u0131yla Antalya\u2019da geni\u015f kat\u0131l\u0131ml\u0131 bir zirve d\u00fczenleniyor. Antalya Ticaret ve Sanayi Odas\u0131 (ATSO), Y\u00f6resel \u00dcr\u00fcnler ve Co\u011frafi \u0130\u015faretler T\u00fcrkiye Ara\u015ft\u0131rma A\u011f\u0131 (Y\u00dcciTA) ve Akdeniz \u00dcniversitesi Co\u011frafi \u0130\u015faretler Uygulama ve Ara\u015ft\u0131rma Merkezi (AciMER) i\u015f birli\u011finde d\u00fczenlenen Antalya Co\u011frafi \u0130\u015faretler Zirvesi, 8-9 May\u0131s 2025 tarihlerinde iki g\u00fcn boyunca Akdeniz \u00dcniversitesi \u0130ktisadi ve \u0130dari Bilimler Fak\u00fcltesi Prof. Dr. Yavuz Tekelio\u011flu Konferans Salonu\u2019nda ger\u00e7ekle\u015ftirilecek. \u201cBUG\u00dcNE KADAR YAPILAN EN KAPSAMLI ETK\u0130NL\u0130K\u201d ATSO Ba\u015fkan\u0131 Yusuf Hac\u0131s\u00fcleyman, zirvenin Antalya\u2019da co\u011frafi i\u015faretler alan\u0131nda bug\u00fcne kadar yap\u0131lan en kapsaml\u0131 etkinlik oldu\u011funu vurgulayarak, \u201cOdam\u0131z taraf\u0131ndan, Y\u00dcciTA ve AciMER i\u015f birli\u011finde d\u00fczenledi\u011fimiz Antalya Co\u011frafi \u0130\u015faretler Zirvesi, co\u011frafi i\u015faretler alan\u0131nda \u015fimdiye kadar kentimizde ger\u00e7ekle\u015ftirilen en kapsaml\u0131 etkinlik olma \u00f6zelli\u011fini ta\u015f\u0131yor. T\u00fcm payda\u015flar\u0131m\u0131z\u0131 ve ilgilileri bu de\u011ferli bulu\u015fmaya davet ediyoruz\u201d dedi. \u201cYEREL EKONOM\u0130YE KATKI SA\u011eLAYACAK\u201d Zirvede; co\u011frafi i\u015faretlerin yerel ekonomiye katk\u0131s\u0131, geleneksel \u00fcretim y\u00f6ntemlerinin s\u00fcrd\u00fcr\u00fclebilirli\u011fi, t\u00fcketici g\u00fcvenli\u011fi ve k\u0131rsal kalk\u0131nmadaki rol\u00fc gibi pek \u00e7ok konu ele al\u0131nacak. Ayn\u0131 zamanda T\u00fcrkiye ve Avrupa Birli\u011fi\u2019ndeki uygulamalar, korunma s\u00fcre\u00e7leri ve yasal altyap\u0131lar konusunda uzman akademisyenler ve sekt\u00f6r temsilcileri bilgi verecek. EKONOM\u0130YE VE K\u00dcLT\u00dcRE KATKI SA\u011eLAYACAK Co\u011frafi i\u015faretler, sadece y\u00f6resel \u00fcr\u00fcnlerin tan\u0131t\u0131m\u0131 a\u00e7\u0131s\u0131ndan de\u011fil, ayn\u0131 zamanda yerel \u00fcreticilerin desteklenmesi, k\u00fclt\u00fcrel miras\u0131n korunmas\u0131 ve k\u0131rsal alanlar\u0131n kalk\u0131nd\u0131r\u0131lmas\u0131 a\u00e7\u0131s\u0131ndan b\u00fcy\u00fck &hellip;"}