{"version":"1.0","provider_name":"Av. Deniz Can K\u0131z\u0131l","provider_url":"https:\/\/denizcankizil.tr\/uk","author_name":"Av. Deniz Can K\u0131z\u0131l","author_url":"https:\/\/denizcankizil.tr\/uk","title":"Antalya\u2019da 1 Ocak'ta semt pazarlar\u0131 kurulacak m\u0131?","type":"rich","width":600,"height":338,"html":"<blockquote class=\"wp-embedded-content\" data-secret=\"na6MGqAbO5\"><a href=\"https:\/\/denizcankizil.tr\/uk\/haberler\/gundem\/antalyada-1-ocakta-semt-pazarlari-kurulacak-mi\/\">Antalya\u2019da 1 Ocak&#8217;ta semt pazarlar\u0131 kurulacak m\u0131?<\/a><\/blockquote><iframe sandbox=\"allow-scripts\" security=\"restricted\" src=\"https:\/\/denizcankizil.tr\/uk\/haberler\/gundem\/antalyada-1-ocakta-semt-pazarlari-kurulacak-mi\/embed\/#?secret=na6MGqAbO5\" width=\"600\" height=\"338\" title=\"&#8220;Antalya\u2019da 1 Ocak&#8217;ta semt pazarlar\u0131 kurulacak m\u0131?&#8221; &#8212; Av. Deniz Can K\u0131z\u0131l\" data-secret=\"na6MGqAbO5\" frameborder=\"0\" marginwidth=\"0\" marginheight=\"0\" scrolling=\"no\" class=\"wp-embedded-content\"><\/iframe><script>\n\/*! This file is auto-generated *\/\n!function(d,l){\"use strict\";l.querySelector&&d.addEventListener&&\"undefined\"!=typeof URL&&(d.wp=d.wp||{},d.wp.receiveEmbedMessage||(d.wp.receiveEmbedMessage=function(e){var t=e.data;if((t||t.secret||t.message||t.value)&&!\/[^a-zA-Z0-9]\/.test(t.secret)){for(var s,r,n,a=l.querySelectorAll('iframe[data-secret=\"'+t.secret+'\"]'),o=l.querySelectorAll('blockquote[data-secret=\"'+t.secret+'\"]'),c=new RegExp(\"^https?:$\",\"i\"),i=0;i<o.length;i++)o[i].style.display=\"none\";for(i=0;i<a.length;i++)s=a[i],e.source===s.contentWindow&&(s.removeAttribute(\"style\"),\"height\"===t.message?(1e3<(r=parseInt(t.value,10))?r=1e3:~~r<200&&(r=200),s.height=r):\"link\"===t.message&&(r=new URL(s.getAttribute(\"src\")),n=new URL(t.value),c.test(n.protocol))&&n.host===r.host&&l.activeElement===s&&(d.top.location.href=t.value))}},d.addEventListener(\"message\",d.wp.receiveEmbedMessage,!1),l.addEventListener(\"DOMContentLoaded\",function(){for(var e,t,s=l.querySelectorAll(\"iframe.wp-embedded-content\"),r=0;r<s.length;r++)(t=(e=s[r]).getAttribute(\"data-secret\"))||(t=Math.random().toString(36).substring(2,12),e.src+=\"#?secret=\"+t,e.setAttribute(\"data-secret\",t)),e.contentWindow.postMessage({message:\"ready\",secret:t},\"*\")},!1)))}(window,document);\n\/\/# sourceURL=https:\/\/denizcankizil.tr\/wp-includes\/js\/wp-embed.min.js\n<\/script>","description":"Yeni y\u0131la saatler kala Antalya\u2019da vatanda\u015flar, bug\u00fcn semt pazarlar\u0131na adeta ak\u0131n etti. Do\u011fu Garaj\u0131nda kurulan Sal\u0131 Pazar\u0131\u2019na yo\u011fun ilgi g\u00f6steren vatanda\u015flar, 2024 y\u0131l\u0131n\u0131n son al\u0131\u015fveri\u015fini yapt\u0131. 1 Ocak 2025 tarihinin resmi tatil olmas\u0131 sebebiyle semt pazarlar\u0131n\u0131n kurulup, kurulmayaca\u011f\u0131 ise merak konusu oldu. Antalya Pazarc\u0131lar Odas\u0131 Ba\u015fkan\u0131 Metin Bucak yeni y\u0131l semt pazarlar\u0131n\u0131n kurulaca\u011f\u0131n\u0131 a\u00e7\u0131klad\u0131.\u00a0 \u00c7AR\u015eAMBA PAZARI KURULACAK Antalya Pazarc\u0131lar Odas\u0131 Ba\u015fkan\u0131 Metin Bucak, sadece dini bayramlarda semt pazarlar\u0131n\u0131n belirli aral\u0131klarla kurulmad\u0131\u011f\u0131n\u0131 dile getirerek \u201cDi\u011fer \u00f6zel ve milli g\u00fcnlerimizde Antalya\u2019da semt pazarlar\u0131 kuruluyor. Vatanda\u015flar\u0131m\u0131z yar\u0131n \u015fehrin de\u011fi\u015fik b\u00f6lgelerinde kurulacak olan \u00c7ar\u015famba Pazarlar\u0131na g\u00f6n\u00fcl rahatl\u0131\u011f\u0131yla gidebilirler\u201d diye konu\u015ftu. Bu arada yeni y\u0131l \u00f6ncesi al\u0131\u015fveri\u015fini yapan Antalyal\u0131lar sebze ve meyve fiyatlar\u0131ndan olduk\u00e7a memnun.\u00a0 ESNAF SEMT PAZARLARINDA SATI\u015e YAPIYOR Antalya merkez il\u00e7elerde kurulan semt pazarlar\u0131nda 4 binin \u00fczerinde esnaf\u0131n i\u015f yapt\u0131\u011f\u0131n\u0131 anlatan Pazarc\u0131lar Odas\u0131 Ba\u015fkan\u0131 Metin Bucak, yeni y\u0131lda say\u0131n\u0131n artmas\u0131n\u0131 beklediklerini ifade etti. Bucak, \u201cYeni y\u0131lla birlikte \u00fcye say\u0131m\u0131z\u0131n artmas\u0131n\u0131 bekliyoruz. Semt pazarlar\u0131n\u0131n \u00e7evresinde kay\u0131t d\u0131\u015f\u0131 tezgah a\u00e7an vatanda\u015flar\u0131m\u0131z\u0131n odam\u0131za \u00fcye olmalar\u0131 ve kay\u0131t alt\u0131na al\u0131nmalar\u0131na y\u00f6nelik \u00e7al\u0131\u015fmalar\u0131m\u0131z devam ediyor\u201d dedi.\u00a0 \u00a0 \u200bAntalya\u2019da 2024 y\u0131l\u0131n\u0131n son g\u00fcn\u00fcnde vatanda\u015flar Sal\u0131 Semt Pazar\u0131\u2019na yo\u011fun ilgi g\u00f6sterdi. 1 Ocak 2025 tarihinde semt pazarlar\u0131n\u0131n a\u00e7\u0131l\u0131p a\u00e7\u0131lmayaca\u011f\u0131 ise merak konusu oldu. Yetkili isimler ise konuyla ilgili a\u00e7\u0131klama yapt\u0131. &hellip;"}