{"version":"1.0","provider_name":"Av. Deniz Can K\u0131z\u0131l","provider_url":"https:\/\/denizcankizil.tr\/uk","author_name":"Antalya K\u00f6rfez","author_url":"https:\/\/denizcankizil.tr\/uk\/author\/www-antalyakorfez-com\/","title":"Antalya M\u00fczesi kapand\u0131! Art\u0131k ziyaret edilemeyecek","type":"rich","width":600,"height":338,"html":"<blockquote class=\"wp-embedded-content\" data-secret=\"ww1vMvUWa9\"><a href=\"https:\/\/denizcankizil.tr\/uk\/haberler\/gundem\/antalya-muzesi-kapandi-artik-ziyaret-edilemeyecek\/\">Antalya M\u00fczesi kapand\u0131! Art\u0131k ziyaret edilemeyecek<\/a><\/blockquote><iframe sandbox=\"allow-scripts\" security=\"restricted\" src=\"https:\/\/denizcankizil.tr\/uk\/haberler\/gundem\/antalya-muzesi-kapandi-artik-ziyaret-edilemeyecek\/embed\/#?secret=ww1vMvUWa9\" width=\"600\" height=\"338\" title=\"&#8220;Antalya M\u00fczesi kapand\u0131! Art\u0131k ziyaret edilemeyecek&#8221; &#8212; Av. Deniz Can K\u0131z\u0131l\" data-secret=\"ww1vMvUWa9\" frameborder=\"0\" marginwidth=\"0\" marginheight=\"0\" scrolling=\"no\" class=\"wp-embedded-content\"><\/iframe><script>\n\/*! This file is auto-generated *\/\n!function(d,l){\"use strict\";l.querySelector&&d.addEventListener&&\"undefined\"!=typeof URL&&(d.wp=d.wp||{},d.wp.receiveEmbedMessage||(d.wp.receiveEmbedMessage=function(e){var t=e.data;if((t||t.secret||t.message||t.value)&&!\/[^a-zA-Z0-9]\/.test(t.secret)){for(var s,r,n,a=l.querySelectorAll('iframe[data-secret=\"'+t.secret+'\"]'),o=l.querySelectorAll('blockquote[data-secret=\"'+t.secret+'\"]'),c=new RegExp(\"^https?:$\",\"i\"),i=0;i<o.length;i++)o[i].style.display=\"none\";for(i=0;i<a.length;i++)s=a[i],e.source===s.contentWindow&&(s.removeAttribute(\"style\"),\"height\"===t.message?(1e3<(r=parseInt(t.value,10))?r=1e3:~~r<200&&(r=200),s.height=r):\"link\"===t.message&&(r=new URL(s.getAttribute(\"src\")),n=new URL(t.value),c.test(n.protocol))&&n.host===r.host&&l.activeElement===s&&(d.top.location.href=t.value))}},d.addEventListener(\"message\",d.wp.receiveEmbedMessage,!1),l.addEventListener(\"DOMContentLoaded\",function(){for(var e,t,s=l.querySelectorAll(\"iframe.wp-embedded-content\"),r=0;r<s.length;r++)(t=(e=s[r]).getAttribute(\"data-secret\"))||(t=Math.random().toString(36).substring(2,12),e.src+=\"#?secret=\"+t,e.setAttribute(\"data-secret\",t)),e.contentWindow.postMessage({message:\"ready\",secret:t},\"*\")},!1)))}(window,document);\n\/\/# sourceURL=https:\/\/denizcankizil.tr\/wp-includes\/js\/wp-embed.min.js\n<\/script>","description":"K\u00fclt\u00fcr ve Turizm Bakanl\u0131\u011f\u0131 taraf\u0131ndan Antalya&#8217;da 1964 y\u0131l\u0131nda ulusal bir proje yar\u0131\u015fmas\u0131 sonras\u0131nda in\u015fa edilerek, 1972 y\u0131l\u0131nda a\u00e7\u0131lan Arkeoloji M\u00fczesi&#8217;nin y\u0131k\u0131m\u0131na ve yerine yeni bir m\u00fcze binas\u0131 yap\u0131lmas\u0131na karar verildi. Bakanl\u0131k taraf\u0131ndan al\u0131nana bu karar kentte \u2018m\u00fcze\u2019 tart\u0131\u015fmalar\u0131n\u0131n ya\u015fanmas\u0131na neden oldu. Baz\u0131 sivil toplum \u00f6rg\u00fctleri; m\u00fczenin y\u0131k\u0131lmas\u0131 veya k\u0131smen korunmas\u0131, \u00f6zellikle de m\u00fcze alan\u0131n\u0131n yan\u0131ndaki Karayollar\u0131 ile Meteoroloji b\u00f6lge m\u00fcd\u00fcrl\u00fcklerinin kulland\u0131\u011f\u0131 araziler ve kuzeyindeki Uygulama Oteli&#8217;nin Antalya M\u00fczesi&#8217;ne dahil edilmesini istiyor. T\u00fcm tart\u0131\u015fmalara ra\u011fmen Antalya M\u00fczesi bug\u00fcn itibariyle kapat\u0131ld\u0131. KENT KONSEY\u0130 A\u00c7IKLAMA YAPMI\u015eTI Antalya Kent Konseyi b\u00fcnyesindeki K\u00fclt\u00fcrel Miras, \u0130mar Planlama, Altyap\u0131 ile K\u00fclt\u00fcr ve Sanat \u00e7al\u0131\u015fma gruplar\u0131n\u0131n ortak raporunda, mevcut yap\u0131n\u0131n orijinal de\u011ferleriyle korunmas\u0131n\u0131 \u00f6nceleyen ulusal proje yar\u0131\u015fmas\u0131 ile m\u00fczenin do\u011fusunda karayollar\u0131na, kuzeyde ise uygulama oteli olarak kullan\u0131lan geni\u015f alanlarla b\u00fcy\u00fct\u00fclerek, ger\u00e7ek bir b\u00f6lge m\u00fczesi d\u00fczeyine gelebilece\u011fi ifade edildi. Konsey&#8217;in raporunda, mevcut m\u00fcze yap\u0131s\u0131n\u0131n korunmas\u0131yla birlikte, iki a\u015famal\u0131 ulusal mimari proje yar\u0131\u015fmas\u0131 yoluyla M\u00fcze Kompleksi tasar\u0131m\u0131n\u0131n elde edilmesi \u00f6nerisi sunuldu. TEPK\u0130LER \u00dcST \u00dcSTE GELD\u0130 M\u00fczenin y\u0131k\u0131m\u0131na kar\u015f\u0131 \u00e7\u0131kan M\u00fcze \u00c7al\u0131\u015fma Grubu ad\u0131 alt\u0131nda baz\u0131 akademisyenler ve sivil toplum \u00f6rg\u00fctleriyle birlikte hareket eden K\u00fclt\u00fcr Sanat Sen Antalya B\u00f6lge Ba\u015fkan\u0131 Dr. \u0130rfan Kuru\u00fcz\u00fcm, mevcut binan\u0131n y\u0131k\u0131lmas\u0131na gerek\u00e7e g\u00f6sterilen, depreme kar\u015f\u0131 riskli yap\u0131 oldu\u011funa dair 5 y\u0131l \u00f6nce al\u0131nd\u0131\u011f\u0131 s\u00f6ylenen belgeye ula\u015f\u0131lamad\u0131\u011f\u0131n\u0131 &hellip;"}