{"version":"1.0","provider_name":"Av. Deniz Can K\u0131z\u0131l","provider_url":"https:\/\/denizcankizil.tr\/uk","author_name":"Antalya K\u00f6rfez","author_url":"https:\/\/denizcankizil.tr\/uk\/author\/www-antalyakorfez-com\/","title":"Antalya Kad\u0131n Platformu\u2019ndan 8 Mart a\u00e7\u0131klamas\u0131","type":"rich","width":600,"height":338,"html":"<blockquote class=\"wp-embedded-content\" data-secret=\"5q7kJk7ZEw\"><a href=\"https:\/\/denizcankizil.tr\/uk\/haberler\/gundem\/antalya-kadin-platformundan-8-mart-aciklamasi\/\">Antalya Kad\u0131n Platformu\u2019ndan 8 Mart a\u00e7\u0131klamas\u0131<\/a><\/blockquote><iframe sandbox=\"allow-scripts\" security=\"restricted\" src=\"https:\/\/denizcankizil.tr\/uk\/haberler\/gundem\/antalya-kadin-platformundan-8-mart-aciklamasi\/embed\/#?secret=5q7kJk7ZEw\" width=\"600\" height=\"338\" title=\"&#8220;Antalya Kad\u0131n Platformu\u2019ndan 8 Mart a\u00e7\u0131klamas\u0131&#8221; &#8212; Av. Deniz Can K\u0131z\u0131l\" data-secret=\"5q7kJk7ZEw\" frameborder=\"0\" marginwidth=\"0\" marginheight=\"0\" scrolling=\"no\" class=\"wp-embedded-content\"><\/iframe><script>\n\/*! This file is auto-generated *\/\n!function(d,l){\"use strict\";l.querySelector&&d.addEventListener&&\"undefined\"!=typeof URL&&(d.wp=d.wp||{},d.wp.receiveEmbedMessage||(d.wp.receiveEmbedMessage=function(e){var t=e.data;if((t||t.secret||t.message||t.value)&&!\/[^a-zA-Z0-9]\/.test(t.secret)){for(var s,r,n,a=l.querySelectorAll('iframe[data-secret=\"'+t.secret+'\"]'),o=l.querySelectorAll('blockquote[data-secret=\"'+t.secret+'\"]'),c=new RegExp(\"^https?:$\",\"i\"),i=0;i<o.length;i++)o[i].style.display=\"none\";for(i=0;i<a.length;i++)s=a[i],e.source===s.contentWindow&&(s.removeAttribute(\"style\"),\"height\"===t.message?(1e3<(r=parseInt(t.value,10))?r=1e3:~~r<200&&(r=200),s.height=r):\"link\"===t.message&&(r=new URL(s.getAttribute(\"src\")),n=new URL(t.value),c.test(n.protocol))&&n.host===r.host&&l.activeElement===s&&(d.top.location.href=t.value))}},d.addEventListener(\"message\",d.wp.receiveEmbedMessage,!1),l.addEventListener(\"DOMContentLoaded\",function(){for(var e,t,s=l.querySelectorAll(\"iframe.wp-embedded-content\"),r=0;r<s.length;r++)(t=(e=s[r]).getAttribute(\"data-secret\"))||(t=Math.random().toString(36).substring(2,12),e.src+=\"#?secret=\"+t,e.setAttribute(\"data-secret\",t)),e.contentWindow.postMessage({message:\"ready\",secret:t},\"*\")},!1)))}(window,document);\n\/\/# sourceURL=https:\/\/denizcankizil.tr\/wp-includes\/js\/wp-embed.min.js\n<\/script>","description":"Antalya Kad\u0131n Platformu, 8 Mart\u2019ta ya\u015fanan olay\u0131n \u00fczerine a\u00e7\u0131klama yapt\u0131. E\u011fitim-Sen Antalya \u015eube Ba\u015fkanl\u0131\u011f\u0131nda ger\u00e7ekle\u015ftirilen a\u00e7\u0131klamada, \u201cBiz kad\u0131nlar bizi birbirimize d\u00fc\u015f\u00fcrmek amac\u0131yla yap\u0131lan her t\u00fcrl\u00fc provakasyona ve manip\u00fclasyona kar\u015f\u0131 yan yana olmaya, beraber m\u00fccadele etmeye, alanlar\u0131 doldurmaya devam edece\u011fiz. Ger\u00e7e\u011fi yok sayarak, \u00e7arp\u0131tarak yap\u0131lan karalama kampanyalar\u0131na izin vermeyece\u011fiz\u201d denildi.\u00a0 A\u011eIR \u0130THAM VE SALDIRILARA MARUZ KALDIK! Antalya Kad\u0131n Platformu taraf\u0131ndan yap\u0131lan a\u00e7\u0131klamada, \u201c8 Mart 2025 D\u00fcnya Kad\u0131nlar G\u00fcn\u00fc y\u00fcr\u00fcy\u00fc\u015f\u00fc s\u0131ras\u0131nda ger\u00e7ekle\u015fen ve platformumuzla platform \u00fcyelerimizin \u00e7irkin iddia, a\u011f\u0131r itham ve sald\u0131r\u0131lara maruz b\u0131rak\u0131lmas\u0131ndan dolay\u0131 bu bas\u0131n a\u00e7\u0131klamas\u0131yla ger\u00e7eklerin kamuoyuna duyurulmas\u0131 gereklili\u011fi do\u011fmu\u015ftur. 8 Mart 2025 tarihinde platformumuzca d\u00fczenlenen y\u00fcr\u00fcy\u00fc\u015fte ya\u015fanan olay bilin\u00e7li bir \u015fekilde \u00e7arp\u0131t\u0131lm\u0131\u015f olarak baz\u0131 gazetelerce servis edilmi\u015ftir. Platformumuz ve arkada\u015f\u0131m\u0131z hedef haline getirilerek sosyal medya \u015fiddetine maruz b\u0131rak\u0131lm\u0131\u015ft\u0131r\u201d denildi.\u00a0 B\u0130RL\u0130K, M\u00dcCADELE VE DAYANI\u015eMA G\u00dcN\u00dc 8 Mart\u2019\u0131n \u00f6nemine vurgu yap\u0131lan a\u00e7\u0131klamada, 8 Mart eylemleri kad\u0131nlar\u0131n dil, din, etnik k\u00f6ken, s\u0131n\u0131f ayr\u0131m\u0131 olmaks\u0131z\u0131n yan yana gelip m\u00fccadelelerini b\u00fcy\u00fctt\u00fckleri g\u00fcn\u00fcn ad\u0131d\u0131r. Meydanlarda da bu ama\u00e7la bulunulur. Kad\u0131na y\u00f6nelik \u015fiddete kar\u015f\u0131 m\u00fccadelede birle\u015filir ve bunu zay\u0131flatabilecek milliyet\u00e7i ve militarist s\u00f6ylemlerden uzak durulur\u201d \u015feklinde yap\u0131lan a\u00e7\u0131klamada daha sonra; \u201cKad\u0131nlar\u0131n y\u00fckselen m\u00fccadelesine g\u00f6lge d\u00fc\u015f\u00fcrmek i\u00e7in ger\u00e7e\u011fi \u00e7arp\u0131tarak yap\u0131lan haberler kad\u0131n arkada\u015f\u0131m\u0131z ve platformumuz nefret s\u00f6ylemlerine maruz kalm\u0131\u015f ve hedef g\u00f6sterilmi\u015ftir\u201d denildi.\u00a0 KORTEJ\u0130N \u00d6N\u00dcNE GE\u00c7EN &hellip;"}