{"version":"1.0","provider_name":"Av. Deniz Can K\u0131z\u0131l","provider_url":"https:\/\/denizcankizil.tr\/uk","author_name":"Antalya K\u00f6rfez","author_url":"https:\/\/denizcankizil.tr\/uk\/author\/www-antalyakorfez-com\/","title":"Antalya Havaliman\u0131\u2019nda \u00e7al\u0131\u015fanlar i\u015f b\u0131rakt\u0131","type":"rich","width":600,"height":338,"html":"<blockquote class=\"wp-embedded-content\" data-secret=\"nOXyQuITSq\"><a href=\"https:\/\/denizcankizil.tr\/uk\/haberler\/gundem\/antalya-havalimaninda-calisanlar-is-birakti\/\">Antalya Havaliman\u0131\u2019nda \u00e7al\u0131\u015fanlar i\u015f b\u0131rakt\u0131<\/a><\/blockquote><iframe sandbox=\"allow-scripts\" security=\"restricted\" src=\"https:\/\/denizcankizil.tr\/uk\/haberler\/gundem\/antalya-havalimaninda-calisanlar-is-birakti\/embed\/#?secret=nOXyQuITSq\" width=\"600\" height=\"338\" title=\"&#8220;Antalya Havaliman\u0131\u2019nda \u00e7al\u0131\u015fanlar i\u015f b\u0131rakt\u0131&#8221; &#8212; Av. Deniz Can K\u0131z\u0131l\" data-secret=\"nOXyQuITSq\" frameborder=\"0\" marginwidth=\"0\" marginheight=\"0\" scrolling=\"no\" class=\"wp-embedded-content\"><\/iframe><script>\n\/*! This file is auto-generated *\/\n!function(d,l){\"use strict\";l.querySelector&&d.addEventListener&&\"undefined\"!=typeof URL&&(d.wp=d.wp||{},d.wp.receiveEmbedMessage||(d.wp.receiveEmbedMessage=function(e){var t=e.data;if((t||t.secret||t.message||t.value)&&!\/[^a-zA-Z0-9]\/.test(t.secret)){for(var s,r,n,a=l.querySelectorAll('iframe[data-secret=\"'+t.secret+'\"]'),o=l.querySelectorAll('blockquote[data-secret=\"'+t.secret+'\"]'),c=new RegExp(\"^https?:$\",\"i\"),i=0;i<o.length;i++)o[i].style.display=\"none\";for(i=0;i<a.length;i++)s=a[i],e.source===s.contentWindow&&(s.removeAttribute(\"style\"),\"height\"===t.message?(1e3<(r=parseInt(t.value,10))?r=1e3:~~r<200&&(r=200),s.height=r):\"link\"===t.message&&(r=new URL(s.getAttribute(\"src\")),n=new URL(t.value),c.test(n.protocol))&&n.host===r.host&&l.activeElement===s&&(d.top.location.href=t.value))}},d.addEventListener(\"message\",d.wp.receiveEmbedMessage,!1),l.addEventListener(\"DOMContentLoaded\",function(){for(var e,t,s=l.querySelectorAll(\"iframe.wp-embedded-content\"),r=0;r<s.length;r++)(t=(e=s[r]).getAttribute(\"data-secret\"))||(t=Math.random().toString(36).substring(2,12),e.src+=\"#?secret=\"+t,e.setAttribute(\"data-secret\",t)),e.contentWindow.postMessage({message:\"ready\",secret:t},\"*\")},!1)))}(window,document);\n\/\/# sourceURL=https:\/\/denizcankizil.tr\/wp-includes\/js\/wp-embed.min.js\n<\/script>","description":"Antalya Havaliman\u0131 \u015fantiyesinde 3 ayd\u0131r maa\u015f alamad\u0131klar\u0131 i\u00e7in i\u015f b\u0131rakan i\u015f\u00e7ilerin eylemi s\u00fcrerken, i\u015fverenden \u201cMaa\u015flar Per\u015fembe g\u00fcn\u00fc \u00f6denecek\u201d a\u00e7\u0131klamas\u0131 geldi. Duruma tepki g\u00f6steren Umut-Sen Akdeniz \u015eubesi, \u201c\u0130\u015f\u00e7ilerin hakk\u0131 derhal teslim edilsin\u201d a\u00e7\u0131klamas\u0131nda bulundu. Havaliman\u0131 \u015fantiyesinde \u00e7al\u0131\u015fan \u00e7ok say\u0131da in\u015faat i\u015f\u00e7isinin 3 ayd\u0131r maa\u015flar\u0131n\u0131 alamad\u0131klar\u0131 i\u00e7in ba\u015flatt\u0131klar\u0131 i\u015f b\u0131rakma eylemi ikinci g\u00fcn\u00fcnde devam ediyor. Firma ile i\u015f\u00e7iler aras\u0131nda bug\u00fcn yap\u0131lan g\u00f6r\u00fc\u015fmede firman\u0131n Per\u015fembe g\u00fcn\u00fc \u00f6deme yapaca\u011f\u0131 bilgisi verildi\u011fini belirtildi. Ya\u015fanan duruma tepki g\u00f6steren Umut-Sen \u00e7al\u0131\u015fanlar\u0131n maa\u015flar\u0131n\u0131n bir an \u00f6nce \u00f6denmesini istedi. \u0130\u015e\u00c7\u0130LER KARARLI\u2026 Antalya Havaliman\u0131 \u015fantiyesinde 3 ayd\u0131r maa\u015f alamad\u0131klar\u0131 i\u00e7in i\u015f b\u0131rakan i\u015f\u00e7iler eylem ba\u015flatt\u0131. Umut-Sen Akdeniz \u015eubesinden yap\u0131lan a\u00e7\u0131klamada, \u201c\u0130\u015f\u00e7ilere s\u00fcrekli tarih verilerek yat\u0131r\u0131lacak deniyor. Ama ya ge\u00e7 yat\u0131r\u0131l\u0131yor ya da yat\u0131r\u0131lm\u0131yor. \u0130\u015f\u00e7iler &#8216;hep s\u00f6z veriyorsunuz ama s\u00f6z\u00fcn\u00fczde durmuyorsunuz&#8217; dediklerinde, &#8216;i\u015finize geliyorsa \u00e7al\u0131\u015f\u0131n, gelmiyorsa \u00e7\u0131k\u0131p gidin&#8217; deniyor. \u00c7\u0131k\u0131p gitseler de maa\u015flar\u0131 verilmiyor ki. Eylem yapan i\u015f\u00e7iler 3 ayd\u0131r maa\u015flar\u0131n\u0131 alam\u0131yorlar. Bir i\u015f\u00e7i maa\u015f\u0131n\u0131 bir hafta ge\u00e7 ald\u0131\u011f\u0131 i\u00e7in bile \u00e7ok zor durumda kal\u0131yor. B\u00f6yle olunca i\u015f\u00e7iler yeniden eylem yap\u0131yor. \u0130\u015f\u00e7iler maa\u015flar\u0131n\u0131 alana kadar i\u015f b\u0131rakma eylemi s\u00fcrd\u00fcrmeye kararl\u0131lar\u201d denildi. PER\u015eEMBE G\u00dcN\u00dc \u00d6DEYECE\u011e\u0130Z A\u00c7IKLAMASI Konuyla ilgili olarak \u015fantiye i\u015f\u00e7ilerinin maa\u015flar\u0131n\u0131n Per\u015fembe g\u00fcn\u00fc \u00f6denece\u011fine dair i\u015fverenden a\u00e7\u0131klama geldi\u011fine dikkat \u00e7eken Umut-Sen Akdeniz \u015eubesinden a\u00e7\u0131klamalar \u015fu \u015fekilde son buldu: \u201cAntalya Havaliman\u0131 \u015eantiyesinde &hellip;"}