{"version":"1.0","provider_name":"Av. Deniz Can K\u0131z\u0131l","provider_url":"https:\/\/denizcankizil.tr\/uk","author_name":"Av. Deniz Can K\u0131z\u0131l","author_url":"https:\/\/denizcankizil.tr\/uk","title":"Antalya Barosu, \u00d6zg\u00fcr \u00d6zel\u2019den \u00f6z\u00fcr bekliyor","type":"rich","width":600,"height":338,"html":"<blockquote class=\"wp-embedded-content\" data-secret=\"wMBTF1BlYJ\"><a href=\"https:\/\/denizcankizil.tr\/uk\/haberler\/gundem\/antalya-barosu-ozgur-ozelden-ozur-bekliyor\/\">Antalya Barosu, \u00d6zg\u00fcr \u00d6zel\u2019den \u00f6z\u00fcr bekliyor<\/a><\/blockquote><iframe sandbox=\"allow-scripts\" security=\"restricted\" src=\"https:\/\/denizcankizil.tr\/uk\/haberler\/gundem\/antalya-barosu-ozgur-ozelden-ozur-bekliyor\/embed\/#?secret=wMBTF1BlYJ\" width=\"600\" height=\"338\" title=\"&#8220;Antalya Barosu, \u00d6zg\u00fcr \u00d6zel\u2019den \u00f6z\u00fcr bekliyor&#8221; &#8212; Av. Deniz Can K\u0131z\u0131l\" data-secret=\"wMBTF1BlYJ\" frameborder=\"0\" marginwidth=\"0\" marginheight=\"0\" scrolling=\"no\" class=\"wp-embedded-content\"><\/iframe><script>\n\/*! This file is auto-generated *\/\n!function(d,l){\"use strict\";l.querySelector&&d.addEventListener&&\"undefined\"!=typeof URL&&(d.wp=d.wp||{},d.wp.receiveEmbedMessage||(d.wp.receiveEmbedMessage=function(e){var t=e.data;if((t||t.secret||t.message||t.value)&&!\/[^a-zA-Z0-9]\/.test(t.secret)){for(var s,r,n,a=l.querySelectorAll('iframe[data-secret=\"'+t.secret+'\"]'),o=l.querySelectorAll('blockquote[data-secret=\"'+t.secret+'\"]'),c=new RegExp(\"^https?:$\",\"i\"),i=0;i<o.length;i++)o[i].style.display=\"none\";for(i=0;i<a.length;i++)s=a[i],e.source===s.contentWindow&&(s.removeAttribute(\"style\"),\"height\"===t.message?(1e3<(r=parseInt(t.value,10))?r=1e3:~~r<200&&(r=200),s.height=r):\"link\"===t.message&&(r=new URL(s.getAttribute(\"src\")),n=new URL(t.value),c.test(n.protocol))&&n.host===r.host&&l.activeElement===s&&(d.top.location.href=t.value))}},d.addEventListener(\"message\",d.wp.receiveEmbedMessage,!1),l.addEventListener(\"DOMContentLoaded\",function(){for(var e,t,s=l.querySelectorAll(\"iframe.wp-embedded-content\"),r=0;r<s.length;r++)(t=(e=s[r]).getAttribute(\"data-secret\"))||(t=Math.random().toString(36).substring(2,12),e.src+=\"#?secret=\"+t,e.setAttribute(\"data-secret\",t)),e.contentWindow.postMessage({message:\"ready\",secret:t},\"*\")},!1)))}(window,document);\n\/\/# sourceURL=https:\/\/denizcankizil.tr\/wp-includes\/js\/wp-embed.min.js\n<\/script>","description":"CHP Genel Ba\u015fkan\u0131 \u00d6zg\u00fcr \u00d6zel&#8217;in \u0130stanbul Cumhuriyet Ba\u015fsavc\u0131s\u0131 Ak\u0131n G\u00fcrlek hakk\u0131nda s\u00f6ylemleri tepki \u00e7ekmeye devam ediyor. \u00d6zel\u2019in avukatl\u0131k mesle\u011fine kar\u015f\u0131 s\u00f6ylemine bir a\u00e7\u0131klama da Antalya Barosu\u2019ndan geldi. \u00d6zel\u2019in &#8220;Ba\u015fka i\u015f bilmiyorsa avukatl\u0131k yapabilir&#8221; s\u00f6zlerini k\u0131nad\u0131\u011f\u0131n\u0131 a\u00e7\u0131klayan Antalya Barosu a\u00e7\u0131klamas\u0131nda, \u201cBir g\u00fcn herkesin avukata ihtiya\u00e7 duyaca\u011f\u0131n\u0131 hat\u0131rlatmak istiyoruz\u201d ifadelerine yer verildi.\u00a0 AVUKATIN \u0130T\u0130BARINI ZEDELEMEKTE \u00d6zel\u2019in avukata ve avukatl\u0131k mesle\u011fine kar\u015f\u0131 haks\u0131z s\u00f6ylemler bulundu\u011funu belirten Baro, \u201cKutsal hak savunuculu\u011fu mesle\u011fini yurdun her k\u00f6\u015fesinde fedakarca yerine getiren avukatlar hukuk devleti ilkesinin temel teminat\u0131d\u0131r. Avukata ve avukatl\u0131k mesle\u011fine y\u00f6nelik amac\u0131n\u0131 a\u015fan haks\u0131z s\u00f6ylemler, toplum nezdinde avukat\u0131n itibar\u0131n\u0131 zedelemekte, avukatlar\u0131n hukuk devletinin tesisi ve vatanda\u015f\u0131n adalet duygusunu tatmin eden bir yarg\u0131 hizmeti almas\u0131na y\u00f6nelik \u00e7abas\u0131n\u0131 yok saymaktad\u0131r. Toplumu temsil edenlerin, adalet tesisi i\u00e7in fedakarca m\u00fccadele eden bir meslek grubunun ruhunu anlamaya ve bu ruhu y\u00fccelten bir dil kullanmas\u0131 gerekti\u011fine inan\u0131yoruz. Bu ba\u011flamda siyaset\u00e7ileri ve kitle temsilcilerini mesle\u011fimize y\u00f6nelik ifadelerinde dikkatli ve \u00f6zenli olmaya, avukatl\u0131k mesle\u011fine y\u00f6nelik ifadelerini g\u00f6zden ge\u00e7irmeye ve sorumluluk bilinciyle hareket etmesine davet ediyoruz\u201d a\u00e7\u0131klamas\u0131nda bulundu.\u00a0 YARDIMCI B\u0130R MESLEK KOLUYMU\u015e G\u0130B\u0130 LANSE ED\u0130LM\u0130\u015eT\u0130R\u00a0 Avukatl\u0131k mesle\u011finin ba\u011f\u0131ms\u0131z yarg\u0131y\u0131 olu\u015fturan \u00fc\u00e7 ana erkten biri oldu\u011funa dikkat \u00e7eken Antalya Barosu a\u00e7\u0131klamas\u0131nda, \u201c\u015eu husus unutulmamal\u0131d\u0131r ki savc\u0131, avukat ve yarg\u0131\u00e7 Anayasa\u2019da bahsedilen ba\u011f\u0131ms\u0131z yarg\u0131y\u0131 birlikte olu\u015fturur. Avukatl\u0131k &hellip;"}