{"version":"1.0","provider_name":"Av. Deniz Can K\u0131z\u0131l","provider_url":"https:\/\/denizcankizil.tr\/uk","author_name":"admin","author_url":"https:\/\/denizcankizil.tr\/uk\/author\/admin\/","title":"Alibey baraj\u0131 havzas\u0131 koruma plan\u0131 y\u00fcr\u00fcrl\u00fc\u011fe girdi","type":"rich","width":600,"height":338,"html":"<blockquote class=\"wp-embedded-content\" data-secret=\"0rt7bm7Krn\"><a href=\"https:\/\/denizcankizil.tr\/uk\/haberler\/gundem\/alibey-baraji-havzasi-koruma-plani-yururluge-girdi\/\">Alibey baraj\u0131 havzas\u0131 koruma plan\u0131 y\u00fcr\u00fcrl\u00fc\u011fe girdi<\/a><\/blockquote><iframe sandbox=\"allow-scripts\" security=\"restricted\" src=\"https:\/\/denizcankizil.tr\/uk\/haberler\/gundem\/alibey-baraji-havzasi-koruma-plani-yururluge-girdi\/embed\/#?secret=0rt7bm7Krn\" width=\"600\" height=\"338\" title=\"&#8220;Alibey baraj\u0131 havzas\u0131 koruma plan\u0131 y\u00fcr\u00fcrl\u00fc\u011fe girdi&#8221; &#8212; Av. Deniz Can K\u0131z\u0131l\" data-secret=\"0rt7bm7Krn\" frameborder=\"0\" marginwidth=\"0\" marginheight=\"0\" scrolling=\"no\" class=\"wp-embedded-content\"><\/iframe><script>\n\/*! This file is auto-generated *\/\n!function(d,l){\"use strict\";l.querySelector&&d.addEventListener&&\"undefined\"!=typeof URL&&(d.wp=d.wp||{},d.wp.receiveEmbedMessage||(d.wp.receiveEmbedMessage=function(e){var t=e.data;if((t||t.secret||t.message||t.value)&&!\/[^a-zA-Z0-9]\/.test(t.secret)){for(var s,r,n,a=l.querySelectorAll('iframe[data-secret=\"'+t.secret+'\"]'),o=l.querySelectorAll('blockquote[data-secret=\"'+t.secret+'\"]'),c=new RegExp(\"^https?:$\",\"i\"),i=0;i<o.length;i++)o[i].style.display=\"none\";for(i=0;i<a.length;i++)s=a[i],e.source===s.contentWindow&&(s.removeAttribute(\"style\"),\"height\"===t.message?(1e3<(r=parseInt(t.value,10))?r=1e3:~~r<200&&(r=200),s.height=r):\"link\"===t.message&&(r=new URL(s.getAttribute(\"src\")),n=new URL(t.value),c.test(n.protocol))&&n.host===r.host&&l.activeElement===s&&(d.top.location.href=t.value))}},d.addEventListener(\"message\",d.wp.receiveEmbedMessage,!1),l.addEventListener(\"DOMContentLoaded\",function(){for(var e,t,s=l.querySelectorAll(\"iframe.wp-embedded-content\"),r=0;r<s.length;r++)(t=(e=s[r]).getAttribute(\"data-secret\"))||(t=Math.random().toString(36).substring(2,12),e.src+=\"#?secret=\"+t,e.setAttribute(\"data-secret\",t)),e.contentWindow.postMessage({message:\"ready\",secret:t},\"*\")},!1)))}(window,document);\n\/\/# sourceURL=https:\/\/denizcankizil.tr\/wp-includes\/js\/wp-embed.min.js\n<\/script>","description":"\u0130stanbul\u2019un \u00f6nemli i\u00e7me ve kullanma suyu kaynaklar\u0131ndan biri olan Alibey Baraj\u0131\u2019n\u0131n su kalitesini, miktar\u0131n\u0131 ve s\u00fcrd\u00fcr\u00fclebilir kullan\u0131m\u0131n\u0131 korumaya y\u00f6nelik haz\u0131rlanan \u201cAlibey Baraj\u0131 \u0130\u00e7me ve Kullanma Suyu Havzas\u0131 Koruma Plan\u0131\u201d y\u00fcr\u00fcrl\u00fc\u011fe girdi. \u200b\u0130stanbul\u2019un \u00f6nemli i\u00e7me ve kullanma suyu kaynaklar\u0131ndan biri olan Alibey Baraj\u0131\u2019n\u0131n su kalitesini, miktar\u0131n\u0131 ve s\u00fcrd\u00fcr\u00fclebilir kullan\u0131m\u0131n\u0131 korumaya y\u00f6nelik haz\u0131rlanan \u201cAlibey Baraj\u0131 \u0130\u00e7me ve Kullanma Suyu Havzas\u0131 Koruma Plan\u0131\u201d y\u00fcr\u00fcrl\u00fc\u011fe girdi.\u00a0 \u200bHaberin Al\u0131nt\u0131land\u0131\u011f\u0131 Kaynak: www.iskenderun.org"}